{"id":10130,"date":"2020-09-26T14:00:58","date_gmt":"2020-09-26T12:00:58","guid":{"rendered":"https:\/\/new.xavierbellenger.com\/?page_id=10130"},"modified":"2025-02-02T14:53:43","modified_gmt":"2025-02-02T13:53:43","slug":"mariage-resinier-barp-emilie-philippe","status":"publish","type":"page","link":"https:\/\/www.xavierbellenger.com\/en\/mariage-resinier-barp-emilie-philippe\/","title":{"rendered":"Wedding in Barp &#8211; Emilie &#038; Philippe"},"content":{"rendered":"<p>[vc_row full_width=&#8221;stretch_row_content_no_spaces&#8221;][vc_column][wiso_banner style_banner=&#8221;simple&#8221; height=&#8221;full&#8221; style=&#8221;center_content&#8221; overlay=&#8221;yes&#8221; title=&#8221;Emilie &#038; Philippe&#8221; image=&#8221;10133&#8243; subtitle=&#8221;Mariage&#8221;][\/vc_column][\/vc_row][vc_row full_width=&#8221;stretch_row&#8221; desctop_mt=&#8221;margin-lg-50t&#8221; desctop_md_mt=&#8221;margin-md-50t&#8221; tablets_mt=&#8221;margin-sm-40t&#8221; mobile_mt=&#8221;margin-xs-25t&#8221; desctop_lg_pb=&#8221;padding-lg-30b&#8221; desctop_pb=&#8221;padding-md-30b&#8221; tablets_pb=&#8221;padding-sm-30b&#8221; mobile_pb=&#8221;padding-xs-20b&#8221; el_class=&#8221;xb mod-left mod-no-margin mod-portfolio-reversed&#8221;][vc_column offset=&#8221;vc_col-lg-3 vc_col-md-12&#8243;][vc_row_inner css=&#8221;.vc_custom_1737471190732{padding-top: 20px !important;padding-left: 2px !important;}&#8221;][vc_column_inner][vc_column_text]<strong>Date<\/strong><br \/>\n26 Septembre 2020<\/p>\n<p><strong>Clients<\/strong><br \/>\nEmilie &#038; Philippe[\/vc_column_text][\/vc_column_inner][\/vc_row_inner][vc_row_inner css=&#8221;.vc_custom_1737393329303{padding-top: 20px !important;}&#8221;][vc_column_inner][vc_raw_html]JTNDdWwlMjBjbGFzcyUzRCUyMnhiLXRhZ3MlMjIlM0UlMEElM0NsaSUzRU1hcmlhZ2UlM0MlMkZsaSUzRSUwQSUzQ2xpJTNFTGUlMjBCYXJwJTNDJTJGbGklM0UlMEElM0NsaSUzRVBob3RvZ3JhcGhlJTIwbWFyaWFnZSUzQyUyRmxpJTNFJTBBJTNDbGklM0VDb3VwbGUlM0MlMkZsaSUzRSUwQSUzQ2xpJTNFUGVzc2FjJTNDJTJGbGklM0UlMEElM0NsaSUzRUxlJTIwUiVDMyVBOXNpbmllciUzQyUyRmxpJTNFJTBBJTNDJTJGdWwlM0U=[\/vc_raw_html][\/vc_column_inner][\/vc_row_inner][\/vc_column][vc_column desctop_mb=&#8221;margin-lg-20b&#8221; desctop_md_mb=&#8221;margin-md-20b&#8221; tablets_mb=&#8221;margin-sm-20b&#8221; mobile_mb=&#8221;margin-xs-20b&#8221; offset=&#8221;vc_col-lg-9 vc_col-md-12&#8243;][vc_row_inner][vc_column_inner el_class=&#8221;xb-portofolio-title mod-wedding&#8221;][vc_column_text]Le mariage d&#8217;Emilie &#038; Philippe \u00e0 Pessac[\/vc_column_text][\/vc_column_inner][\/vc_row_inner][vc_column_text el_class=&#8221;paragraph&#8221; css=&#8221;.vc_custom_1737485825622{padding-top: 20px !important;}&#8221;]C\u00e9l\u00e9brer l\u2019amour malgr\u00e9 les impr\u00e9vus, c\u2019est ce qu\u2019\u00c9milie et Philippe ont fait avec brio lors de leur mariage en septembre dernier. Sous une pluie persistante, leur union \u00e0 la mairie de Pessac a \u00e9t\u00e9 marqu\u00e9e par l\u2019\u00e9motion, les \u00e9clats de rire et une organisation sans faille. Entour\u00e9s de leurs proches, ils ont brav\u00e9 le mauvais temps avec le sourire, transformant chaque instant en un souvenir pr\u00e9cieux.<\/p>\n<p>La r\u00e9ception, tenue au restaurant \u00ab Le R\u00e9sinier \u00bb au Barp, a \u00e9t\u00e9 l\u2019occasion de d\u00e9couvrir une d\u00e9coration soigneusement pens\u00e9e et de partager des moments de complicit\u00e9, m\u00eame au bord de la piscine sous la pluie. Ce mariage est une belle preuve que l\u2019amour et la bonne humeur triomphent toujours. Pr\u00eats \u00e0 d\u00e9couvrir leur histoire ? \ud83d\ude0a[\/vc_column_text][\/vc_column][\/vc_row][vc_row full_width=&#8221;stretch_row&#8221;][vc_column css=&#8221;.vc_custom_1736606296420{padding-top: 0px !important;}&#8221;][vc_single_image image=&#8221;10135&#8243; img_size=&#8221;full&#8221; alignment=&#8221;center&#8221;][\/vc_column][\/vc_row][vc_row full_width=&#8221;stretch_row&#8221; desctop_mt=&#8221;margin-lg-20t&#8221; desctop_mb=&#8221;margin-lg-35b&#8221; desctop_md_mt=&#8221;margin-md-20t&#8221; desctop_md_mb=&#8221;margin-md-35b&#8221; tablets_mt=&#8221;margin-sm-20t&#8221; tablets_mb=&#8221;margin-sm-20b&#8221; mobile_mt=&#8221;margin-xs-40t&#8221; mobile_mb=&#8221;margin-xs-10b&#8221; el_class=&#8221;xb&#8221;][vc_column css=&#8221;.vc_custom_1737471490457{padding-top: 0px !important;}&#8221;][vc_column_text el_class=&#8221;xb-paragraph-header&#8221;]L&#8217;union civile[\/vc_column_text][vc_column_text]Malgr\u00e9 les incertitudes li\u00e9es \u00e0 la pand\u00e9mie, \u00c9milie et Philippe ont d\u00e9cid\u00e9 de maintenir leur union et leur r\u00e9ception au restaurant.<\/p>\n<p>C\u2019est sous une pluie battante et un parapluie que la journ\u00e9e a commenc\u00e9. Mais \u00c9milie et Philippe, bien organis\u00e9s, avaient tout pr\u00e9vu : une tonnelle a \u00e9t\u00e9 mont\u00e9e en un temps record pour prot\u00e9ger leurs invit\u00e9s. La c\u00e9r\u00e9monie a ensuite pu d\u00e9buter, et l\u2019\u00e9motion \u00e9tait palpable. Des regards complices, des mains qui se fr\u00f4lent, et un baiser passionn\u00e9 ont scell\u00e9 leur union devant leurs proches.<\/p>\n<p>Apr\u00e8s la c\u00e9r\u00e9monie, direction le parc Jozereau pour quelques photos en ext\u00e9rieur. La pluie persistante n\u2019a pas entam\u00e9 leur bonne humeur, et gr\u00e2ce \u00e0 l\u2019aide pr\u00e9cieuse de leurs proches avec parapluies et tonnelle, nous avons pu capturer de magnifiques souvenirs.[\/vc_column_text][\/vc_column][\/vc_row][vc_row full_width=&#8221;stretch_row&#8221;][vc_column css=&#8221;.vc_custom_1736606296420{padding-top: 0px !important;}&#8221;][vc_masonry_media_grid style=&#8221;lazy&#8221; items_per_page=&#8221;15&#8243; element_width=&#8221;6&#8243; gap=&#8221;15&#8243; initial_loading_animation=&#8221;fadeIn&#8221; grid_id=&#8221;vc_gid:1737534313328-865a95cf-962d-2&#8243; include=&#8221;10136,10138,10139,10140,10141,10142,10143,10144,10145,10146,10147,10148,10149,10150,10151,10152,10153,10154,10155,10156,10157,10158,10160,10161,10162,10163,10164,10165,10166,10167&#8243;][\/vc_column][\/vc_row][vc_row full_width=&#8221;stretch_row&#8221; desctop_mt=&#8221;margin-lg-20t&#8221; desctop_mb=&#8221;margin-lg-35b&#8221; desctop_md_mt=&#8221;margin-md-20t&#8221; desctop_md_mb=&#8221;margin-md-35b&#8221; tablets_mt=&#8221;margin-sm-20t&#8221; tablets_mb=&#8221;margin-sm-20b&#8221; mobile_mt=&#8221;margin-xs-40t&#8221; mobile_mb=&#8221;margin-xs-10b&#8221; el_class=&#8221;xb&#8221;][vc_column css=&#8221;.vc_custom_1737471490457{padding-top: 0px !important;}&#8221;][vc_column_text el_class=&#8221;xb-paragraph-header&#8221;]La soir\u00e9e[\/vc_column_text][vc_column_text]Nous avons ensuite pris la route pour Le Barp, o\u00f9 la r\u00e9ception se tenait au restaurant \u00ab Le R\u00e9sinier \u00bb. \u00c9milie m\u2019avait demand\u00e9 de passer en avance pour immortaliser la d\u00e9coration des tables, un superbe travail r\u00e9alis\u00e9 par <a href=\"https:\/\/www.instagram.com\/mariesavartillustrations\" target=\"_blank\" rel=\"noopener\">@mariesavartillustrations<\/a>, <a href=\"https:\/\/www.instagram.com\/lesspiralesdelise\" target=\"_blank\" rel=\"noopener\">@lesspiralesdelise<\/a> et <a href=\"https:\/\/www.instagram.com\/la_petite_creative\" target=\"_blank\" rel=\"noopener\">@la_petite_creative<\/a>.<\/p>\n<p>Les invit\u00e9s, heureux de se mettre \u00e0 l\u2019abri, ont commenc\u00e9 \u00e0 se r\u00e9chauffer pendant que je continuais \u00e0 explorer les lieux. Surprises au programme : une piscine ! Malgr\u00e9 la pluie, \u00c9milie et Philippe ont d\u00e9cid\u00e9 de jouer le jeu des photos et ont m\u00eame tremp\u00e9 leurs pieds dans l\u2019eau. Philippe, qui m\u2019avait confi\u00e9 ne pas \u00eatre \u00e0 l\u2019aise devant l\u2019objectif, s\u2019est finalement pris au jeu, offrant de belles images remplies de complicit\u00e9.<\/p>\n<p>De retour \u00e0 l\u2019int\u00e9rieur, nous avons encha\u00een\u00e9 avec des photos de groupe et des portraits de couple. La soir\u00e9e battait son plein, et avant de partir, j\u2019ai pris une derni\u00e8re photo de l\u2019ensemble des invit\u00e9s r\u00e9unis dans le restaurant, pr\u00eats \u00e0 c\u00e9l\u00e9brer jusqu\u2019au bout de la nuit.[\/vc_column_text][\/vc_column][\/vc_row][vc_row full_width=&#8221;stretch_row&#8221;][vc_column css=&#8221;.vc_custom_1736606296420{padding-top: 0px !important;}&#8221;][vc_masonry_media_grid style=&#8221;lazy&#8221; items_per_page=&#8221;15&#8243; element_width=&#8221;6&#8243; gap=&#8221;15&#8243; initial_loading_animation=&#8221;fadeIn&#8221; grid_id=&#8221;vc_gid:1737534313329-fe789712-8090-5&#8243; include=&#8221;10168,10169,10170,10171,10172,10173,10174,10175,10176,10177,10178,10179,10180,10181,10182,10183,10184,10185,10186,10187,10188,10189,10190,10191,10192,10193,10194&#8243;][\/vc_column][\/vc_row][vc_row full_width=&#8221;stretch_row&#8221; desctop_mt=&#8221;margin-lg-20t&#8221; desctop_md_mt=&#8221;margin-md-20t&#8221; tablets_mt=&#8221;margin-sm-20t&#8221; mobile_mt=&#8221;margin-xs-20t&#8221; css=&#8221;.vc_custom_1736937257690{background-image: url(\/wp-content\/uploads\/2025\/01\/Mariage-6.jpg?id=) !important;background-position: center !important;background-repeat: no-repeat !important;background-size: cover !important;}&#8221;][vc_column el_class=&#8221;xb-full-width-paragraph&#8221;][wiso_testimonial loop=&#8221;true&#8221; color=&#8221;#ffffff&#8221;][wiso_testimonial_items author=&#8221;Emilie &#038; Philippe&#8221; position=&#8221;Mariage \u00e0 Pessac&#8221;]&#8221;Nous avons eu la chance d&#8217;avoir Xavier pour immortaliser notre mariage. Un grand professionnel et tr\u00e8s chaleureux, il met \u00e0 l&#8217;aise pour un super r\u00e9sultat. Nous allons le retrouver tr\u00e8s vite pour un heureux \u00e9v\u00e8nement. Vous pouvez lui confier vos \u00e9v\u00e9nements les yeux ferm\u00e9s, il se charge du reste.&#8221;[\/wiso_testimonial_items][\/wiso_testimonial][\/vc_column][\/vc_row][vc_row desctop_mt=&#8221;margin-lg-60t&#8221; desctop_mb=&#8221;margin-lg-35b&#8221; desctop_md_mt=&#8221;margin-md-60t&#8221; desctop_md_mb=&#8221;margin-md-35b&#8221; tablets_mt=&#8221;margin-sm-40t&#8221; tablets_mb=&#8221;margin-sm-20b&#8221; mobile_mt=&#8221;margin-xs-20t&#8221; mobile_mb=&#8221;margin-xs-10b&#8221; el_class=&#8221;xb-header&#8221;][vc_column css=&#8221;.vc_custom_1736943833000{padding-top: 0px !important;}&#8221;][wiso_headings style=&#8221;text_center&#8221; title=&#8221;Contactez-moi&#8221;][vc_column_text el_class=&#8221;.me&#8221;]<\/p>\n<p style=\"text-align: center;\">Vous aimez mon travail et vous pensez que je peux \u00eatre votre <strong>photographe<\/strong> ? Besoin de plus d&#8217;informations ou d&#8217;un devis personnalis\u00e9 ? Contactez-moi via ce formulaire, je vous r\u00e9pondrai rapidement !<\/p>\n<p>[\/vc_column_text][\/vc_column][\/vc_row][vc_row desctop_mb=&#8221;margin-lg-30b&#8221; desctop_md_mb=&#8221;margin-md-30b&#8221; tablets_mb=&#8221;margin-sm-20b&#8221; mobile_mb=&#8221;margin-xs-20b&#8221;][vc_column el_class=&#8221;contact-form-mariage&#8221;]<div role=\"form\" class=\"wpcf7\" id=\"wpcf7-f5982-o1\" lang=\"en\" dir=\"ltr\">\n<div class=\"screen-reader-response\"><p role=\"status\" aria-live=\"polite\" aria-atomic=\"true\"><\/p> <ul><\/ul><\/div>\n<form action=\"\/en\/wp-json\/wp\/v2\/pages\/10130#wpcf7-f5982-o1\" method=\"post\" class=\"wpcf7-form init\" novalidate=\"novalidate\" data-status=\"init\">\n<div style=\"display: none;\">\n<input type=\"hidden\" name=\"_wpcf7\" value=\"5982\" \/>\n<input type=\"hidden\" name=\"_wpcf7_version\" value=\"5.4.1\" \/>\n<input type=\"hidden\" name=\"_wpcf7_locale\" value=\"en\" \/>\n<input type=\"hidden\" name=\"_wpcf7_unit_tag\" value=\"wpcf7-f5982-o1\" \/>\n<input type=\"hidden\" name=\"_wpcf7_container_post\" value=\"0\" \/>\n<input type=\"hidden\" name=\"_wpcf7_posted_data_hash\" value=\"\" \/>\n<input type=\"hidden\" name=\"lang\" value=\"en\" \/>\n<\/div>\n<p><label> Lastname *<br \/>\n    <span class=\"wpcf7-form-control-wrap your-name\"><input type=\"text\" name=\"your-name\" value=\"\" size=\"40\" class=\"wpcf7-form-control wpcf7-text wpcf7-validates-as-required\" aria-required=\"true\" aria-invalid=\"false\" \/><\/span> <\/label><\/p>\n<p><label> Firstname *<br \/>\n    <span class=\"wpcf7-form-control-wrap your-firstname\"><input type=\"text\" name=\"your-firstname\" value=\"\" size=\"40\" class=\"wpcf7-form-control wpcf7-text wpcf7-validates-as-required\" aria-required=\"true\" aria-invalid=\"false\" \/><\/span> <\/label><\/p>\n<p><label> Email *<br \/>\n    <span class=\"wpcf7-form-control-wrap your-email\"><input type=\"email\" name=\"your-email\" value=\"\" size=\"40\" class=\"wpcf7-form-control wpcf7-text wpcf7-email wpcf7-validates-as-required wpcf7-validates-as-email\" aria-required=\"true\" aria-invalid=\"false\" \/><\/span> <\/label><\/p>\n<p><label> Phone number *<br \/>\n    <span class=\"wpcf7-form-control-wrap your-phone\"><input type=\"tel\" name=\"your-phone\" value=\"\" size=\"40\" class=\"wpcf7-form-control wpcf7-text wpcf7-tel wpcf7-validates-as-required wpcf7-validates-as-tel\" aria-required=\"true\" aria-invalid=\"false\" \/><\/span> <\/label><\/p>\n<p><label> Your message *<br \/>\n    <span class=\"wpcf7-form-control-wrap your-message\"><textarea name=\"your-message\" cols=\"40\" rows=\"10\" class=\"wpcf7-form-control wpcf7-textarea wpcf7-validates-as-required\" aria-required=\"true\" aria-invalid=\"false\"><\/textarea><\/span> <\/label><br \/>\n<div id=\"cf7sr-69f2b08015511\" class=\"cf7sr-g-recaptcha\" data-theme=\"light\" data-type=\"image\" data-size=\"normal\" data-sitekey=\"6Lf0ZtYhAAAAAFckl5Aq4AEBi8EoLfMY-zzDwRwB\"><\/div><span class=\"wpcf7-form-control-wrap cf7sr-recaptcha\" data-name=\"cf7sr-recaptcha\"><input type=\"hidden\" name=\"cf7sr-recaptcha\" value=\"\" class=\"wpcf7-form-control\"><\/span><br \/>\n<input type=\"submit\" value=\"Send\" class=\"wpcf7-form-control wpcf7-submit\" \/><\/p>\n<p style=\"display: none !important;\" class=\"akismet-fields-container\" data-prefix=\"_wpcf7_ak_\"><label>&#916;<textarea name=\"_wpcf7_ak_hp_textarea\" cols=\"45\" rows=\"8\" maxlength=\"100\"><\/textarea><\/label><input type=\"hidden\" id=\"ak_js_1\" name=\"_wpcf7_ak_js\" value=\"94\"\/><script>document.getElementById( \"ak_js_1\" ).setAttribute( \"value\", ( new Date() ).getTime() );<\/script><\/p><div class=\"wpcf7-response-output\" aria-hidden=\"true\"><\/div><\/form><\/div>[\/vc_column][\/vc_row]<\/p>\n","protected":false},"excerpt":{"rendered":"<p>[vc_row full_width=&#8221;stretch_row_content_no_spaces&#8221;][vc_column][wiso_banner style_banner=&#8221;simple&#8221; height=&#8221;full&#8221; style=&#8221;center_content&#8221; overlay=&#8221;yes&#8221; title=&#8221;Emilie &#038; Philippe&#8221; image=&#8221;10133&#8243; subtitle=&#8221;Mariage&#8221;][\/vc_column][\/vc_row][vc_row full_width=&#8221;stretch_row&#8221; desctop_mt=&#8221;margin-lg-50t&#8221; desctop_md_mt=&#8221;margin-md-50t&#8221; tablets_mt=&#8221;margin-sm-40t&#8221; mobile_mt=&#8221;margin-xs-25t&#8221; desctop_lg_pb=&#8221;padding-lg-30b&#8221; desctop_pb=&#8221;padding-md-30b&#8221; tablets_pb=&#8221;padding-sm-30b&#8221; mobile_pb=&#8221;padding-xs-20b&#8221; el_class=&#8221;xb mod-left mod-no-margin mod-portfolio-reversed&#8221;][vc_column offset=&#8221;vc_col-lg-3 vc_col-md-12&#8243;][vc_row_inner css=&#8221;.vc_custom_1737471190732{padding-top: 20px !important;padding-left: 2px !important;}&#8221;][vc_column_inner][vc_column_text]Date 26 Septembre 2020 Clients Emilie &#038; Philippe[\/vc_column_text][\/vc_column_inner][\/vc_row_inner][vc_row_inner css=&#8221;.vc_custom_1737393329303{padding-top: 20px !important;}&#8221;][vc_column_inner][vc_raw_html]JTNDdWwlMjBjbGFzcyUzRCUyMnhiLXRhZ3MlMjIlM0UlMEElM0NsaSUzRU1hcmlhZ2UlM0MlMkZsaSUzRSUwQSUzQ2xpJTNFTGUlMjBCYXJwJTNDJTJGbGklM0UlMEElM0NsaSUzRVBob3RvZ3JhcGhlJTIwbWFyaWFnZSUzQyUyRmxpJTNFJTBBJTNDbGklM0VDb3VwbGUlM0MlMkZsaSUzRSUwQSUzQ2xpJTNFUGVzc2FjJTNDJTJGbGklM0UlMEElM0NsaSUzRUxlJTIwUiVDMyVBOXNpbmllciUzQyUyRmxpJTNFJTBBJTNDJTJGdWwlM0U=[\/vc_raw_html][\/vc_column_inner][\/vc_row_inner][\/vc_column][vc_column desctop_mb=&#8221;margin-lg-20b&#8221; desctop_md_mb=&#8221;margin-md-20b&#8221; tablets_mb=&#8221;margin-sm-20b&#8221; mobile_mb=&#8221;margin-xs-20b&#8221; offset=&#8221;vc_col-lg-9 vc_col-md-12&#8243;][vc_row_inner][vc_column_inner el_class=&#8221;xb-portofolio-title mod-wedding&#8221;][vc_column_text]Le mariage d&#8217;Emilie &#038; Philippe \u00e0 Pessac[\/vc_column_text][\/vc_column_inner][\/vc_row_inner][vc_column_text &#8230;<\/p>\n","protected":false},"author":1,"featured_media":10133,"parent":0,"menu_order":0,"comment_status":"closed","ping_status":"closed","template":"","meta":{"footnotes":""},"_links":{"self":[{"href":"https:\/\/www.xavierbellenger.com\/en\/wp-json\/wp\/v2\/pages\/10130"}],"collection":[{"href":"https:\/\/www.xavierbellenger.com\/en\/wp-json\/wp\/v2\/pages"}],"about":[{"href":"https:\/\/www.xavierbellenger.com\/en\/wp-json\/wp\/v2\/types\/page"}],"author":[{"embeddable":true,"href":"https:\/\/www.xavierbellenger.com\/en\/wp-json\/wp\/v2\/users\/1"}],"replies":[{"embeddable":true,"href":"https:\/\/www.xavierbellenger.com\/en\/wp-json\/wp\/v2\/comments?post=10130"}],"version-history":[{"count":11,"href":"https:\/\/www.xavierbellenger.com\/en\/wp-json\/wp\/v2\/pages\/10130\/revisions"}],"predecessor-version":[{"id":16607,"href":"https:\/\/www.xavierbellenger.com\/en\/wp-json\/wp\/v2\/pages\/10130\/revisions\/16607"}],"wp:featuredmedia":[{"embeddable":true,"href":"https:\/\/www.xavierbellenger.com\/en\/wp-json\/wp\/v2\/media\/10133"}],"wp:attachment":[{"href":"https:\/\/www.xavierbellenger.com\/en\/wp-json\/wp\/v2\/media?parent=10130"}],"curies":[{"name":"wp","href":"https:\/\/api.w.org\/{rel}","templated":true}]}}