{"id":10378,"date":"2025-02-02T09:00:42","date_gmt":"2025-02-02T08:00:42","guid":{"rendered":"https:\/\/new.xavierbellenger.com\/?page_id=10378"},"modified":"2025-02-02T14:52:58","modified_gmt":"2025-02-02T13:52:58","slug":"mariage-chateau-mader-lucie-hugo","status":"publish","type":"page","link":"https:\/\/www.xavierbellenger.com\/en\/mariage-chateau-mader-lucie-hugo\/","title":{"rendered":"Wedding at Ch\u00e2teau Mader &#8211; Lucie &#038; Hugo"},"content":{"rendered":"<p>[vc_row full_width=&#8221;stretch_row_content_no_spaces&#8221;][vc_column][wiso_banner style_banner=&#8221;simple&#8221; height=&#8221;full&#8221; style=&#8221;center_content&#8221; overlay=&#8221;yes&#8221; title=&#8221;Lucie &#038; Hugo&#8221; image=&#8221;10381&#8243; subtitle=&#8221;Mariage&#8221;][\/vc_column][\/vc_row][vc_row full_width=&#8221;stretch_row&#8221; desctop_mt=&#8221;margin-lg-50t&#8221; desctop_md_mt=&#8221;margin-md-50t&#8221; tablets_mt=&#8221;margin-sm-40t&#8221; mobile_mt=&#8221;margin-xs-25t&#8221; desctop_lg_pb=&#8221;padding-lg-30b&#8221; desctop_pb=&#8221;padding-md-30b&#8221; tablets_pb=&#8221;padding-sm-30b&#8221; mobile_pb=&#8221;padding-xs-20b&#8221; el_class=&#8221;xb mod-left mod-no-margin mod-portfolio-reversed&#8221;][vc_column offset=&#8221;vc_col-lg-3 vc_col-md-12&#8243;][vc_row_inner css=&#8221;.vc_custom_1737471190732{padding-top: 20px !important;padding-left: 2px !important;}&#8221;][vc_column_inner][vc_column_text]<strong>Date<\/strong><br \/>\n3 Juillet 2021<\/p>\n<p><strong>Clients<\/strong><br \/>\nLucie &#038; Hugo[\/vc_column_text][\/vc_column_inner][\/vc_row_inner][vc_row_inner css=&#8221;.vc_custom_1737393329303{padding-top: 20px !important;}&#8221;][vc_column_inner][vc_raw_html]JTNDdWwlMjBjbGFzcyUzRCUyMnhiLXRhZ3MlMjIlM0UlMEElM0NsaSUzRU1hcmlhZ2UlM0MlMkZsaSUzRSUwQSUzQ2xpJTNFQ2glQzMlQTJ0ZWF1JTIwTWFkZXIlM0MlMkZsaSUzRSUwQSUzQ2xpJTNFUGhvdG9ncmFwaGUlMjBtYXJpYWdlJTNDJTJGbGklM0UlMEElM0NsaSUzRUFyY2FjaG9uJTNDJTJGbGklM0UlMEElM0NsaSUzRUZpcnN0JTIwbG9vayUzQyUyRmxpJTNFJTBBJTNDbGklM0VBbW91ciUzQyUyRmxpJTNFJTBBJTNDbGklM0VDJUMzJUE5ciVDMyVBOW1vbmllJTIwbGElQzMlQUZxdWUlM0MlMkZsaSUzRSUwQSUzQyUyRnVsJTNF[\/vc_raw_html][\/vc_column_inner][\/vc_row_inner][\/vc_column][vc_column desctop_mb=&#8221;margin-lg-20b&#8221; desctop_md_mb=&#8221;margin-md-20b&#8221; tablets_mb=&#8221;margin-sm-20b&#8221; mobile_mb=&#8221;margin-xs-20b&#8221; offset=&#8221;vc_col-lg-9 vc_col-md-12&#8243;][vc_row_inner][vc_column_inner el_class=&#8221;xb-portofolio-title mod-wedding&#8221;][vc_column_text]Le mariage de Lucie &#038; Hugo au Ch\u00e2teau Mader[\/vc_column_text][\/vc_column_inner][\/vc_row_inner][vc_column_text el_class=&#8221;paragraph&#8221; css=&#8221;.vc_custom_1737543682117{padding-top: 20px !important;}&#8221;]C\u2019est avec une grande joie que je vous emm\u00e8ne aujourd\u2019hui au c\u0153ur du magnifique mariage de Lucie et Hugo, c\u00e9l\u00e9br\u00e9 au somptueux <a href=\"https:\/\/new.xavierbellenger.com\/chateau-mader\/\">Ch\u00e2teau Mader<\/a>, sur le bassin d\u2019Arcachon. Apr\u00e8s une s\u00e9ance engagement inoubliable au lever du soleil sur la dune du Pilat, j\u2019ai eu l\u2019immense plaisir de retrouver ce couple exceptionnel pour leur grand jour, empreint de rires, d\u2019amour et d\u2019\u00e9motions intenses.<\/p>\n<p>Entre les pr\u00e9paratifs dans l\u2019intimit\u00e9 des lieux, un \u00ab first look \u00bb charg\u00e9 d\u2019\u00e9motion sur le rooftop, une c\u00e9r\u00e9monie civile \u00e0 Gujan-Mestras et une c\u00e9r\u00e9monie la\u00efque riche en souvenirs, chaque instant de cette journ\u00e9e \u00e9tait une v\u00e9ritable ode \u00e0 leur histoire d\u2019amour.<\/p>\n<p>Plongez avec moi dans ce reportage photographique au c\u0153ur d\u2019un mariage vibrant et authentique.[\/vc_column_text][\/vc_column][\/vc_row][vc_row full_width=&#8221;stretch_row&#8221;][vc_column css=&#8221;.vc_custom_1736606296420{padding-top: 0px !important;}&#8221;][vc_single_image image=&#8221;10382&#8243; img_size=&#8221;full&#8221; alignment=&#8221;center&#8221;][\/vc_column][\/vc_row][vc_row full_width=&#8221;stretch_row&#8221; desctop_mt=&#8221;margin-lg-20t&#8221; desctop_mb=&#8221;margin-lg-35b&#8221; desctop_md_mt=&#8221;margin-md-20t&#8221; desctop_md_mb=&#8221;margin-md-35b&#8221; tablets_mt=&#8221;margin-sm-20t&#8221; tablets_mb=&#8221;margin-sm-20b&#8221; mobile_mt=&#8221;margin-xs-40t&#8221; mobile_mb=&#8221;margin-xs-10b&#8221; el_class=&#8221;xb&#8221;][vc_column css=&#8221;.vc_custom_1737471490457{padding-top: 0px !important;}&#8221;][vc_column_text el_class=&#8221;xb-paragraph-header&#8221;]Les pr\u00e9paratifs[\/vc_column_text][vc_column_text]Le mariage de Lucie et Hugo au Ch\u00e2teau Mader commence dans une ambiance chaleureuse et intime. Lucie se pr\u00e9pare dans la plus belle chambre du ch\u00e2teau, entour\u00e9e de ses t\u00e9moins et de ses proches. Sa robe sign\u00e9e Rime Arodaky, son bouquet et ses accessoires sont minutieusement immortalis\u00e9s dans ce cadre somptueux. Pendant ce temps, Hugo, accompagn\u00e9 de ses deux t\u00e9moins, se pr\u00e9pare \u00e0 l\u2019\u00e9tage dans une ambiance complice et d\u00e9contract\u00e9e. Ces instants de calme avant l\u2019effervescence de la journ\u00e9e permettent de capturer des moments pr\u00e9cieux et authentiques.[\/vc_column_text][\/vc_column][\/vc_row][vc_row full_width=&#8221;stretch_row&#8221;][vc_column css=&#8221;.vc_custom_1736606296420{padding-top: 0px !important;}&#8221;][vc_masonry_media_grid style=&#8221;lazy&#8221; items_per_page=&#8221;15&#8243; element_width=&#8221;6&#8243; gap=&#8221;15&#8243; initial_loading_animation=&#8221;fadeIn&#8221; grid_id=&#8221;vc_gid:1737543908700-5214b56d-3e34-10&#8243; include=&#8221;10383,10384,10385,10386,10396,10398,10399,10400,10401,10402,10403,10404,10405,10406,10407,10408,10409,10431,10432,10424,10422,10423,10425,10397,10390,10391,10392,10388,10389,10393,10394,10395,10410,10411,10412,10413,10414,10415,10416,10417,10418,10419,10420,10421,10426,10427,10428,10429,10430,10433,10434,10435,10436,10437&#8243;][\/vc_column][\/vc_row][vc_row full_width=&#8221;stretch_row&#8221; desctop_mt=&#8221;margin-lg-20t&#8221; desctop_mb=&#8221;margin-lg-35b&#8221; desctop_md_mt=&#8221;margin-md-20t&#8221; desctop_md_mb=&#8221;margin-md-35b&#8221; tablets_mt=&#8221;margin-sm-20t&#8221; tablets_mb=&#8221;margin-sm-20b&#8221; mobile_mt=&#8221;margin-xs-40t&#8221; mobile_mb=&#8221;margin-xs-10b&#8221; el_class=&#8221;xb&#8221;][vc_column css=&#8221;.vc_custom_1737471490457{padding-top: 0px !important;}&#8221;][vc_column_text el_class=&#8221;xb-paragraph-header&#8221;]First look[\/vc_column_text][vc_column_text]Lorsque Lucie est pr\u00eate, elle monte sur le rooftop du ch\u00e2teau pour retrouver Hugo, dos \u00e0 la mer. Le \u00ab first look \u00bb est un moment charg\u00e9 d\u2019\u00e9motion, o\u00f9 Hugo d\u00e9couvre sa future \u00e9pouse dans sa sublime robe. Entour\u00e9s de leurs proches, les deux amoureux \u00e9changent un regard plein de tendresse avant de s\u2019enlacer sous les applaudissements. Ce moment magique reste grav\u00e9 comme l\u2019un des instants les plus forts de la journ\u00e9e.[\/vc_column_text][\/vc_column][\/vc_row][vc_row full_width=&#8221;stretch_row&#8221;][vc_column css=&#8221;.vc_custom_1736606296420{padding-top: 0px !important;}&#8221;][vc_masonry_media_grid style=&#8221;lazy&#8221; items_per_page=&#8221;15&#8243; element_width=&#8221;6&#8243; gap=&#8221;15&#8243; initial_loading_animation=&#8221;fadeIn&#8221; grid_id=&#8221;vc_gid:1737543908701-c3b24834-90cc-9&#8243; include=&#8221;10438,10439,10440,10441,10442,10443,10444,10445,10446,10447,10448,10449,10450,10451,10452,10453,10454,10455,10456,10457&#8243;][\/vc_column][\/vc_row][vc_row full_width=&#8221;stretch_row&#8221; desctop_mt=&#8221;margin-lg-20t&#8221; desctop_mb=&#8221;margin-lg-35b&#8221; desctop_md_mt=&#8221;margin-md-20t&#8221; desctop_md_mb=&#8221;margin-md-35b&#8221; tablets_mt=&#8221;margin-sm-20t&#8221; tablets_mb=&#8221;margin-sm-20b&#8221; mobile_mt=&#8221;margin-xs-40t&#8221; mobile_mb=&#8221;margin-xs-10b&#8221; el_class=&#8221;xb&#8221;][vc_column css=&#8221;.vc_custom_1737471490457{padding-top: 0px !important;}&#8221;][vc_column_text el_class=&#8221;xb-paragraph-header&#8221;]L&#8217;union civile[\/vc_column_text][vc_column_text]La c\u00e9r\u00e9monie civile a lieu \u00e0 la mairie de Gujan-Mestras, un lieu lumineux et chaleureux, parfait pour ce moment d\u2019\u00e9motion. Lucie et Hugo \u00e9changent leurs alliances sous les regards attendris de leurs invit\u00e9s. \u00c0 la sortie, les acclamations et les sourires marquent le d\u00e9but des festivit\u00e9s.[\/vc_column_text][\/vc_column][\/vc_row][vc_row full_width=&#8221;stretch_row&#8221;][vc_column css=&#8221;.vc_custom_1736606296420{padding-top: 0px !important;}&#8221;][vc_masonry_media_grid style=&#8221;lazy&#8221; items_per_page=&#8221;15&#8243; element_width=&#8221;6&#8243; gap=&#8221;15&#8243; initial_loading_animation=&#8221;fadeIn&#8221; grid_id=&#8221;vc_gid:1737543908701-fd096cf4-5c3f-7&#8243; include=&#8221;10458,10459,10460,10461,10462,10463,10464,10465,10466,10467,10468,10469,10470,10471,10472,10473,10474,10475,10476,10477,10478,10479,10480,10481,10482,10483,10484,10485,10486,10487,10488&#8243;][\/vc_column][\/vc_row][vc_row full_width=&#8221;stretch_row&#8221; desctop_mt=&#8221;margin-lg-20t&#8221; desctop_mb=&#8221;margin-lg-35b&#8221; desctop_md_mt=&#8221;margin-md-20t&#8221; desctop_md_mb=&#8221;margin-md-35b&#8221; tablets_mt=&#8221;margin-sm-20t&#8221; tablets_mb=&#8221;margin-sm-20b&#8221; mobile_mt=&#8221;margin-xs-40t&#8221; mobile_mb=&#8221;margin-xs-10b&#8221; el_class=&#8221;xb&#8221;][vc_column css=&#8221;.vc_custom_1737471490457{padding-top: 0px !important;}&#8221;][vc_column_text el_class=&#8221;xb-paragraph-header&#8221;]C\u00e9r\u00e9monie la\u00efque[\/vc_column_text][vc_column_text]De retour au Ch\u00e2teau Mader, les invit\u00e9s se rassemblent pour une c\u00e9r\u00e9monie la\u00efque riche en rituels et en \u00e9motions. Les discours des proches, entre rires et larmes, illustrent toute la profondeur des liens qui unissent les mari\u00e9s \u00e0 leur entourage. Le ma\u00eetre de c\u00e9r\u00e9monie, t\u00e9moin d\u2019Hugo, laisse transpara\u00eetre son \u00e9motion, rendant ce moment encore plus authentique et m\u00e9morable.[\/vc_column_text][\/vc_column][\/vc_row][vc_row full_width=&#8221;stretch_row&#8221;][vc_column css=&#8221;.vc_custom_1736606296420{padding-top: 0px !important;}&#8221;][vc_masonry_media_grid style=&#8221;lazy&#8221; items_per_page=&#8221;15&#8243; element_width=&#8221;6&#8243; gap=&#8221;15&#8243; initial_loading_animation=&#8221;fadeIn&#8221; grid_id=&#8221;vc_gid:1737543908702-4fbf2890-b338-7&#8243; include=&#8221;10489,10494,10495,10496,10497,10498,10499,10500,10501,10502,10503,10504,10505,10506,10507,10508,10509,10510,10511,10512,10513,10514,10515,10516,10517&#8243;][\/vc_column][\/vc_row][vc_row full_width=&#8221;stretch_row&#8221; desctop_mt=&#8221;margin-lg-20t&#8221; desctop_mb=&#8221;margin-lg-35b&#8221; desctop_md_mt=&#8221;margin-md-20t&#8221; desctop_md_mb=&#8221;margin-md-35b&#8221; tablets_mt=&#8221;margin-sm-20t&#8221; tablets_mb=&#8221;margin-sm-20b&#8221; mobile_mt=&#8221;margin-xs-40t&#8221; mobile_mb=&#8221;margin-xs-10b&#8221; el_class=&#8221;xb&#8221;][vc_column css=&#8221;.vc_custom_1737471490457{padding-top: 0px !important;}&#8221;][vc_column_text el_class=&#8221;xb-paragraph-header&#8221;]Le cocktail[\/vc_column_text][vc_column_text]Le cocktail se d\u00e9roule dans le cadre enchanteur du ch\u00e2teau, o\u00f9 les invit\u00e9s profitent d\u2019une ambiance d\u00e9tendue et conviviale. Pendant ce temps, les mari\u00e9s participent \u00e0 des photos de groupe dynamiques, agr\u00e9ment\u00e9es de fumig\u00e8nes color\u00e9s. Une activit\u00e9 originale, un escape game g\u00e9ant organis\u00e9 par les mari\u00e9s, permet \u00e9galement de divertir les invit\u00e9s entre deux festivit\u00e9s.[\/vc_column_text][\/vc_column][\/vc_row][vc_row full_width=&#8221;stretch_row&#8221;][vc_column css=&#8221;.vc_custom_1736606296420{padding-top: 0px !important;}&#8221;][vc_masonry_media_grid style=&#8221;lazy&#8221; items_per_page=&#8221;15&#8243; element_width=&#8221;6&#8243; gap=&#8221;15&#8243; initial_loading_animation=&#8221;fadeIn&#8221; grid_id=&#8221;vc_gid:1737543908702-1d9fc5e6-6df3-8&#8243; include=&#8221;10490,10491,10492,10493,10518,10519,10536,10537,10520,10521,10522,10523,10524,10525,10526,10527,10528,10529,10530,10531,10532,10533,10534,10535&#8243;][\/vc_column][\/vc_row][vc_row full_width=&#8221;stretch_row&#8221; desctop_mt=&#8221;margin-lg-20t&#8221; desctop_mb=&#8221;margin-lg-35b&#8221; desctop_md_mt=&#8221;margin-md-20t&#8221; desctop_md_mb=&#8221;margin-md-35b&#8221; tablets_mt=&#8221;margin-sm-20t&#8221; tablets_mb=&#8221;margin-sm-20b&#8221; mobile_mt=&#8221;margin-xs-40t&#8221; mobile_mb=&#8221;margin-xs-10b&#8221; el_class=&#8221;xb&#8221;][vc_column css=&#8221;.vc_custom_1737471490457{padding-top: 0px !important;}&#8221;][vc_column_text el_class=&#8221;xb-paragraph-header&#8221;]La s\u00e9ance couple[\/vc_column_text][vc_column_text]En fin de journ\u00e9e, Lucie et Hugo s\u2019\u00e9clipsent pour une s\u00e9ance photo en t\u00eate-\u00e0-t\u00eate au coucher du soleil. Ce moment privil\u00e9gi\u00e9, baign\u00e9 dans une lumi\u00e8re douce et dor\u00e9e, est parfait pour capturer leur complicit\u00e9 et leur amour. Chaque clich\u00e9 refl\u00e8te la magie de cette journ\u00e9e unique, cl\u00f4turant ainsi ce mariage inoubliable au Ch\u00e2teau Mader.<\/p>\n<p>Vous souhaitez immortaliser votre mariage dans un cadre unique ? Je serais ravi de vous accompagner dans cette belle aventure ! D\u00e9couvrez plus de mon travail sur Instagram : <a href=\"https:\/\/www.instagram.com\/xavier.b.photography\" target=\"_new\" rel=\"noopener\">@xavier.b.photography<\/a>.[\/vc_column_text][\/vc_column][\/vc_row][vc_row full_width=&#8221;stretch_row&#8221;][vc_column css=&#8221;.vc_custom_1736606296420{padding-top: 0px !important;}&#8221;][vc_masonry_media_grid style=&#8221;lazy&#8221; items_per_page=&#8221;15&#8243; element_width=&#8221;6&#8243; gap=&#8221;15&#8243; initial_loading_animation=&#8221;fadeIn&#8221; grid_id=&#8221;vc_gid:1737543908702-d7a4dfaa-d06f-6&#8243; include=&#8221;10538,10539,10540,10541,10542,10543,10544,10545,10546,10547,10548,10549,10550,10551&#8243;][\/vc_column][\/vc_row][vc_row desctop_mt=&#8221;margin-lg-60t&#8221; desctop_mb=&#8221;margin-lg-35b&#8221; desctop_md_mt=&#8221;margin-md-60t&#8221; desctop_md_mb=&#8221;margin-md-35b&#8221; tablets_mt=&#8221;margin-sm-40t&#8221; tablets_mb=&#8221;margin-sm-20b&#8221; mobile_mt=&#8221;margin-xs-20t&#8221; mobile_mb=&#8221;margin-xs-10b&#8221; el_class=&#8221;xb-header&#8221;][vc_column css=&#8221;.vc_custom_1736943833000{padding-top: 0px !important;}&#8221;][wiso_headings style=&#8221;text_center&#8221; title=&#8221;Contactez-moi&#8221;][vc_column_text el_class=&#8221;.me&#8221;]<\/p>\n<p style=\"text-align: center;\">Vous aimez mon travail et vous pensez que je peux \u00eatre votre <strong>photographe<\/strong> ? Besoin de plus d&#8217;informations ou d&#8217;un devis personnalis\u00e9 ? Contactez-moi via ce formulaire, je vous r\u00e9pondrai rapidement !<\/p>\n<p>[\/vc_column_text][\/vc_column][\/vc_row][vc_row desctop_mb=&#8221;margin-lg-30b&#8221; desctop_md_mb=&#8221;margin-md-30b&#8221; tablets_mb=&#8221;margin-sm-20b&#8221; mobile_mb=&#8221;margin-xs-20b&#8221;][vc_column el_class=&#8221;contact-form-mariage&#8221;]<div role=\"form\" class=\"wpcf7\" id=\"wpcf7-f5982-o1\" lang=\"en\" dir=\"ltr\">\n<div class=\"screen-reader-response\"><p role=\"status\" aria-live=\"polite\" aria-atomic=\"true\"><\/p> <ul><\/ul><\/div>\n<form action=\"\/en\/wp-json\/wp\/v2\/pages\/10378#wpcf7-f5982-o1\" method=\"post\" class=\"wpcf7-form init\" novalidate=\"novalidate\" data-status=\"init\">\n<div style=\"display: none;\">\n<input type=\"hidden\" name=\"_wpcf7\" value=\"5982\" \/>\n<input type=\"hidden\" name=\"_wpcf7_version\" value=\"5.4.1\" \/>\n<input type=\"hidden\" name=\"_wpcf7_locale\" value=\"en\" \/>\n<input type=\"hidden\" name=\"_wpcf7_unit_tag\" value=\"wpcf7-f5982-o1\" \/>\n<input type=\"hidden\" name=\"_wpcf7_container_post\" value=\"0\" \/>\n<input type=\"hidden\" name=\"_wpcf7_posted_data_hash\" value=\"\" \/>\n<input type=\"hidden\" name=\"lang\" value=\"en\" \/>\n<\/div>\n<p><label> Lastname *<br \/>\n    <span class=\"wpcf7-form-control-wrap your-name\"><input type=\"text\" name=\"your-name\" value=\"\" size=\"40\" class=\"wpcf7-form-control wpcf7-text wpcf7-validates-as-required\" aria-required=\"true\" aria-invalid=\"false\" \/><\/span> <\/label><\/p>\n<p><label> Firstname *<br \/>\n    <span class=\"wpcf7-form-control-wrap your-firstname\"><input type=\"text\" name=\"your-firstname\" value=\"\" size=\"40\" class=\"wpcf7-form-control wpcf7-text wpcf7-validates-as-required\" aria-required=\"true\" aria-invalid=\"false\" \/><\/span> <\/label><\/p>\n<p><label> Email *<br \/>\n    <span class=\"wpcf7-form-control-wrap your-email\"><input type=\"email\" name=\"your-email\" value=\"\" size=\"40\" class=\"wpcf7-form-control wpcf7-text wpcf7-email wpcf7-validates-as-required wpcf7-validates-as-email\" aria-required=\"true\" aria-invalid=\"false\" \/><\/span> <\/label><\/p>\n<p><label> Phone number *<br \/>\n    <span class=\"wpcf7-form-control-wrap your-phone\"><input type=\"tel\" name=\"your-phone\" value=\"\" size=\"40\" class=\"wpcf7-form-control wpcf7-text wpcf7-tel wpcf7-validates-as-required wpcf7-validates-as-tel\" aria-required=\"true\" aria-invalid=\"false\" \/><\/span> <\/label><\/p>\n<p><label> Your message *<br \/>\n    <span class=\"wpcf7-form-control-wrap your-message\"><textarea name=\"your-message\" cols=\"40\" rows=\"10\" class=\"wpcf7-form-control wpcf7-textarea wpcf7-validates-as-required\" aria-required=\"true\" aria-invalid=\"false\"><\/textarea><\/span> <\/label><br \/>\n<div id=\"cf7sr-69f2b520d17dd\" class=\"cf7sr-g-recaptcha\" data-theme=\"light\" data-type=\"image\" data-size=\"normal\" data-sitekey=\"6Lf0ZtYhAAAAAFckl5Aq4AEBi8EoLfMY-zzDwRwB\"><\/div><span class=\"wpcf7-form-control-wrap cf7sr-recaptcha\" data-name=\"cf7sr-recaptcha\"><input type=\"hidden\" name=\"cf7sr-recaptcha\" value=\"\" class=\"wpcf7-form-control\"><\/span><br \/>\n<input type=\"submit\" value=\"Send\" class=\"wpcf7-form-control wpcf7-submit\" \/><\/p>\n<p style=\"display: none !important;\" class=\"akismet-fields-container\" data-prefix=\"_wpcf7_ak_\"><label>&#916;<textarea name=\"_wpcf7_ak_hp_textarea\" cols=\"45\" rows=\"8\" maxlength=\"100\"><\/textarea><\/label><input type=\"hidden\" id=\"ak_js_1\" name=\"_wpcf7_ak_js\" value=\"25\"\/><script>document.getElementById( \"ak_js_1\" ).setAttribute( \"value\", ( new Date() ).getTime() );<\/script><\/p><div class=\"wpcf7-response-output\" aria-hidden=\"true\"><\/div><\/form><\/div>[\/vc_column][\/vc_row]<\/p>\n","protected":false},"excerpt":{"rendered":"<p>[vc_row full_width=&#8221;stretch_row_content_no_spaces&#8221;][vc_column][wiso_banner style_banner=&#8221;simple&#8221; height=&#8221;full&#8221; style=&#8221;center_content&#8221; overlay=&#8221;yes&#8221; title=&#8221;Lucie &#038; Hugo&#8221; image=&#8221;10381&#8243; subtitle=&#8221;Mariage&#8221;][\/vc_column][\/vc_row][vc_row full_width=&#8221;stretch_row&#8221; desctop_mt=&#8221;margin-lg-50t&#8221; desctop_md_mt=&#8221;margin-md-50t&#8221; tablets_mt=&#8221;margin-sm-40t&#8221; mobile_mt=&#8221;margin-xs-25t&#8221; desctop_lg_pb=&#8221;padding-lg-30b&#8221; desctop_pb=&#8221;padding-md-30b&#8221; tablets_pb=&#8221;padding-sm-30b&#8221; mobile_pb=&#8221;padding-xs-20b&#8221; el_class=&#8221;xb mod-left mod-no-margin mod-portfolio-reversed&#8221;][vc_column offset=&#8221;vc_col-lg-3 vc_col-md-12&#8243;][vc_row_inner css=&#8221;.vc_custom_1737471190732{padding-top: 20px !important;padding-left: 2px !important;}&#8221;][vc_column_inner][vc_column_text]Date 3 Juillet 2021 Clients Lucie &#038; Hugo[\/vc_column_text][\/vc_column_inner][\/vc_row_inner][vc_row_inner css=&#8221;.vc_custom_1737393329303{padding-top: 20px !important;}&#8221;][vc_column_inner][vc_raw_html]JTNDdWwlMjBjbGFzcyUzRCUyMnhiLXRhZ3MlMjIlM0UlMEElM0NsaSUzRU1hcmlhZ2UlM0MlMkZsaSUzRSUwQSUzQ2xpJTNFQ2glQzMlQTJ0ZWF1JTIwTWFkZXIlM0MlMkZsaSUzRSUwQSUzQ2xpJTNFUGhvdG9ncmFwaGUlMjBtYXJpYWdlJTNDJTJGbGklM0UlMEElM0NsaSUzRUFyY2FjaG9uJTNDJTJGbGklM0UlMEElM0NsaSUzRUZpcnN0JTIwbG9vayUzQyUyRmxpJTNFJTBBJTNDbGklM0VBbW91ciUzQyUyRmxpJTNFJTBBJTNDbGklM0VDJUMzJUE5ciVDMyVBOW1vbmllJTIwbGElQzMlQUZxdWUlM0MlMkZsaSUzRSUwQSUzQyUyRnVsJTNF[\/vc_raw_html][\/vc_column_inner][\/vc_row_inner][\/vc_column][vc_column desctop_mb=&#8221;margin-lg-20b&#8221; desctop_md_mb=&#8221;margin-md-20b&#8221; tablets_mb=&#8221;margin-sm-20b&#8221; mobile_mb=&#8221;margin-xs-20b&#8221; offset=&#8221;vc_col-lg-9 vc_col-md-12&#8243;][vc_row_inner][vc_column_inner el_class=&#8221;xb-portofolio-title mod-wedding&#8221;][vc_column_text]Le mariage de Lucie &#038; Hugo au &#8230;<\/p>\n","protected":false},"author":1,"featured_media":10381,"parent":0,"menu_order":0,"comment_status":"closed","ping_status":"closed","template":"","meta":{"footnotes":""},"_links":{"self":[{"href":"https:\/\/www.xavierbellenger.com\/en\/wp-json\/wp\/v2\/pages\/10378"}],"collection":[{"href":"https:\/\/www.xavierbellenger.com\/en\/wp-json\/wp\/v2\/pages"}],"about":[{"href":"https:\/\/www.xavierbellenger.com\/en\/wp-json\/wp\/v2\/types\/page"}],"author":[{"embeddable":true,"href":"https:\/\/www.xavierbellenger.com\/en\/wp-json\/wp\/v2\/users\/1"}],"replies":[{"embeddable":true,"href":"https:\/\/www.xavierbellenger.com\/en\/wp-json\/wp\/v2\/comments?post=10378"}],"version-history":[{"count":8,"href":"https:\/\/www.xavierbellenger.com\/en\/wp-json\/wp\/v2\/pages\/10378\/revisions"}],"predecessor-version":[{"id":16606,"href":"https:\/\/www.xavierbellenger.com\/en\/wp-json\/wp\/v2\/pages\/10378\/revisions\/16606"}],"wp:featuredmedia":[{"embeddable":true,"href":"https:\/\/www.xavierbellenger.com\/en\/wp-json\/wp\/v2\/media\/10381"}],"wp:attachment":[{"href":"https:\/\/www.xavierbellenger.com\/en\/wp-json\/wp\/v2\/media?parent=10378"}],"curies":[{"name":"wp","href":"https:\/\/api.w.org\/{rel}","templated":true}]}}