{"id":11910,"date":"2022-09-17T09:00:36","date_gmt":"2022-09-17T07:00:36","guid":{"rendered":"https:\/\/new.xavierbellenger.com\/?page_id=11910"},"modified":"2025-02-02T14:42:24","modified_gmt":"2025-02-02T13:42:24","slug":"mariage-domaine-des-charmilles-manon-nathan","status":"publish","type":"page","link":"https:\/\/www.xavierbellenger.com\/en\/mariage-domaine-des-charmilles-manon-nathan\/","title":{"rendered":"Wedding at Domaine des Charmilles &#8211; Manon &#038; Nathan"},"content":{"rendered":"<p>[vc_row full_width=&#8221;stretch_row_content_no_spaces&#8221;][vc_column][wiso_banner style_banner=&#8221;simple&#8221; height=&#8221;full&#8221; style=&#8221;center_content&#8221; overlay=&#8221;yes&#8221; title=&#8221;Manon &#038; Nathan&#8221; subtitle=&#8221;Mariage&#8221; image=&#8221;6733&#8243;][\/vc_column][\/vc_row][vc_row full_width=&#8221;stretch_row&#8221; desctop_mt=&#8221;margin-lg-50t&#8221; desctop_md_mt=&#8221;margin-md-50t&#8221; tablets_mt=&#8221;margin-sm-40t&#8221; mobile_mt=&#8221;margin-xs-25t&#8221; desctop_lg_pb=&#8221;padding-lg-30b&#8221; desctop_pb=&#8221;padding-md-30b&#8221; tablets_pb=&#8221;padding-sm-30b&#8221; mobile_pb=&#8221;padding-xs-20b&#8221; el_class=&#8221;xb mod-left mod-no-margin mod-portfolio-reversed&#8221;][vc_column offset=&#8221;vc_col-lg-3 vc_col-md-12&#8243;][vc_row_inner css=&#8221;.vc_custom_1737471190732{padding-top: 20px !important;padding-left: 2px !important;}&#8221;][vc_column_inner][vc_column_text]<strong>Date<\/strong><br \/>\n17 Septembre 2022<\/p>\n<p><strong>Clients<\/strong><br \/>\nManon &#038; Nathan[\/vc_column_text][\/vc_column_inner][\/vc_row_inner][vc_row_inner css=&#8221;.vc_custom_1737393329303{padding-top: 20px !important;}&#8221;][vc_column_inner][vc_raw_html]JTNDdWwlMjBjbGFzcyUzRCUyMnhiLXRhZ3MlMjIlM0UlMEElM0NsaSUzRU1hcmlhZ2UlM0MlMkZsaSUzRSUwQSUzQ2xpJTNFRG9tYWluZSUyMGRlcyUyMENoYXJtaWxsZXMlM0MlMkZsaSUzRSUwQSUzQ2xpJTNFUGhvdG9ncmFwaGUlMjBtYXJpYWdlJTNDJTJGbGklM0UlMEElM0NsaSUzRUNvdXBsZSUzQyUyRmxpJTNFJTBBJTNDbGklM0VDJUMzJUE5ciVDMyVBOW1vbmllJTIwbGElQzMlQUZxdWUlM0MlMkZsaSUzRSUwQSUzQ2xpJTNFUmF1emFuJTNDJTJGbGklM0UlMEElM0NsaSUzRVByZW1pJUMzJUE4cmUlMjBkYW5zZSUzQyUyRmxpJTNFJTBBJTNDJTJGdWwlM0U=[\/vc_raw_html][\/vc_column_inner][\/vc_row_inner][\/vc_column][vc_column desctop_mb=&#8221;margin-lg-20b&#8221; desctop_md_mb=&#8221;margin-md-20b&#8221; tablets_mb=&#8221;margin-sm-20b&#8221; mobile_mb=&#8221;margin-xs-20b&#8221; offset=&#8221;vc_col-lg-9 vc_col-md-12&#8243;][vc_row_inner][vc_column_inner el_class=&#8221;xb-portofolio-title mod-wedding&#8221;][vc_column_text]Le mariage de Manon &#038; Nathan au Domaine des Charmilles[\/vc_column_text][\/vc_column_inner][\/vc_row_inner][vc_column_text el_class=&#8221;paragraph&#8221; css=&#8221;.vc_custom_1738078012811{padding-top: 20px !important;}&#8221;]Manon et Nathan ont choisi de c\u00e9l\u00e9brer leur union au Domaine des Charmilles, un lieu enchanteur nich\u00e9 au c\u0153ur de la campagne. D\u00e8s notre premi\u00e8re rencontre lors de leur <a href=\"\/seance-engagement-saint-emilion-manon-nathan\/\" target=\"_blank\" rel=\"noopener\">s\u00e9ance engagement<\/a> \u00e0 Saint-\u00c9milion, j\u2019ai \u00e9t\u00e9 frapp\u00e9 par leur complicit\u00e9 et leur tendresse l\u2019un envers l\u2019autre. Leur mariage, sous un ciel bleu parfait, a \u00e9t\u00e9 un m\u00e9lange d\u2019\u00e9motions sinc\u00e8res, de rires partag\u00e9s et de moments inoubliables entour\u00e9s de leurs proches. Des pr\u00e9paratifs pleins de bonne humeur \u00e0 une c\u00e9r\u00e9monie la\u00efque \u00e9mouvante, en passant par un cocktail convivial et une soir\u00e9e festive, chaque d\u00e9tail refl\u00e9tait leur amour unique. Une journ\u00e9e riche en souvenirs que j\u2019ai eu le plaisir d\u2019immortaliser dans ce cadre idyllique.[\/vc_column_text][\/vc_column][\/vc_row][vc_row full_width=&#8221;stretch_row&#8221;][vc_column css=&#8221;.vc_custom_1736606296420{padding-top: 0px !important;}&#8221;][vc_single_image image=&#8221;11915&#8243; img_size=&#8221;full&#8221; alignment=&#8221;center&#8221;][\/vc_column][\/vc_row][vc_row full_width=&#8221;stretch_row&#8221; desctop_mt=&#8221;margin-lg-20t&#8221; desctop_mb=&#8221;margin-lg-35b&#8221; desctop_md_mt=&#8221;margin-md-20t&#8221; desctop_md_mb=&#8221;margin-md-35b&#8221; tablets_mt=&#8221;margin-sm-20t&#8221; tablets_mb=&#8221;margin-sm-20b&#8221; mobile_mt=&#8221;margin-xs-40t&#8221; mobile_mb=&#8221;margin-xs-10b&#8221; el_class=&#8221;xb&#8221;][vc_column css=&#8221;.vc_custom_1737471490457{padding-top: 0px !important;}&#8221;][vc_column_text el_class=&#8221;xb-paragraph-header&#8221;]L&#8217;union civile[\/vc_column_text][vc_column_text]Manon et Nathan ont d\u00e9but\u00e9 leur journ\u00e9e par une c\u00e9r\u00e9monie civile \u00e0 la mairie de Rauzan, entour\u00e9s de leurs proches. Sous un ciel bleu \u00e9clatant, ils se sont dit \u00ab oui \u00bb dans une ambiance joyeuse et remplie d\u2019\u00e9motion. Ce premier engagement officiel a donn\u00e9 le ton \u00e0 cette journ\u00e9e pleine de bonheur.[\/vc_column_text][\/vc_column][\/vc_row][vc_row full_width=&#8221;stretch_row&#8221;][vc_column css=&#8221;.vc_custom_1736606296420{padding-top: 0px !important;}&#8221;][vc_masonry_media_grid style=&#8221;lazy&#8221; items_per_page=&#8221;15&#8243; element_width=&#8221;6&#8243; gap=&#8221;15&#8243; initial_loading_animation=&#8221;fadeIn&#8221; grid_id=&#8221;vc_gid:1738077981837-445fff61-199b-5&#8243; include=&#8221;11916,11917,11918,11919,11920,11921,11922,11923,11924,11925,11926,11927,11928,11929,11930,11931,11932,11933,11934,11935,11936,11937,11938,11939,11940,11941,11942,11943,11944,11945,11946,11947,11948,11949,11950&#8243;][\/vc_column][\/vc_row][vc_row full_width=&#8221;stretch_row&#8221; desctop_mt=&#8221;margin-lg-20t&#8221; desctop_mb=&#8221;margin-lg-35b&#8221; desctop_md_mt=&#8221;margin-md-20t&#8221; desctop_md_mb=&#8221;margin-md-35b&#8221; tablets_mt=&#8221;margin-sm-20t&#8221; tablets_mb=&#8221;margin-sm-20b&#8221; mobile_mt=&#8221;margin-xs-40t&#8221; mobile_mb=&#8221;margin-xs-10b&#8221; el_class=&#8221;xb&#8221;][vc_column css=&#8221;.vc_custom_1737471490457{padding-top: 0px !important;}&#8221;][vc_column_text el_class=&#8221;xb-paragraph-header&#8221;]Les pr\u00e9paratifs[\/vc_column_text][vc_column_text]Apr\u00e8s la mairie, tout le monde s\u2019est dirig\u00e9 vers le Domaine des Charmilles, un cadre parfait pour les festivit\u00e9s. Pendant ce temps, Manon et ses t\u00e9moins sont all\u00e9s se pr\u00e9parer au salon de beaut\u00e9 Coocon &#038; Mo\u00e0, dans une atmosph\u00e8re chaleureuse. De leur c\u00f4t\u00e9, Nathan et ses t\u00e9moins ont profit\u00e9 du g\u00eete \u00ab Le Moulin de Monpoisson \u00bb pour s\u2019habiller tout en partageant des moments de camaraderie. Ce fut l\u2019occasion id\u00e9ale pour capturer des instants authentiques : des \u00e9clats de rire, des gestes complices, et bien s\u00fbr, les magnifiques d\u00e9tails de la tenue des mari\u00e9s.[\/vc_column_text][\/vc_column][\/vc_row][vc_row full_width=&#8221;stretch_row&#8221;][vc_column css=&#8221;.vc_custom_1736606296420{padding-top: 0px !important;}&#8221;][vc_masonry_media_grid style=&#8221;lazy&#8221; items_per_page=&#8221;15&#8243; element_width=&#8221;6&#8243; gap=&#8221;15&#8243; initial_loading_animation=&#8221;fadeIn&#8221; grid_id=&#8221;vc_gid:1738077981837-53c7d6b4-435c-9&#8243; include=&#8221;11951,11952,11953,11954,11955,11956,11957,11958,11959,11960,11961,11962,11963,11964,11965,11966,11967,11968,11969,11970,11971,11972,11973,11974,11975,11976,11977,11978,11979,11980,11981,11982,11983,11984,11985,11986,11987,11988,11989,11990,11991,11992,11993,11994,11995,11996,11997,11998,11999,12000,12001,12002,12003,12004,12005,12006,12007,12008,12009,12010,12011,12012,12013,12014,12015,12016,12017,12018,12019,12020,12021,12022,12023,12024,12025,12026,12027,12028,12029,12030,12031,12032,12033,12034,12035,12036,12037&#8243;][\/vc_column][\/vc_row][vc_row full_width=&#8221;stretch_row&#8221; desctop_mt=&#8221;margin-lg-20t&#8221; desctop_mb=&#8221;margin-lg-35b&#8221; desctop_md_mt=&#8221;margin-md-20t&#8221; desctop_md_mb=&#8221;margin-md-35b&#8221; tablets_mt=&#8221;margin-sm-20t&#8221; tablets_mb=&#8221;margin-sm-20b&#8221; mobile_mt=&#8221;margin-xs-40t&#8221; mobile_mb=&#8221;margin-xs-10b&#8221; el_class=&#8221;xb&#8221;][vc_column css=&#8221;.vc_custom_1737471490457{padding-top: 0px !important;}&#8221;][vc_column_text el_class=&#8221;xb-paragraph-header&#8221;]La c\u00e9r\u00e9monie la\u00efque[\/vc_column_text][vc_column_text]La c\u00e9r\u00e9monie la\u00efque, organis\u00e9e au c\u0153ur du Domaine des Charmilles, a \u00e9t\u00e9 un moment fort de la journ\u00e9e. Nathan a fait une entr\u00e9e touchante au bras de sa maman, avant que Manon, radieuse, n\u2019arrive accompagn\u00e9e de son p\u00e8re. Les discours des proches, entre rires et larmes, ont rythm\u00e9 cette c\u00e9r\u00e9monie pleine de sinc\u00e9rit\u00e9. Un rituel symbolique, avec une bouteille de vin scell\u00e9e par les invit\u00e9s, a marqu\u00e9 l\u2019\u00e9v\u00e9nement avant l\u2019\u00e9change des alliances et une sortie sous les applaudissements.[\/vc_column_text][\/vc_column][\/vc_row][vc_row full_width=&#8221;stretch_row&#8221;][vc_column css=&#8221;.vc_custom_1736606296420{padding-top: 0px !important;}&#8221;][vc_masonry_media_grid style=&#8221;lazy&#8221; items_per_page=&#8221;15&#8243; element_width=&#8221;6&#8243; gap=&#8221;15&#8243; initial_loading_animation=&#8221;fadeIn&#8221; grid_id=&#8221;vc_gid:1738077981838-fd3a5799-1692-6&#8243; include=&#8221;12038,12039,12040,12041,12042,12043,12044,12045,12046,12047,12048,12049,12050,12051,12052,12053,12054,12055,12056,12057,12058,12059,12060,12061,12062,12063,12064,12065,12066,12067,12068,12069,12070,12071,12072,12073,12074,12075,12076,12077,12078,12079,12080,12081,12082,12083,12084,12085,12086,12087,12088,12089,12090,12091,12092,12093,12094,12095,12096,12097,12098,12099&#8243;][\/vc_column][\/vc_row][vc_row full_width=&#8221;stretch_row&#8221; desctop_mt=&#8221;margin-lg-20t&#8221; desctop_mb=&#8221;margin-lg-35b&#8221; desctop_md_mt=&#8221;margin-md-20t&#8221; desctop_md_mb=&#8221;margin-md-35b&#8221; tablets_mt=&#8221;margin-sm-20t&#8221; tablets_mb=&#8221;margin-sm-20b&#8221; mobile_mt=&#8221;margin-xs-40t&#8221; mobile_mb=&#8221;margin-xs-10b&#8221; el_class=&#8221;xb&#8221;][vc_column css=&#8221;.vc_custom_1737471490457{padding-top: 0px !important;}&#8221;][vc_column_text el_class=&#8221;xb-paragraph-header&#8221;]Cocktail[\/vc_column_text][vc_column_text]Le cocktail a permis aux invit\u00e9s de se d\u00e9tendre dans les jardins du domaine. Entre discussions anim\u00e9es et photos de groupe, l\u2019ambiance \u00e9tait \u00e0 la f\u00eate. Les mari\u00e9s ont pris le temps de saluer chacun tout en profitant de la douceur du moment.[\/vc_column_text][\/vc_column][\/vc_row][vc_row full_width=&#8221;stretch_row&#8221;][vc_column css=&#8221;.vc_custom_1736606296420{padding-top: 0px !important;}&#8221;][vc_masonry_media_grid style=&#8221;lazy&#8221; items_per_page=&#8221;15&#8243; element_width=&#8221;6&#8243; gap=&#8221;15&#8243; initial_loading_animation=&#8221;fadeIn&#8221; grid_id=&#8221;vc_gid:1738077981838-5f50fc1c-05fe-6&#8243; include=&#8221;12100,12101,12102,12103,12104,12105,12106,12107,12108,12109,12110,12111,12112,12113,12114,12115,12116,12117,12118,12119,12120,12121,12122,12123,12124,12125,12126,12127&#8243;][\/vc_column][\/vc_row][vc_row full_width=&#8221;stretch_row&#8221; desctop_mt=&#8221;margin-lg-20t&#8221; desctop_mb=&#8221;margin-lg-35b&#8221; desctop_md_mt=&#8221;margin-md-20t&#8221; desctop_md_mb=&#8221;margin-md-35b&#8221; tablets_mt=&#8221;margin-sm-20t&#8221; tablets_mb=&#8221;margin-sm-20b&#8221; mobile_mt=&#8221;margin-xs-40t&#8221; mobile_mb=&#8221;margin-xs-10b&#8221; el_class=&#8221;xb&#8221;][vc_column css=&#8221;.vc_custom_1737471490457{padding-top: 0px !important;}&#8221;][vc_column_text el_class=&#8221;xb-paragraph-header&#8221;]La s\u00e9ance couple[\/vc_column_text][vc_column_text]\u00c0 la tomb\u00e9e du jour, Manon et Nathan se sont \u00e9chapp\u00e9s pour une s\u00e9ance photo dans un champ voisin. La lumi\u00e8re dor\u00e9e du coucher de soleil et les paysages naturels ont offert un cadre id\u00e9al pour des clich\u00e9s remplis d\u2019amour et de complicit\u00e9. Ce fut \u00e9galement l\u2019occasion pour eux de r\u00e9p\u00e9ter leur danse d\u2019ouverture, un moment simple et touchant.[\/vc_column_text][\/vc_column][\/vc_row][vc_row full_width=&#8221;stretch_row&#8221;][vc_column css=&#8221;.vc_custom_1736606296420{padding-top: 0px !important;}&#8221;][vc_masonry_media_grid style=&#8221;lazy&#8221; items_per_page=&#8221;15&#8243; element_width=&#8221;6&#8243; gap=&#8221;15&#8243; initial_loading_animation=&#8221;fadeIn&#8221; grid_id=&#8221;vc_gid:1738077981838-63e24d4f-807f-2&#8243; include=&#8221;12128,12129,12130,12131,12132,12133,12134,12135,12136,12137,12138,12139,12140,12141,12142,12143,12144,12145,12146,12147&#8243;][\/vc_column][\/vc_row][vc_row full_width=&#8221;stretch_row&#8221; desctop_mt=&#8221;margin-lg-20t&#8221; desctop_mb=&#8221;margin-lg-35b&#8221; desctop_md_mt=&#8221;margin-md-20t&#8221; desctop_md_mb=&#8221;margin-md-35b&#8221; tablets_mt=&#8221;margin-sm-20t&#8221; tablets_mb=&#8221;margin-sm-20b&#8221; mobile_mt=&#8221;margin-xs-40t&#8221; mobile_mb=&#8221;margin-xs-10b&#8221; el_class=&#8221;xb&#8221;][vc_column css=&#8221;.vc_custom_1737471490457{padding-top: 0px !important;}&#8221;][vc_column_text el_class=&#8221;xb-paragraph-header&#8221;]La soir\u00e9e[\/vc_column_text][vc_column_text]De retour au domaine, la soir\u00e9e a d\u00e9marr\u00e9 avec le traditionnel lancer de bouquet, suivi d\u2019un d\u00eener ponctu\u00e9 de jeux et de surprises. Les discours, les chansons et les \u00e9clats de rire ont anim\u00e9 le repas avant l\u2019ouverture du bal. La piste de danse s\u2019est rapidement remplie, et les invit\u00e9s ont c\u00e9l\u00e9br\u00e9 jusqu\u2019au bout de la nuit dans une ambiance festive.<\/p>\n<p>Un mariage chaleureux et m\u00e9morable, o\u00f9 chaque instant a \u00e9t\u00e9 captur\u00e9 avec soin et \u00e9motion.<\/p>\n<p>Retrouvez-moi sur Instagram <a href=\"http:\/\/www.instagram.com\/xavier.b.photography\" target=\"_blank\" rel=\"noopener\">@xavier.b.photography<\/a> pour d\u00e9couvrir d\u2019autres belles histoires d\u2019amour et des mariages uniques. \u00c0 tr\u00e8s bient\u00f4t ! \ud83d\ude0a[\/vc_column_text][\/vc_column][\/vc_row][vc_row full_width=&#8221;stretch_row&#8221;][vc_column css=&#8221;.vc_custom_1736606296420{padding-top: 0px !important;}&#8221;][vc_masonry_media_grid style=&#8221;lazy&#8221; items_per_page=&#8221;15&#8243; element_width=&#8221;6&#8243; gap=&#8221;15&#8243; initial_loading_animation=&#8221;fadeIn&#8221; grid_id=&#8221;vc_gid:1738077981839-e3d41cbf-869d-6&#8243; include=&#8221;12148,12149,12150,12151,12152,12153,12154,12155,12156,12157,12158,12159,12160,12161,12162,12163,12164,12165,12166,12167,12168,12169,12170,12171,12172,12173,12174,12175,12176,12177,12178,12179,12180,12181,12182,12183,12184,12185,12186,12187&#8243;][\/vc_column][\/vc_row][vc_row full_width=&#8221;stretch_row&#8221; desctop_mt=&#8221;margin-lg-20t&#8221; desctop_md_mt=&#8221;margin-md-20t&#8221; tablets_mt=&#8221;margin-sm-20t&#8221; mobile_mt=&#8221;margin-xs-20t&#8221; css=&#8221;.vc_custom_1736937257690{background-image: url(\/wp-content\/uploads\/2025\/01\/Mariage-6.jpg?id=) !important;background-position: center !important;background-repeat: no-repeat !important;background-size: cover !important;}&#8221;][vc_column][wiso_testimonial loop=&#8221;true&#8221; color=&#8221;#ffffff&#8221;][wiso_testimonial_items author=&#8221;Manon &#038; Nathan&#8221; position=&#8221;Mariage au Domaine des Charmilles&#8221;]&#8221;Tout le monde est unanime, les photos sont magnifiques, naturelles, tr\u00e8s repr\u00e9sentatives de la journ\u00e9e qu&#8217;on a pass\u00e9e ! On est trop content, alors merci encore !&#8221;[\/wiso_testimonial_items][\/wiso_testimonial][\/vc_column][\/vc_row][vc_row desctop_mt=&#8221;margin-lg-60t&#8221; desctop_mb=&#8221;margin-lg-35b&#8221; desctop_md_mt=&#8221;margin-md-60t&#8221; desctop_md_mb=&#8221;margin-md-35b&#8221; tablets_mt=&#8221;margin-sm-40t&#8221; tablets_mb=&#8221;margin-sm-20b&#8221; mobile_mt=&#8221;margin-xs-20t&#8221; mobile_mb=&#8221;margin-xs-10b&#8221; el_class=&#8221;xb-header&#8221;][vc_column css=&#8221;.vc_custom_1736943833000{padding-top: 0px !important;}&#8221;][wiso_headings style=&#8221;text_center&#8221; title=&#8221;Contactez-moi&#8221;][vc_column_text el_class=&#8221;.me&#8221;]<\/p>\n<p style=\"text-align: center;\">Vous aimez mon travail et vous pensez que je peux \u00eatre votre <strong>photographe<\/strong> ? Besoin de plus d&#8217;informations ou d&#8217;un devis personnalis\u00e9 ? Contactez-moi via ce formulaire, je vous r\u00e9pondrai rapidement !<\/p>\n<p>[\/vc_column_text][\/vc_column][\/vc_row][vc_row desctop_mb=&#8221;margin-lg-30b&#8221; desctop_md_mb=&#8221;margin-md-30b&#8221; tablets_mb=&#8221;margin-sm-20b&#8221; mobile_mb=&#8221;margin-xs-20b&#8221;][vc_column el_class=&#8221;contact-form-mariage&#8221;]<div role=\"form\" class=\"wpcf7\" id=\"wpcf7-f5982-o1\" lang=\"en\" dir=\"ltr\">\n<div class=\"screen-reader-response\"><p role=\"status\" aria-live=\"polite\" aria-atomic=\"true\"><\/p> <ul><\/ul><\/div>\n<form action=\"\/en\/wp-json\/wp\/v2\/pages\/11910#wpcf7-f5982-o1\" method=\"post\" class=\"wpcf7-form init\" novalidate=\"novalidate\" data-status=\"init\">\n<div style=\"display: none;\">\n<input type=\"hidden\" name=\"_wpcf7\" value=\"5982\" \/>\n<input type=\"hidden\" name=\"_wpcf7_version\" value=\"5.4.1\" \/>\n<input type=\"hidden\" name=\"_wpcf7_locale\" value=\"en\" \/>\n<input type=\"hidden\" name=\"_wpcf7_unit_tag\" value=\"wpcf7-f5982-o1\" \/>\n<input type=\"hidden\" name=\"_wpcf7_container_post\" value=\"0\" \/>\n<input type=\"hidden\" name=\"_wpcf7_posted_data_hash\" value=\"\" \/>\n<input type=\"hidden\" name=\"lang\" value=\"en\" \/>\n<\/div>\n<p><label> Lastname *<br \/>\n    <span class=\"wpcf7-form-control-wrap your-name\"><input type=\"text\" name=\"your-name\" value=\"\" size=\"40\" class=\"wpcf7-form-control wpcf7-text wpcf7-validates-as-required\" aria-required=\"true\" aria-invalid=\"false\" \/><\/span> <\/label><\/p>\n<p><label> Firstname *<br \/>\n    <span class=\"wpcf7-form-control-wrap your-firstname\"><input type=\"text\" name=\"your-firstname\" value=\"\" size=\"40\" class=\"wpcf7-form-control wpcf7-text wpcf7-validates-as-required\" aria-required=\"true\" aria-invalid=\"false\" \/><\/span> <\/label><\/p>\n<p><label> Email *<br \/>\n    <span class=\"wpcf7-form-control-wrap your-email\"><input type=\"email\" name=\"your-email\" value=\"\" size=\"40\" class=\"wpcf7-form-control wpcf7-text wpcf7-email wpcf7-validates-as-required wpcf7-validates-as-email\" aria-required=\"true\" aria-invalid=\"false\" \/><\/span> <\/label><\/p>\n<p><label> Phone number *<br \/>\n    <span class=\"wpcf7-form-control-wrap your-phone\"><input type=\"tel\" name=\"your-phone\" value=\"\" size=\"40\" class=\"wpcf7-form-control wpcf7-text wpcf7-tel wpcf7-validates-as-required wpcf7-validates-as-tel\" aria-required=\"true\" aria-invalid=\"false\" \/><\/span> <\/label><\/p>\n<p><label> Your message *<br \/>\n    <span class=\"wpcf7-form-control-wrap your-message\"><textarea name=\"your-message\" cols=\"40\" rows=\"10\" class=\"wpcf7-form-control wpcf7-textarea wpcf7-validates-as-required\" aria-required=\"true\" aria-invalid=\"false\"><\/textarea><\/span> <\/label><br \/>\n<div id=\"cf7sr-69f2ba0fb5c49\" class=\"cf7sr-g-recaptcha\" data-theme=\"light\" data-type=\"image\" data-size=\"normal\" data-sitekey=\"6Lf0ZtYhAAAAAFckl5Aq4AEBi8EoLfMY-zzDwRwB\"><\/div><span class=\"wpcf7-form-control-wrap cf7sr-recaptcha\" data-name=\"cf7sr-recaptcha\"><input type=\"hidden\" name=\"cf7sr-recaptcha\" value=\"\" class=\"wpcf7-form-control\"><\/span><br \/>\n<input type=\"submit\" value=\"Send\" class=\"wpcf7-form-control wpcf7-submit\" \/><\/p>\n<p style=\"display: none !important;\" class=\"akismet-fields-container\" data-prefix=\"_wpcf7_ak_\"><label>&#916;<textarea name=\"_wpcf7_ak_hp_textarea\" cols=\"45\" rows=\"8\" maxlength=\"100\"><\/textarea><\/label><input type=\"hidden\" id=\"ak_js_1\" name=\"_wpcf7_ak_js\" value=\"248\"\/><script>document.getElementById( \"ak_js_1\" ).setAttribute( \"value\", ( new Date() ).getTime() );<\/script><\/p><div class=\"wpcf7-response-output\" aria-hidden=\"true\"><\/div><\/form><\/div>[\/vc_column][\/vc_row]<\/p>\n","protected":false},"excerpt":{"rendered":"<p>[vc_row full_width=&#8221;stretch_row_content_no_spaces&#8221;][vc_column][wiso_banner style_banner=&#8221;simple&#8221; height=&#8221;full&#8221; style=&#8221;center_content&#8221; overlay=&#8221;yes&#8221; title=&#8221;Manon &#038; Nathan&#8221; subtitle=&#8221;Mariage&#8221; image=&#8221;6733&#8243;][\/vc_column][\/vc_row][vc_row full_width=&#8221;stretch_row&#8221; desctop_mt=&#8221;margin-lg-50t&#8221; desctop_md_mt=&#8221;margin-md-50t&#8221; tablets_mt=&#8221;margin-sm-40t&#8221; mobile_mt=&#8221;margin-xs-25t&#8221; desctop_lg_pb=&#8221;padding-lg-30b&#8221; desctop_pb=&#8221;padding-md-30b&#8221; tablets_pb=&#8221;padding-sm-30b&#8221; mobile_pb=&#8221;padding-xs-20b&#8221; el_class=&#8221;xb mod-left mod-no-margin mod-portfolio-reversed&#8221;][vc_column offset=&#8221;vc_col-lg-3 vc_col-md-12&#8243;][vc_row_inner css=&#8221;.vc_custom_1737471190732{padding-top: 20px !important;padding-left: 2px !important;}&#8221;][vc_column_inner][vc_column_text]Date 17 Septembre 2022 Clients Manon &#038; Nathan[\/vc_column_text][\/vc_column_inner][\/vc_row_inner][vc_row_inner css=&#8221;.vc_custom_1737393329303{padding-top: 20px !important;}&#8221;][vc_column_inner][vc_raw_html]JTNDdWwlMjBjbGFzcyUzRCUyMnhiLXRhZ3MlMjIlM0UlMEElM0NsaSUzRU1hcmlhZ2UlM0MlMkZsaSUzRSUwQSUzQ2xpJTNFRG9tYWluZSUyMGRlcyUyMENoYXJtaWxsZXMlM0MlMkZsaSUzRSUwQSUzQ2xpJTNFUGhvdG9ncmFwaGUlMjBtYXJpYWdlJTNDJTJGbGklM0UlMEElM0NsaSUzRUNvdXBsZSUzQyUyRmxpJTNFJTBBJTNDbGklM0VDJUMzJUE5ciVDMyVBOW1vbmllJTIwbGElQzMlQUZxdWUlM0MlMkZsaSUzRSUwQSUzQ2xpJTNFUmF1emFuJTNDJTJGbGklM0UlMEElM0NsaSUzRVByZW1pJUMzJUE4cmUlMjBkYW5zZSUzQyUyRmxpJTNFJTBBJTNDJTJGdWwlM0U=[\/vc_raw_html][\/vc_column_inner][\/vc_row_inner][\/vc_column][vc_column desctop_mb=&#8221;margin-lg-20b&#8221; desctop_md_mb=&#8221;margin-md-20b&#8221; tablets_mb=&#8221;margin-sm-20b&#8221; mobile_mb=&#8221;margin-xs-20b&#8221; offset=&#8221;vc_col-lg-9 vc_col-md-12&#8243;][vc_row_inner][vc_column_inner el_class=&#8221;xb-portofolio-title mod-wedding&#8221;][vc_column_text]Le mariage de Manon &#038; Nathan au &#8230;<\/p>\n","protected":false},"author":1,"featured_media":12133,"parent":0,"menu_order":0,"comment_status":"closed","ping_status":"closed","template":"","meta":{"footnotes":""},"_links":{"self":[{"href":"https:\/\/www.xavierbellenger.com\/en\/wp-json\/wp\/v2\/pages\/11910"}],"collection":[{"href":"https:\/\/www.xavierbellenger.com\/en\/wp-json\/wp\/v2\/pages"}],"about":[{"href":"https:\/\/www.xavierbellenger.com\/en\/wp-json\/wp\/v2\/types\/page"}],"author":[{"embeddable":true,"href":"https:\/\/www.xavierbellenger.com\/en\/wp-json\/wp\/v2\/users\/1"}],"replies":[{"embeddable":true,"href":"https:\/\/www.xavierbellenger.com\/en\/wp-json\/wp\/v2\/comments?post=11910"}],"version-history":[{"count":9,"href":"https:\/\/www.xavierbellenger.com\/en\/wp-json\/wp\/v2\/pages\/11910\/revisions"}],"predecessor-version":[{"id":16595,"href":"https:\/\/www.xavierbellenger.com\/en\/wp-json\/wp\/v2\/pages\/11910\/revisions\/16595"}],"wp:featuredmedia":[{"embeddable":true,"href":"https:\/\/www.xavierbellenger.com\/en\/wp-json\/wp\/v2\/media\/12133"}],"wp:attachment":[{"href":"https:\/\/www.xavierbellenger.com\/en\/wp-json\/wp\/v2\/media?parent=11910"}],"curies":[{"name":"wp","href":"https:\/\/api.w.org\/{rel}","templated":true}]}}