{"id":12665,"date":"2023-08-05T09:00:40","date_gmt":"2023-08-05T07:00:40","guid":{"rendered":"https:\/\/new.xavierbellenger.com\/?page_id=12665"},"modified":"2025-02-02T14:38:33","modified_gmt":"2025-02-02T13:38:33","slug":"mariage-chateau-mader-roselyne-flavien","status":"publish","type":"page","link":"https:\/\/www.xavierbellenger.com\/en\/mariage-chateau-mader-roselyne-flavien\/","title":{"rendered":"Wedding at Ch\u00e2teau Mader &#8211; Roselyne &#038; Flavien"},"content":{"rendered":"<p>[vc_row full_width=&#8221;stretch_row_content_no_spaces&#8221;][vc_column][wiso_banner style_banner=&#8221;simple&#8221; height=&#8221;full&#8221; style=&#8221;center_content&#8221; overlay=&#8221;yes&#8221; title=&#8221;Roselyne &#038; Flavien&#8221; subtitle=&#8221;Mariage&#8221; image=&#8221;12667&#8243;][\/vc_column][\/vc_row][vc_row full_width=&#8221;stretch_row&#8221; desctop_mt=&#8221;margin-lg-50t&#8221; desctop_md_mt=&#8221;margin-md-50t&#8221; tablets_mt=&#8221;margin-sm-40t&#8221; mobile_mt=&#8221;margin-xs-25t&#8221; desctop_lg_pb=&#8221;padding-lg-30b&#8221; desctop_pb=&#8221;padding-md-30b&#8221; tablets_pb=&#8221;padding-sm-30b&#8221; mobile_pb=&#8221;padding-xs-20b&#8221; el_class=&#8221;xb mod-left mod-no-margin mod-portfolio-reversed&#8221;][vc_column offset=&#8221;vc_col-lg-3 vc_col-md-12&#8243;][vc_row_inner css=&#8221;.vc_custom_1737471190732{padding-top: 20px !important;padding-left: 2px !important;}&#8221;][vc_column_inner][vc_column_text]<strong>Date<\/strong><br \/>\n5 Ao\u00fbt 2023<\/p>\n<p><strong>Clients<\/strong><br \/>\nRoselyne &#038; Flavien[\/vc_column_text][\/vc_column_inner][\/vc_row_inner][vc_row_inner css=&#8221;.vc_custom_1737393329303{padding-top: 20px !important;}&#8221;][vc_column_inner][vc_raw_html]JTNDdWwlMjBjbGFzcyUzRCUyMnhiLXRhZ3MlMjIlM0UlMEElM0NsaSUzRU1hcmlhZ2UlM0MlMkZsaSUzRSUwQSUzQ2xpJTNFQ2glQzMlQTJ0ZWF1JTIwTWFkZXIlM0MlMkZsaSUzRSUwQSUzQ2xpJTNFUGhvdG9ncmFwaGUlMjBtYXJpYWdlJTNDJTJGbGklM0UlMEElM0NsaSUzRUMlQzMlQTlyJUMzJUE5bW9uaWUlMjByZWxpZ2lldXNlJTNDJTJGbGklM0UlMEElM0NsaSUzRUVnbGlzZSUzQyUyRmxpJTNFJTBBJTNDbGklM0VCYW5kYSUzQyUyRmxpJTNFJTBBJTNDbGklM0VBcmNhY2hvbiUzQyUyRmxpJTNFJTBBJTNDJTJGdWwlM0U=[\/vc_raw_html][\/vc_column_inner][\/vc_row_inner][\/vc_column][vc_column desctop_mb=&#8221;margin-lg-20b&#8221; desctop_md_mb=&#8221;margin-md-20b&#8221; tablets_mb=&#8221;margin-sm-20b&#8221; mobile_mb=&#8221;margin-xs-20b&#8221; offset=&#8221;vc_col-lg-9 vc_col-md-12&#8243;][vc_row_inner][vc_column_inner el_class=&#8221;xb-portofolio-title mod-wedding&#8221;][vc_column_text]Le mariage de Roselyne &#038; Flavien au Ch\u00e2teau Mader[\/vc_column_text][\/vc_column_inner][\/vc_row_inner][vc_column_text el_class=&#8221;paragraph&#8221; css=&#8221;.vc_custom_1737800238415{padding-top: 20px !important;}&#8221;]Le mariage de Roselyne et Flavien au Ch\u00e2teau Mader, sur le Bassin d\u2019Arcachon, restera un souvenir m\u00e9morable malgr\u00e9 une m\u00e9t\u00e9o capricieuse. Sous une pluie persistante, ces deux amoureux ont su illuminer leur journ\u00e9e par leur joie et leur complicit\u00e9. Entre une c\u00e9r\u00e9monie religieuse \u00e9mouvante \u00e0 l\u2019\u00e9glise de Saint M\u00e9dard en Jalles et un cocktail festif anim\u00e9 par une banda, l\u2019ambiance chaleureuse a conquis tous les invit\u00e9s. La s\u00e9ance photo de couple sur une voie ferr\u00e9e, a donn\u00e9 des clich\u00e9s aussi uniques que ce mariage. Ce fut une journ\u00e9e o\u00f9 l\u2019amour et la bonne humeur ont triomph\u00e9 des intemp\u00e9ries, cr\u00e9ant des souvenirs authentiques et inoubliables.[\/vc_column_text][\/vc_column][\/vc_row][vc_row full_width=&#8221;stretch_row&#8221;][vc_column css=&#8221;.vc_custom_1736606296420{padding-top: 0px !important;}&#8221;][vc_single_image image=&#8221;12668&#8243; img_size=&#8221;full&#8221; alignment=&#8221;center&#8221;][\/vc_column][\/vc_row][vc_row full_width=&#8221;stretch_row&#8221; desctop_mt=&#8221;margin-lg-20t&#8221; desctop_mb=&#8221;margin-lg-35b&#8221; desctop_md_mt=&#8221;margin-md-20t&#8221; desctop_md_mb=&#8221;margin-md-35b&#8221; tablets_mt=&#8221;margin-sm-20t&#8221; tablets_mb=&#8221;margin-sm-20b&#8221; mobile_mt=&#8221;margin-xs-40t&#8221; mobile_mb=&#8221;margin-xs-10b&#8221; el_class=&#8221;xb&#8221;][vc_column css=&#8221;.vc_custom_1737471490457{padding-top: 0px !important;}&#8221;][vc_column_text el_class=&#8221;xb-paragraph-header&#8221;]C\u00e9r\u00e9monie religieuse[\/vc_column_text][vc_column_text]Le mariage de Roselyne et Flavien a d\u00e9but\u00e9 par une c\u00e9r\u00e9monie religieuse \u00e0 l\u2019\u00e9glise de Saint M\u00e9dard en Jalles. Avec mon coll\u00e8gue vid\u00e9aste Romain, nous avons assist\u00e9 \u00e0 une messe \u00e9mouvante, rythm\u00e9e par des chants inspirants et une ambiance pleine d\u2019intensit\u00e9. L\u2019\u00e9motion \u00e9tait au rendez-vous, laissant des frissons \u00e0 tous les invit\u00e9s. Ce moment de communion spirituelle restera grav\u00e9 dans la m\u00e9moire des mari\u00e9s et de leurs proches.[\/vc_column_text][\/vc_column][\/vc_row][vc_row full_width=&#8221;stretch_row&#8221;][vc_column css=&#8221;.vc_custom_1736606296420{padding-top: 0px !important;}&#8221;][vc_masonry_media_grid style=&#8221;lazy&#8221; items_per_page=&#8221;15&#8243; element_width=&#8221;6&#8243; gap=&#8221;15&#8243; initial_loading_animation=&#8221;fadeIn&#8221; grid_id=&#8221;vc_gid:1737800299655-d00ed509-954a-5&#8243; include=&#8221;12669,12670,12671,12672,12673,12674,12675,12676,12677,12678,12679,12680,12681,12682,12683,12684,12685,12686,12687,12688,12689,12690,12691,12692,12693,12694,12695,12696,12697,12698,12699,12700,12701,12702,12703,12704,12705,12706,12707,12708,12709,12710,12711,12712,12713,12714,12715,12716,12717,12718,12719,12720,12721,12722,12723,12724&#8243;][\/vc_column][\/vc_row][vc_row full_width=&#8221;stretch_row&#8221; desctop_mt=&#8221;margin-lg-20t&#8221; desctop_mb=&#8221;margin-lg-35b&#8221; desctop_md_mt=&#8221;margin-md-20t&#8221; desctop_md_mb=&#8221;margin-md-35b&#8221; tablets_mt=&#8221;margin-sm-20t&#8221; tablets_mb=&#8221;margin-sm-20b&#8221; mobile_mt=&#8221;margin-xs-40t&#8221; mobile_mb=&#8221;margin-xs-10b&#8221; el_class=&#8221;xb&#8221;][vc_column css=&#8221;.vc_custom_1737471490457{padding-top: 0px !important;}&#8221;][vc_column_text el_class=&#8221;xb-paragraph-header&#8221;]Cocktail[\/vc_column_text][vc_column_text]Apr\u00e8s la c\u00e9r\u00e9monie, Roselyne et Flavien ont \u00e9t\u00e9 accueillis au Ch\u00e2teau Mader par la Banda Los Gaujos, qui a apport\u00e9 une touche festive et r\u00e9chauff\u00e9 l\u2019ambiance malgr\u00e9 la pluie. Les invit\u00e9s ont savour\u00e9 un cocktail anim\u00e9, ponctu\u00e9 de danses, discussions et instants de partage joyeux. Entre \u00e9clats de rire et bonne humeur, ce moment a permis de cr\u00e9er une atmosph\u00e8re conviviale et inoubliable. Mes mari\u00e9s, malgr\u00e9 cette m\u00e9t\u00e9o, ne se sont pas laiss\u00e9s abattre et ont profit\u00e9 de chaque instant ![\/vc_column_text][\/vc_column][\/vc_row][vc_row full_width=&#8221;stretch_row&#8221;][vc_column css=&#8221;.vc_custom_1736606296420{padding-top: 0px !important;}&#8221;][vc_masonry_media_grid style=&#8221;lazy&#8221; items_per_page=&#8221;15&#8243; element_width=&#8221;6&#8243; gap=&#8221;15&#8243; initial_loading_animation=&#8221;fadeIn&#8221; grid_id=&#8221;vc_gid:1737800299656-caa31766-12b2-7&#8243; include=&#8221;12725,12726,12727,12728,12729,12730,12731,12732,12733,12734,12735,12736,12737,12738,12739,12740,12741,12742,12743,12744,12745,12746,12747,12748,12749,12750,12751,12752,12753,12754,12755,12756,12757,12758,12759,12760,12761,12762,12763,12764,12765,12766,12767,12768,12769,12770,12771,12772,12773,12774&#8243;][\/vc_column][\/vc_row][vc_row full_width=&#8221;stretch_row&#8221; desctop_mt=&#8221;margin-lg-20t&#8221; desctop_mb=&#8221;margin-lg-35b&#8221; desctop_md_mt=&#8221;margin-md-20t&#8221; desctop_md_mb=&#8221;margin-md-35b&#8221; tablets_mt=&#8221;margin-sm-20t&#8221; tablets_mb=&#8221;margin-sm-20b&#8221; mobile_mt=&#8221;margin-xs-40t&#8221; mobile_mb=&#8221;margin-xs-10b&#8221; el_class=&#8221;xb&#8221;][vc_column css=&#8221;.vc_custom_1737471490457{padding-top: 0px !important;}&#8221;][vc_column_text el_class=&#8221;xb-paragraph-header&#8221;]La s\u00e9ance couple[\/vc_column_text][vc_column_text]Malgr\u00e9 le mauvais temps, nous avons profit\u00e9 des accalmies pour des photos de groupe m\u00e9morables, y compris une prise d\u00e9cal\u00e9e au bord de la piscine qui a ravi les mari\u00e9s. Flavien a sabr\u00e9 une bouteille de Champagne, et Roselyne a r\u00e9alis\u00e9 le traditionnel lancer de bouquet.<\/p>\n<p>La s\u00e9ance couple s\u2019est d\u00e9roul\u00e9e dans un cadre original : la pluie ne nous permettant pas d&#8217;aller sur la plage, nous avons opt\u00e9 pour la voie ferr\u00e9e attenante au Ch\u00e2teau. Ce lieux insolite nous a permis de capturer des clich\u00e9s dans un cadre singulier, tout en prenant soin de la s\u00e9curit\u00e9.<\/p>\n<p>Pour d\u00e9couvrir plus de mariages et de mon travail au quotidien, rejoignez-moi sur Instagram <a href=\"http:\/\/www.instagram.com\/xavier.b.photography\" target=\"_blank\" rel=\"noopener\">@xavier.b.photography<\/a>! \ud83d\ude0a[\/vc_column_text][\/vc_column][\/vc_row][vc_row full_width=&#8221;stretch_row&#8221;][vc_column css=&#8221;.vc_custom_1736606296420{padding-top: 0px !important;}&#8221;][vc_masonry_media_grid style=&#8221;lazy&#8221; items_per_page=&#8221;15&#8243; element_width=&#8221;6&#8243; gap=&#8221;15&#8243; initial_loading_animation=&#8221;fadeIn&#8221; grid_id=&#8221;vc_gid:1737800299656-25266c07-7f44-7&#8243; include=&#8221;12775,12776,12777,12778,12779,12780,12781,12782,12783,12784,12785,12786,12787&#8243;][\/vc_column][\/vc_row][vc_row desctop_mt=&#8221;margin-lg-60t&#8221; desctop_mb=&#8221;margin-lg-35b&#8221; desctop_md_mt=&#8221;margin-md-60t&#8221; desctop_md_mb=&#8221;margin-md-35b&#8221; tablets_mt=&#8221;margin-sm-40t&#8221; tablets_mb=&#8221;margin-sm-20b&#8221; mobile_mt=&#8221;margin-xs-20t&#8221; mobile_mb=&#8221;margin-xs-10b&#8221; el_class=&#8221;xb-header&#8221;][vc_column css=&#8221;.vc_custom_1736943833000{padding-top: 0px !important;}&#8221;][wiso_headings style=&#8221;text_center&#8221; title=&#8221;Contactez-moi&#8221;][vc_column_text el_class=&#8221;.me&#8221;]<\/p>\n<p style=\"text-align: center;\">Vous aimez mon travail et vous pensez que je peux \u00eatre votre <strong>photographe<\/strong> ? Besoin de plus d&#8217;informations ou d&#8217;un devis personnalis\u00e9 ? Contactez-moi via ce formulaire, je vous r\u00e9pondrai rapidement !<\/p>\n<p>[\/vc_column_text][\/vc_column][\/vc_row][vc_row desctop_mb=&#8221;margin-lg-30b&#8221; desctop_md_mb=&#8221;margin-md-30b&#8221; tablets_mb=&#8221;margin-sm-20b&#8221; mobile_mb=&#8221;margin-xs-20b&#8221;][vc_column el_class=&#8221;contact-form-mariage&#8221;]<div role=\"form\" class=\"wpcf7\" id=\"wpcf7-f5982-o1\" lang=\"en\" dir=\"ltr\">\n<div class=\"screen-reader-response\"><p role=\"status\" aria-live=\"polite\" aria-atomic=\"true\"><\/p> <ul><\/ul><\/div>\n<form action=\"\/en\/wp-json\/wp\/v2\/pages\/12665#wpcf7-f5982-o1\" method=\"post\" class=\"wpcf7-form init\" novalidate=\"novalidate\" data-status=\"init\">\n<div style=\"display: none;\">\n<input type=\"hidden\" name=\"_wpcf7\" value=\"5982\" \/>\n<input type=\"hidden\" name=\"_wpcf7_version\" value=\"5.4.1\" \/>\n<input type=\"hidden\" name=\"_wpcf7_locale\" value=\"en\" \/>\n<input type=\"hidden\" name=\"_wpcf7_unit_tag\" value=\"wpcf7-f5982-o1\" \/>\n<input type=\"hidden\" name=\"_wpcf7_container_post\" value=\"0\" \/>\n<input type=\"hidden\" name=\"_wpcf7_posted_data_hash\" value=\"\" \/>\n<input type=\"hidden\" name=\"lang\" value=\"en\" \/>\n<\/div>\n<p><label> Lastname *<br \/>\n    <span class=\"wpcf7-form-control-wrap your-name\"><input type=\"text\" name=\"your-name\" value=\"\" size=\"40\" class=\"wpcf7-form-control wpcf7-text wpcf7-validates-as-required\" aria-required=\"true\" aria-invalid=\"false\" \/><\/span> <\/label><\/p>\n<p><label> Firstname *<br \/>\n    <span class=\"wpcf7-form-control-wrap your-firstname\"><input type=\"text\" name=\"your-firstname\" value=\"\" size=\"40\" class=\"wpcf7-form-control wpcf7-text wpcf7-validates-as-required\" aria-required=\"true\" aria-invalid=\"false\" \/><\/span> <\/label><\/p>\n<p><label> Email *<br \/>\n    <span class=\"wpcf7-form-control-wrap your-email\"><input type=\"email\" name=\"your-email\" value=\"\" size=\"40\" class=\"wpcf7-form-control wpcf7-text wpcf7-email wpcf7-validates-as-required wpcf7-validates-as-email\" aria-required=\"true\" aria-invalid=\"false\" \/><\/span> <\/label><\/p>\n<p><label> Phone number *<br \/>\n    <span class=\"wpcf7-form-control-wrap your-phone\"><input type=\"tel\" name=\"your-phone\" value=\"\" size=\"40\" class=\"wpcf7-form-control wpcf7-text wpcf7-tel wpcf7-validates-as-required wpcf7-validates-as-tel\" aria-required=\"true\" aria-invalid=\"false\" \/><\/span> <\/label><\/p>\n<p><label> Your message *<br \/>\n    <span class=\"wpcf7-form-control-wrap your-message\"><textarea name=\"your-message\" cols=\"40\" rows=\"10\" class=\"wpcf7-form-control wpcf7-textarea wpcf7-validates-as-required\" aria-required=\"true\" aria-invalid=\"false\"><\/textarea><\/span> <\/label><br \/>\n<div id=\"cf7sr-69f2b08973ed9\" class=\"cf7sr-g-recaptcha\" data-theme=\"light\" data-type=\"image\" data-size=\"normal\" data-sitekey=\"6Lf0ZtYhAAAAAFckl5Aq4AEBi8EoLfMY-zzDwRwB\"><\/div><span class=\"wpcf7-form-control-wrap cf7sr-recaptcha\" data-name=\"cf7sr-recaptcha\"><input type=\"hidden\" name=\"cf7sr-recaptcha\" value=\"\" class=\"wpcf7-form-control\"><\/span><br \/>\n<input type=\"submit\" value=\"Send\" class=\"wpcf7-form-control wpcf7-submit\" \/><\/p>\n<p style=\"display: none !important;\" class=\"akismet-fields-container\" data-prefix=\"_wpcf7_ak_\"><label>&#916;<textarea name=\"_wpcf7_ak_hp_textarea\" cols=\"45\" rows=\"8\" maxlength=\"100\"><\/textarea><\/label><input type=\"hidden\" id=\"ak_js_1\" name=\"_wpcf7_ak_js\" value=\"156\"\/><script>document.getElementById( \"ak_js_1\" ).setAttribute( \"value\", ( new Date() ).getTime() );<\/script><\/p><div class=\"wpcf7-response-output\" aria-hidden=\"true\"><\/div><\/form><\/div>[\/vc_column][\/vc_row]<\/p>\n","protected":false},"excerpt":{"rendered":"<p>[vc_row full_width=&#8221;stretch_row_content_no_spaces&#8221;][vc_column][wiso_banner style_banner=&#8221;simple&#8221; height=&#8221;full&#8221; style=&#8221;center_content&#8221; overlay=&#8221;yes&#8221; title=&#8221;Roselyne &#038; Flavien&#8221; subtitle=&#8221;Mariage&#8221; image=&#8221;12667&#8243;][\/vc_column][\/vc_row][vc_row full_width=&#8221;stretch_row&#8221; desctop_mt=&#8221;margin-lg-50t&#8221; desctop_md_mt=&#8221;margin-md-50t&#8221; tablets_mt=&#8221;margin-sm-40t&#8221; mobile_mt=&#8221;margin-xs-25t&#8221; desctop_lg_pb=&#8221;padding-lg-30b&#8221; desctop_pb=&#8221;padding-md-30b&#8221; tablets_pb=&#8221;padding-sm-30b&#8221; mobile_pb=&#8221;padding-xs-20b&#8221; el_class=&#8221;xb mod-left mod-no-margin mod-portfolio-reversed&#8221;][vc_column offset=&#8221;vc_col-lg-3 vc_col-md-12&#8243;][vc_row_inner css=&#8221;.vc_custom_1737471190732{padding-top: 20px !important;padding-left: 2px !important;}&#8221;][vc_column_inner][vc_column_text]Date 5 Ao\u00fbt 2023 Clients Roselyne &#038; Flavien[\/vc_column_text][\/vc_column_inner][\/vc_row_inner][vc_row_inner css=&#8221;.vc_custom_1737393329303{padding-top: 20px !important;}&#8221;][vc_column_inner][vc_raw_html]JTNDdWwlMjBjbGFzcyUzRCUyMnhiLXRhZ3MlMjIlM0UlMEElM0NsaSUzRU1hcmlhZ2UlM0MlMkZsaSUzRSUwQSUzQ2xpJTNFQ2glQzMlQTJ0ZWF1JTIwTWFkZXIlM0MlMkZsaSUzRSUwQSUzQ2xpJTNFUGhvdG9ncmFwaGUlMjBtYXJpYWdlJTNDJTJGbGklM0UlMEElM0NsaSUzRUMlQzMlQTlyJUMzJUE5bW9uaWUlMjByZWxpZ2lldXNlJTNDJTJGbGklM0UlMEElM0NsaSUzRUVnbGlzZSUzQyUyRmxpJTNFJTBBJTNDbGklM0VCYW5kYSUzQyUyRmxpJTNFJTBBJTNDbGklM0VBcmNhY2hvbiUzQyUyRmxpJTNFJTBBJTNDJTJGdWwlM0U=[\/vc_raw_html][\/vc_column_inner][\/vc_row_inner][\/vc_column][vc_column desctop_mb=&#8221;margin-lg-20b&#8221; desctop_md_mb=&#8221;margin-md-20b&#8221; tablets_mb=&#8221;margin-sm-20b&#8221; mobile_mb=&#8221;margin-xs-20b&#8221; offset=&#8221;vc_col-lg-9 vc_col-md-12&#8243;][vc_row_inner][vc_column_inner el_class=&#8221;xb-portofolio-title mod-wedding&#8221;][vc_column_text]Le mariage de Roselyne &#038; Flavien au &#8230;<\/p>\n","protected":false},"author":1,"featured_media":12667,"parent":0,"menu_order":0,"comment_status":"closed","ping_status":"closed","template":"","meta":{"footnotes":""},"_links":{"self":[{"href":"https:\/\/www.xavierbellenger.com\/en\/wp-json\/wp\/v2\/pages\/12665"}],"collection":[{"href":"https:\/\/www.xavierbellenger.com\/en\/wp-json\/wp\/v2\/pages"}],"about":[{"href":"https:\/\/www.xavierbellenger.com\/en\/wp-json\/wp\/v2\/types\/page"}],"author":[{"embeddable":true,"href":"https:\/\/www.xavierbellenger.com\/en\/wp-json\/wp\/v2\/users\/1"}],"replies":[{"embeddable":true,"href":"https:\/\/www.xavierbellenger.com\/en\/wp-json\/wp\/v2\/comments?post=12665"}],"version-history":[{"count":5,"href":"https:\/\/www.xavierbellenger.com\/en\/wp-json\/wp\/v2\/pages\/12665\/revisions"}],"predecessor-version":[{"id":16592,"href":"https:\/\/www.xavierbellenger.com\/en\/wp-json\/wp\/v2\/pages\/12665\/revisions\/16592"}],"wp:featuredmedia":[{"embeddable":true,"href":"https:\/\/www.xavierbellenger.com\/en\/wp-json\/wp\/v2\/media\/12667"}],"wp:attachment":[{"href":"https:\/\/www.xavierbellenger.com\/en\/wp-json\/wp\/v2\/media?parent=12665"}],"curies":[{"name":"wp","href":"https:\/\/api.w.org\/{rel}","templated":true}]}}