{"id":13731,"date":"2025-02-01T09:00:42","date_gmt":"2025-02-01T08:00:42","guid":{"rendered":"https:\/\/new.xavierbellenger.com\/?page_id=13731"},"modified":"2025-02-02T14:24:59","modified_gmt":"2025-02-02T13:24:59","slug":"mariage-domaine-vautrait-maina-antoine","status":"publish","type":"page","link":"https:\/\/www.xavierbellenger.com\/en\/mariage-domaine-vautrait-maina-antoine\/","title":{"rendered":"Wedding at Domaine du Vautrait &#8211; Ma\u00efna &#038; Antoine"},"content":{"rendered":"<p>[vc_row full_width=&#8221;stretch_row_content_no_spaces&#8221;][vc_column][wiso_banner style_banner=&#8221;simple&#8221; height=&#8221;full&#8221; style=&#8221;center_content&#8221; overlay=&#8221;yes&#8221; title=&#8221;Ma\u00efna &#038; Antoine&#8221; subtitle=&#8221;Mariage&#8221; image=&#8221;13733&#8243;][\/vc_column][\/vc_row][vc_row full_width=&#8221;stretch_row&#8221; desctop_mt=&#8221;margin-lg-50t&#8221; desctop_md_mt=&#8221;margin-md-50t&#8221; tablets_mt=&#8221;margin-sm-40t&#8221; mobile_mt=&#8221;margin-xs-25t&#8221; desctop_lg_pb=&#8221;padding-lg-30b&#8221; desctop_pb=&#8221;padding-md-30b&#8221; tablets_pb=&#8221;padding-sm-30b&#8221; mobile_pb=&#8221;padding-xs-20b&#8221; el_class=&#8221;xb mod-left mod-no-margin mod-portfolio-reversed&#8221;][vc_column offset=&#8221;vc_col-lg-3 vc_col-md-12&#8243;][vc_row_inner css=&#8221;.vc_custom_1737471190732{padding-top: 20px !important;padding-left: 2px !important;}&#8221;][vc_column_inner][vc_column_text]<strong>Date<\/strong><br \/>\n20 Juillet 2024<\/p>\n<p><strong>Clients<\/strong><br \/>\nMa\u00efna &#038; Antoine[\/vc_column_text][\/vc_column_inner][\/vc_row_inner][vc_row_inner css=&#8221;.vc_custom_1737393329303{padding-top: 20px !important;}&#8221;][vc_column_inner][vc_raw_html]JTNDdWwlMjBjbGFzcyUzRCUyMnhiLXRhZ3MlMjBtb2QtZ3JlZW4lMjIlM0UlMEElM0NsaSUzRU1hcmlhZ2UlM0MlMkZsaSUzRSUwQSUzQ2xpJTNFRG9tYWluZSUyMGR1JTIwVmF1dHJhaXQlM0MlMkZsaSUzRSUwQSUzQ2xpJTNFUGhvdG9ncmFwaGUlMjBtYXJpYWdlJTNDJTJGbGklM0UlMEElM0NsaSUzRUMlQzMlQTlyJUMzJUE5bW9uaWUlMjBsYSVDMyVBRnF1ZSUzQyUyRmxpJTNFJTBBJTNDbGklM0VDYWJhbmFjJTNDJTJGbGklM0UlMEElM0NsaSUzRVMlQzMlQTlhbmNlJTIwY291cGxlJTNDJTJGbGklM0UlMEElM0NsaSUzRUJvcmRlYXV4JTNDJTJGbGklM0UlMEElM0MlMkZ1bCUzRQ==[\/vc_raw_html][\/vc_column_inner][\/vc_row_inner][\/vc_column][vc_column desctop_mb=&#8221;margin-lg-20b&#8221; desctop_md_mb=&#8221;margin-md-20b&#8221; tablets_mb=&#8221;margin-sm-20b&#8221; mobile_mb=&#8221;margin-xs-20b&#8221; offset=&#8221;vc_col-lg-9 vc_col-md-12&#8243;][vc_row_inner][vc_column_inner el_class=&#8221;xb-portofolio-title mod-wedding&#8221;][vc_column_text]Le mariage de Ma\u00efna &#038; Antoine au Domaine du Vautrait[\/vc_column_text][\/vc_column_inner][\/vc_row_inner][vc_column_text el_class=&#8221;paragraph&#8221; css=&#8221;.vc_custom_1738000370756{padding-top: 20px !important;}&#8221;]Quelques jours apr\u00e8s leur <a href=\"\/seance-engagement-sources-caudalie-maina-antoine\/\">s\u00e9ance engagement<\/a> aux Sources de Caudalie, j\u2019ai retrouv\u00e9 Ma\u00efna et Antoine pour leur mariage au <a href=\"\/domaine-du-vautrait\/\" target=\"_blank\" rel=\"noopener\">Domaine du Vautrait<\/a>, \u00e0 Cabanac-et-Villagrains. Ce lieu plein de charme, avec ses cabanes dans les arbres, a offert un cadre chaleureux \u00e0 cette belle journ\u00e9e.<\/p>\n<p>Malgr\u00e9 une m\u00e9t\u00e9o incertaine, le temps a \u00e9t\u00e9 de notre c\u00f4t\u00e9, permettant de c\u00e9l\u00e9brer leur c\u00e9r\u00e9monie la\u00efque en ext\u00e9rieur. Entour\u00e9s de leurs proches, Ma\u00efna et Antoine ont partag\u00e9 des moments forts, entre rires, discours \u00e9mouvants et instants complices.<\/p>\n<p>Le domaine et la for\u00eat voisine ont \u00e9t\u00e9 parfaits pour une s\u00e9ance photo de couple simple et naturelle, refl\u00e9tant leur bonheur. Une journ\u00e9e marqu\u00e9e par la joie, des surprises et une ambiance festive qui s\u2019est prolong\u00e9e jusqu\u2019au bout de la nuit.[\/vc_column_text][\/vc_column][\/vc_row][vc_row full_width=&#8221;stretch_row&#8221;][vc_column css=&#8221;.vc_custom_1736606296420{padding-top: 0px !important;}&#8221;][vc_single_image image=&#8221;13732&#8243; img_size=&#8221;full&#8221; alignment=&#8221;center&#8221;][\/vc_column][\/vc_row][vc_row full_width=&#8221;stretch_row&#8221; desctop_mt=&#8221;margin-lg-20t&#8221; desctop_mb=&#8221;margin-lg-35b&#8221; desctop_md_mt=&#8221;margin-md-20t&#8221; desctop_md_mb=&#8221;margin-md-35b&#8221; tablets_mt=&#8221;margin-sm-20t&#8221; tablets_mb=&#8221;margin-sm-20b&#8221; mobile_mt=&#8221;margin-xs-40t&#8221; mobile_mb=&#8221;margin-xs-10b&#8221; el_class=&#8221;xb&#8221;][vc_column css=&#8221;.vc_custom_1737471490457{padding-top: 0px !important;}&#8221;][vc_column_text el_class=&#8221;xb-paragraph-header&#8221;]Les pr\u00e9paratifs[\/vc_column_text][vc_column_text]Quelques jours apr\u00e8s leur s\u00e9ance engagement aux Sources de Caudalie, je retrouve Ma\u00efna et Antoine pour leur mariage au Domaine du Vautrait, \u00e0 Cabanac-et-Villagrains. Malgr\u00e9 une m\u00e9t\u00e9o incertaine, les nuages nous laissent tranquilles, permettant d\u2019organiser la c\u00e9r\u00e9monie la\u00efque en ext\u00e9rieur.<\/p>\n<p>C\u2019est la premi\u00e8re fois que je d\u00e9couvre ce charmant domaine avec ses cabanes perch\u00e9es dans les arbres, id\u00e9ales pour loger les invit\u00e9s.<\/p>\n<p>La journ\u00e9e commence avec Antoine, entour\u00e9 de ses t\u00e9moins, pour ses pr\u00e9paratifs. Je capture des d\u00e9tails de son costume et immortalise des moments complices avec son papa pendant l\u2019habillage. Une fois pr\u00eat, Antoine pose pour quelques portraits dans le parc.<\/p>\n<p>Vient ensuite le tour de Ma\u00efna, qui, apr\u00e8s maquillage et coiffure, offre de jolis bracelets fleuris \u00e0 ses t\u00e9moins. Elle enfile ensuite sa superbe robe, et je prends le temps de r\u00e9aliser quelques portraits d\u2019elle, radieuse et \u00e9l\u00e9gante.[\/vc_column_text][\/vc_column][\/vc_row][vc_row full_width=&#8221;stretch_row&#8221;][vc_column css=&#8221;.vc_custom_1736606296420{padding-top: 0px !important;}&#8221;][vc_masonry_media_grid style=&#8221;lazy&#8221; items_per_page=&#8221;15&#8243; element_width=&#8221;6&#8243; gap=&#8221;15&#8243; initial_loading_animation=&#8221;fadeIn&#8221; grid_id=&#8221;vc_gid:1738000091445-da0df798-f020-9&#8243; include=&#8221;13735,13736,13737,13738,13739,13740,13741,13742,13743,13744,13745,13746,13747,13748,13749,13750,13751,13752,13753,13754,13755,13756,13757,13758,13759,13760,13761,13762,13763,13764,13765,13766,13767,13768,13769,13770,13771,13772,13773,13774,13775,13776,13777,13778&#8243;][\/vc_column][\/vc_row][vc_row full_width=&#8221;stretch_row&#8221; desctop_mt=&#8221;margin-lg-20t&#8221; desctop_mb=&#8221;margin-lg-35b&#8221; desctop_md_mt=&#8221;margin-md-20t&#8221; desctop_md_mb=&#8221;margin-md-35b&#8221; tablets_mt=&#8221;margin-sm-20t&#8221; tablets_mb=&#8221;margin-sm-20b&#8221; mobile_mt=&#8221;margin-xs-40t&#8221; mobile_mb=&#8221;margin-xs-10b&#8221; el_class=&#8221;xb&#8221;][vc_column css=&#8221;.vc_custom_1737471490457{padding-top: 0px !important;}&#8221;][vc_column_text el_class=&#8221;xb-paragraph-header&#8221;]Le first look[\/vc_column_text][vc_column_text]Ma\u00efna et Antoine sont pr\u00eats, et c\u2019est le moment pour eux de se d\u00e9couvrir avant que leurs invit\u00e9s ne les voient. Antoine attend, dos tourn\u00e9, dans un coin discret du domaine, tandis que Ma\u00efna s\u2019approche pour le rejoindre.<\/p>\n<p>Ce moment intime est toujours sp\u00e9cial \u00e0 capturer : les deux amoureux se d\u00e9couvrent avec \u00e9motion et prennent le temps de se regarder sous toutes les coutures.<\/p>\n<p>Une fois ce bel \u00e9change termin\u00e9, je les emm\u00e8ne pour une petite s\u00e9ance photo de couple, afin d\u2019immortaliser leur complicit\u00e9 dans ce cadre magnifique.[\/vc_column_text][\/vc_column][\/vc_row][vc_row full_width=&#8221;stretch_row&#8221;][vc_column css=&#8221;.vc_custom_1736606296420{padding-top: 0px !important;}&#8221;][vc_masonry_media_grid style=&#8221;lazy&#8221; items_per_page=&#8221;15&#8243; element_width=&#8221;6&#8243; gap=&#8221;15&#8243; initial_loading_animation=&#8221;fadeIn&#8221; grid_id=&#8221;vc_gid:1738000091446-1a608a39-566b-0&#8243; include=&#8221;13779,13780,13781,13782,13783,13784,13785,13786,13787,13788&#8243;][\/vc_column][\/vc_row][vc_row full_width=&#8221;stretch_row&#8221; desctop_mt=&#8221;margin-lg-20t&#8221; desctop_mb=&#8221;margin-lg-35b&#8221; desctop_md_mt=&#8221;margin-md-20t&#8221; desctop_md_mb=&#8221;margin-md-35b&#8221; tablets_mt=&#8221;margin-sm-20t&#8221; tablets_mb=&#8221;margin-sm-20b&#8221; mobile_mt=&#8221;margin-xs-40t&#8221; mobile_mb=&#8221;margin-xs-10b&#8221; el_class=&#8221;xb&#8221;][vc_column css=&#8221;.vc_custom_1737471490457{padding-top: 0px !important;}&#8221;][vc_column_text el_class=&#8221;xb-paragraph-header&#8221;]C\u00e9r\u00e9monie la\u00efque[\/vc_column_text][vc_column_text]C\u2019est le moment pour Ma\u00efna et Antoine de partager leur amour avec leurs invit\u00e9s, confortablement install\u00e9s sur des bancs pour la c\u00e9r\u00e9monie la\u00efque. Antoine, accompagn\u00e9 de sa maman, ouvre le cort\u00e8ge avec \u00e9motion. Les t\u00e9moins suivent, avan\u00e7ant tour \u00e0 tour dans l\u2019all\u00e9e.<\/p>\n<p>Puis, Ma\u00efna appara\u00eet au bras de son papa, tous deux visiblement \u00e9mus, sous le regard attentif et touch\u00e9 d\u2019Antoine. \u00c0 l\u2019arriv\u00e9e, le papa de Ma\u00efna confie la main de sa fille \u00e0 Antoine, et la c\u00e9r\u00e9monie peut d\u00e9buter.<\/p>\n<p>Les discours remplis de sinc\u00e9rit\u00e9 s\u2019encha\u00eenent, apportant une touche personnelle \u00e0 ce moment. Les mari\u00e9s \u00e9changent ensuite leurs v\u0153ux, suivis de leurs alliances, scellant leur union.<\/p>\n<p>\u00c0 la fin, alors qu\u2019ils sortent sous une pluie de confettis, Antoine penche Ma\u00efna pour un baiser passionn\u00e9, acclam\u00e9s par leurs invit\u00e9s.[\/vc_column_text][\/vc_column][\/vc_row][vc_row full_width=&#8221;stretch_row&#8221;][vc_column css=&#8221;.vc_custom_1736606296420{padding-top: 0px !important;}&#8221;][vc_masonry_media_grid style=&#8221;lazy&#8221; items_per_page=&#8221;15&#8243; element_width=&#8221;6&#8243; gap=&#8221;15&#8243; initial_loading_animation=&#8221;fadeIn&#8221; grid_id=&#8221;vc_gid:1738000091446-0f3623b2-d4a8-1&#8243; include=&#8221;13789,13790,13791,13792,13793,13794,13795,13796,13797,13798,13799,13800,13801,13802,13803,13804,13805,13806,13807,13808,13809,13810,13811,13812,13813,13814,13815,13816,13817,13818,13819,13820,13821,13822,13823,13824,13825,13826,13827,13828,13829,13830,13831&#8243;][\/vc_column][\/vc_row][vc_row full_width=&#8221;stretch_row&#8221; desctop_mt=&#8221;margin-lg-20t&#8221; desctop_mb=&#8221;margin-lg-35b&#8221; desctop_md_mt=&#8221;margin-md-20t&#8221; desctop_md_mb=&#8221;margin-md-35b&#8221; tablets_mt=&#8221;margin-sm-20t&#8221; tablets_mb=&#8221;margin-sm-20b&#8221; mobile_mt=&#8221;margin-xs-40t&#8221; mobile_mb=&#8221;margin-xs-10b&#8221; el_class=&#8221;xb&#8221;][vc_column css=&#8221;.vc_custom_1737471490457{padding-top: 0px !important;}&#8221;][vc_column_text el_class=&#8221;xb-paragraph-header&#8221;]Cocktail[\/vc_column_text][vc_column_text]Une fois les photos de groupe termin\u00e9es, Ma\u00efna et Antoine inaugurent le cocktail, une coupe de champagne \u00e0 la main. L\u2019ambiance s\u2019anime rapidement gr\u00e2ce \u00e0 un saxophoniste, et la f\u00eate s\u2019installe : jeunes et moins jeunes se mettent \u00e0 danser, entra\u00eenant bient\u00f4t les mari\u00e9s \u00e0 leur tour.<\/p>\n<p>Les fr\u00e8res, s\u0153urs et amis des mari\u00e9s prennent ensuite la parole pour partager des discours touchants, remplis d\u2019\u00e9motion. Ma\u00efna, submerg\u00e9e, ne peut retenir ses larmes.<\/p>\n<p>Alors que la lumi\u00e8re du jour commence \u00e0 s\u2019adoucir, c\u2019est le moment parfait pour s\u2019\u00e9clipser et capturer quelques instants complices lors d\u2019une s\u00e9ance photo en amoureux.[\/vc_column_text][\/vc_column][\/vc_row][vc_row full_width=&#8221;stretch_row&#8221;][vc_column css=&#8221;.vc_custom_1736606296420{padding-top: 0px !important;}&#8221;][vc_masonry_media_grid style=&#8221;lazy&#8221; items_per_page=&#8221;15&#8243; element_width=&#8221;6&#8243; gap=&#8221;15&#8243; initial_loading_animation=&#8221;fadeIn&#8221; grid_id=&#8221;vc_gid:1738000091447-0f4288b4-0cff-7&#8243; include=&#8221;13832,13833,13834,13835,13836,13837,13838,13839,13840,13841,13842,13843,13844,13845,13846,13847,13848,13849,13850,13851,13852,13853,13854,13855,13856,13857,13858,13859,13860,13861,13862,13863,13864,13865&#8243;][\/vc_column][\/vc_row][vc_row full_width=&#8221;stretch_row&#8221; desctop_mt=&#8221;margin-lg-20t&#8221; desctop_mb=&#8221;margin-lg-35b&#8221; desctop_md_mt=&#8221;margin-md-20t&#8221; desctop_md_mb=&#8221;margin-md-35b&#8221; tablets_mt=&#8221;margin-sm-20t&#8221; tablets_mb=&#8221;margin-sm-20b&#8221; mobile_mt=&#8221;margin-xs-40t&#8221; mobile_mb=&#8221;margin-xs-10b&#8221; el_class=&#8221;xb&#8221;][vc_column css=&#8221;.vc_custom_1737471490457{padding-top: 0px !important;}&#8221;][vc_column_text el_class=&#8221;xb-paragraph-header&#8221;]S\u00e9ance couple[\/vc_column_text][vc_column_text]Le Domaine du Vautrait regorge d\u2019endroits charmants pour capturer de jolies photos de couple. Nous d\u00e9marrons en douceur avec quelques poses simples et des photos prises sur le vif, de quoi obtenir des clich\u00e9s naturels.<\/p>\n<p>Direction ensuite la for\u00eat voisine pour profiter d\u2019un cadre paisible et verdoyant. Habitu\u00e9s apr\u00e8s leur s\u00e9ance engagement, Ma\u00efna et Antoine se laissent facilement guider et profitent de ce moment \u00e0 deux. Entre rires et tendres baisers, ils se pr\u00eatent volontiers au jeu.<\/p>\n<p>Une fois cette belle parenth\u00e8se termin\u00e9e, il est temps pour eux de rejoindre leurs invit\u00e9s pour lancer la soir\u00e9e dans une ambiance joyeuse et festive.<\/p>\n<p>Vous vous mariez et \u00eates \u00e0 la recherche de votre photographe ? D\u00e9couvrez mon travail au quotidien sur mon compte Instagram <a href=\"http:\/\/www.instagram.com\/xavier.b.photography\" target=\"_blank\" rel=\"noopener\">@xavier.b.photography<\/a>! \ud83d\ude0a[\/vc_column_text][\/vc_column][\/vc_row][vc_row full_width=&#8221;stretch_row&#8221;][vc_column css=&#8221;.vc_custom_1736606296420{padding-top: 0px !important;}&#8221;][vc_masonry_media_grid style=&#8221;lazy&#8221; items_per_page=&#8221;15&#8243; element_width=&#8221;6&#8243; gap=&#8221;15&#8243; initial_loading_animation=&#8221;fadeIn&#8221; grid_id=&#8221;vc_gid:1738000091447-982eedb7-cc62-7&#8243; include=&#8221;13866,13867,13868,13869,13870,13871,13872,13873,13874,13875,13876,13877,13878,13879,13880&#8243;][\/vc_column][\/vc_row][vc_row desctop_mt=&#8221;margin-lg-60t&#8221; desctop_mb=&#8221;margin-lg-35b&#8221; desctop_md_mt=&#8221;margin-md-60t&#8221; desctop_md_mb=&#8221;margin-md-35b&#8221; tablets_mt=&#8221;margin-sm-40t&#8221; tablets_mb=&#8221;margin-sm-20b&#8221; mobile_mt=&#8221;margin-xs-20t&#8221; mobile_mb=&#8221;margin-xs-10b&#8221; el_class=&#8221;xb-header&#8221;][vc_column css=&#8221;.vc_custom_1736943833000{padding-top: 0px !important;}&#8221;][wiso_headings style=&#8221;text_center&#8221; title=&#8221;Contactez-moi&#8221;][vc_column_text el_class=&#8221;.me&#8221;]<\/p>\n<p style=\"text-align: center;\">Vous aimez mon travail et vous pensez que je peux \u00eatre votre <strong>photographe<\/strong> ? Besoin de plus d&#8217;informations ou d&#8217;un devis personnalis\u00e9 ? Contactez-moi via ce formulaire, je vous r\u00e9pondrai rapidement !<\/p>\n<p>[\/vc_column_text][\/vc_column][\/vc_row][vc_row desctop_mb=&#8221;margin-lg-30b&#8221; desctop_md_mb=&#8221;margin-md-30b&#8221; tablets_mb=&#8221;margin-sm-20b&#8221; mobile_mb=&#8221;margin-xs-20b&#8221;][vc_column el_class=&#8221;contact-form-mariage&#8221;]<div role=\"form\" class=\"wpcf7\" id=\"wpcf7-f5982-o1\" lang=\"en\" dir=\"ltr\">\n<div class=\"screen-reader-response\"><p role=\"status\" aria-live=\"polite\" aria-atomic=\"true\"><\/p> <ul><\/ul><\/div>\n<form action=\"\/en\/wp-json\/wp\/v2\/pages\/13731#wpcf7-f5982-o1\" method=\"post\" class=\"wpcf7-form init\" novalidate=\"novalidate\" data-status=\"init\">\n<div style=\"display: none;\">\n<input type=\"hidden\" name=\"_wpcf7\" value=\"5982\" \/>\n<input type=\"hidden\" name=\"_wpcf7_version\" value=\"5.4.1\" \/>\n<input type=\"hidden\" name=\"_wpcf7_locale\" value=\"en\" \/>\n<input type=\"hidden\" name=\"_wpcf7_unit_tag\" value=\"wpcf7-f5982-o1\" \/>\n<input type=\"hidden\" name=\"_wpcf7_container_post\" value=\"0\" \/>\n<input type=\"hidden\" name=\"_wpcf7_posted_data_hash\" value=\"\" \/>\n<input type=\"hidden\" name=\"lang\" value=\"en\" \/>\n<\/div>\n<p><label> Lastname *<br \/>\n    <span class=\"wpcf7-form-control-wrap your-name\"><input type=\"text\" name=\"your-name\" value=\"\" size=\"40\" class=\"wpcf7-form-control wpcf7-text wpcf7-validates-as-required\" aria-required=\"true\" aria-invalid=\"false\" \/><\/span> <\/label><\/p>\n<p><label> Firstname *<br \/>\n    <span class=\"wpcf7-form-control-wrap your-firstname\"><input type=\"text\" name=\"your-firstname\" value=\"\" size=\"40\" class=\"wpcf7-form-control wpcf7-text wpcf7-validates-as-required\" aria-required=\"true\" aria-invalid=\"false\" \/><\/span> <\/label><\/p>\n<p><label> Email *<br \/>\n    <span class=\"wpcf7-form-control-wrap your-email\"><input type=\"email\" name=\"your-email\" value=\"\" size=\"40\" class=\"wpcf7-form-control wpcf7-text wpcf7-email wpcf7-validates-as-required wpcf7-validates-as-email\" aria-required=\"true\" aria-invalid=\"false\" \/><\/span> <\/label><\/p>\n<p><label> Phone number *<br \/>\n    <span class=\"wpcf7-form-control-wrap your-phone\"><input type=\"tel\" name=\"your-phone\" value=\"\" size=\"40\" class=\"wpcf7-form-control wpcf7-text wpcf7-tel wpcf7-validates-as-required wpcf7-validates-as-tel\" aria-required=\"true\" aria-invalid=\"false\" \/><\/span> <\/label><\/p>\n<p><label> Your message *<br \/>\n    <span class=\"wpcf7-form-control-wrap your-message\"><textarea name=\"your-message\" cols=\"40\" rows=\"10\" class=\"wpcf7-form-control wpcf7-textarea wpcf7-validates-as-required\" aria-required=\"true\" aria-invalid=\"false\"><\/textarea><\/span> <\/label><br \/>\n<div id=\"cf7sr-69f2afcc33e81\" class=\"cf7sr-g-recaptcha\" data-theme=\"light\" data-type=\"image\" data-size=\"normal\" data-sitekey=\"6Lf0ZtYhAAAAAFckl5Aq4AEBi8EoLfMY-zzDwRwB\"><\/div><span class=\"wpcf7-form-control-wrap cf7sr-recaptcha\" data-name=\"cf7sr-recaptcha\"><input type=\"hidden\" name=\"cf7sr-recaptcha\" value=\"\" class=\"wpcf7-form-control\"><\/span><br \/>\n<input type=\"submit\" value=\"Send\" class=\"wpcf7-form-control wpcf7-submit\" \/><\/p>\n<p style=\"display: none !important;\" class=\"akismet-fields-container\" data-prefix=\"_wpcf7_ak_\"><label>&#916;<textarea name=\"_wpcf7_ak_hp_textarea\" cols=\"45\" rows=\"8\" maxlength=\"100\"><\/textarea><\/label><input type=\"hidden\" id=\"ak_js_1\" name=\"_wpcf7_ak_js\" value=\"199\"\/><script>document.getElementById( \"ak_js_1\" ).setAttribute( \"value\", ( new Date() ).getTime() );<\/script><\/p><div class=\"wpcf7-response-output\" aria-hidden=\"true\"><\/div><\/form><\/div>[\/vc_column][\/vc_row]<\/p>\n","protected":false},"excerpt":{"rendered":"<p>[vc_row full_width=&#8221;stretch_row_content_no_spaces&#8221;][vc_column][wiso_banner style_banner=&#8221;simple&#8221; height=&#8221;full&#8221; style=&#8221;center_content&#8221; overlay=&#8221;yes&#8221; title=&#8221;Ma\u00efna &#038; Antoine&#8221; subtitle=&#8221;Mariage&#8221; image=&#8221;13733&#8243;][\/vc_column][\/vc_row][vc_row full_width=&#8221;stretch_row&#8221; desctop_mt=&#8221;margin-lg-50t&#8221; desctop_md_mt=&#8221;margin-md-50t&#8221; tablets_mt=&#8221;margin-sm-40t&#8221; mobile_mt=&#8221;margin-xs-25t&#8221; desctop_lg_pb=&#8221;padding-lg-30b&#8221; desctop_pb=&#8221;padding-md-30b&#8221; tablets_pb=&#8221;padding-sm-30b&#8221; mobile_pb=&#8221;padding-xs-20b&#8221; el_class=&#8221;xb mod-left mod-no-margin mod-portfolio-reversed&#8221;][vc_column offset=&#8221;vc_col-lg-3 vc_col-md-12&#8243;][vc_row_inner css=&#8221;.vc_custom_1737471190732{padding-top: 20px !important;padding-left: 2px !important;}&#8221;][vc_column_inner][vc_column_text]Date 20 Juillet 2024 Clients Ma\u00efna &#038; Antoine[\/vc_column_text][\/vc_column_inner][\/vc_row_inner][vc_row_inner css=&#8221;.vc_custom_1737393329303{padding-top: 20px !important;}&#8221;][vc_column_inner][vc_raw_html]JTNDdWwlMjBjbGFzcyUzRCUyMnhiLXRhZ3MlMjBtb2QtZ3JlZW4lMjIlM0UlMEElM0NsaSUzRU1hcmlhZ2UlM0MlMkZsaSUzRSUwQSUzQ2xpJTNFRG9tYWluZSUyMGR1JTIwVmF1dHJhaXQlM0MlMkZsaSUzRSUwQSUzQ2xpJTNFUGhvdG9ncmFwaGUlMjBtYXJpYWdlJTNDJTJGbGklM0UlMEElM0NsaSUzRUMlQzMlQTlyJUMzJUE5bW9uaWUlMjBsYSVDMyVBRnF1ZSUzQyUyRmxpJTNFJTBBJTNDbGklM0VDYWJhbmFjJTNDJTJGbGklM0UlMEElM0NsaSUzRVMlQzMlQTlhbmNlJTIwY291cGxlJTNDJTJGbGklM0UlMEElM0NsaSUzRUJvcmRlYXV4JTNDJTJGbGklM0UlMEElM0MlMkZ1bCUzRQ==[\/vc_raw_html][\/vc_column_inner][\/vc_row_inner][\/vc_column][vc_column desctop_mb=&#8221;margin-lg-20b&#8221; desctop_md_mb=&#8221;margin-md-20b&#8221; tablets_mb=&#8221;margin-sm-20b&#8221; mobile_mb=&#8221;margin-xs-20b&#8221; offset=&#8221;vc_col-lg-9 vc_col-md-12&#8243;][vc_row_inner][vc_column_inner el_class=&#8221;xb-portofolio-title mod-wedding&#8221;][vc_column_text]Le mariage de Ma\u00efna &#038; Antoine au &#8230;<\/p>\n","protected":false},"author":1,"featured_media":13878,"parent":0,"menu_order":0,"comment_status":"closed","ping_status":"closed","template":"","meta":{"footnotes":""},"_links":{"self":[{"href":"https:\/\/www.xavierbellenger.com\/en\/wp-json\/wp\/v2\/pages\/13731"}],"collection":[{"href":"https:\/\/www.xavierbellenger.com\/en\/wp-json\/wp\/v2\/pages"}],"about":[{"href":"https:\/\/www.xavierbellenger.com\/en\/wp-json\/wp\/v2\/types\/page"}],"author":[{"embeddable":true,"href":"https:\/\/www.xavierbellenger.com\/en\/wp-json\/wp\/v2\/users\/1"}],"replies":[{"embeddable":true,"href":"https:\/\/www.xavierbellenger.com\/en\/wp-json\/wp\/v2\/comments?post=13731"}],"version-history":[{"count":7,"href":"https:\/\/www.xavierbellenger.com\/en\/wp-json\/wp\/v2\/pages\/13731\/revisions"}],"predecessor-version":[{"id":16578,"href":"https:\/\/www.xavierbellenger.com\/en\/wp-json\/wp\/v2\/pages\/13731\/revisions\/16578"}],"wp:featuredmedia":[{"embeddable":true,"href":"https:\/\/www.xavierbellenger.com\/en\/wp-json\/wp\/v2\/media\/13878"}],"wp:attachment":[{"href":"https:\/\/www.xavierbellenger.com\/en\/wp-json\/wp\/v2\/media?parent=13731"}],"curies":[{"name":"wp","href":"https:\/\/api.w.org\/{rel}","templated":true}]}}