{"id":16379,"date":"2025-02-02T14:17:02","date_gmt":"2025-02-02T13:17:02","guid":{"rendered":"https:\/\/www.xavierbellenger.com\/?page_id=16379"},"modified":"2025-02-17T14:44:15","modified_gmt":"2025-02-17T13:44:15","slug":"mariage-chateau-hermitage-izon-salonee-adrien","status":"publish","type":"page","link":"https:\/\/www.xavierbellenger.com\/en\/mariage-chateau-hermitage-izon-salonee-adrien\/","title":{"rendered":"Wedding at Ch\u00e2teau de l&#8217;Hermitage &#8211; Salonee &#038; Adrien"},"content":{"rendered":"<p>[vc_row full_width=&#8221;stretch_row_content_no_spaces&#8221;][vc_column][wiso_banner style_banner=&#8221;simple&#8221; height=&#8221;full&#8221; style=&#8221;center_content&#8221; overlay=&#8221;yes&#8221; title=&#8221;Salonee &#038; Adrien&#8221; subtitle=&#8221;Mariage&#8221; image=&#8221;16380&#8243;][\/vc_column][\/vc_row][vc_row full_width=&#8221;stretch_row&#8221; desctop_mt=&#8221;margin-lg-50t&#8221; desctop_md_mt=&#8221;margin-md-50t&#8221; tablets_mt=&#8221;margin-sm-40t&#8221; mobile_mt=&#8221;margin-xs-25t&#8221; desctop_lg_pb=&#8221;padding-lg-30b&#8221; desctop_pb=&#8221;padding-md-30b&#8221; tablets_pb=&#8221;padding-sm-30b&#8221; mobile_pb=&#8221;padding-xs-20b&#8221; el_class=&#8221;xb mod-left mod-no-margin mod-portfolio-reversed&#8221;][vc_column offset=&#8221;vc_col-lg-3 vc_col-md-12&#8243;][vc_row_inner css=&#8221;.vc_custom_1737471190732{padding-top: 20px !important;padding-left: 2px !important;}&#8221;][vc_column_inner][vc_column_text]<strong>Date<\/strong><br \/>\n15 Juillet 2023<\/p>\n<p><strong>Clients<\/strong><br \/>\nSalonee &#038; Adrien[\/vc_column_text][\/vc_column_inner][\/vc_row_inner][vc_row_inner css=&#8221;.vc_custom_1737393329303{padding-top: 20px !important;}&#8221;][vc_column_inner][vc_raw_html]JTNDdWwlMjBjbGFzcyUzRCUyMnhiLXRhZ3MlMjBtb2QteWVsbG93JTIyJTNFJTBBJTNDbGklM0VNYXJpYWdlJTNDJTJGbGklM0UlMEElM0NsaSUzRUNoJUMzJUEydGVhdSUyMGRlJTIwbCUyN2hlcm1pdGFnZSUzQyUyRmxpJTNFJTBBJTNDbGklM0VQaG90b2dyYXBoZSUyMG1hcmlhZ2UlM0MlMkZsaSUzRSUwQSUzQ2xpJTNFQyVDMyVBOXIlQzMlQTltb25pZSUyMGxhJUMzJUFGcXVlJTNDJTJGbGklM0UlMEElM0NsaSUzRUl6b24lM0MlMkZsaSUzRSUwQSUzQ2xpJTNFUyVDMyVBOWFuY2UlMjBjb3VwbGUlM0MlMkZsaSUzRSUwQSUzQ2xpJTNFRG9yZG9nbmUlM0MlMkZsaSUzRSUwQSUzQyUyRnVsJTNF[\/vc_raw_html][\/vc_column_inner][\/vc_row_inner][\/vc_column][vc_column desctop_mb=&#8221;margin-lg-20b&#8221; desctop_md_mb=&#8221;margin-md-20b&#8221; tablets_mb=&#8221;margin-sm-20b&#8221; mobile_mb=&#8221;margin-xs-20b&#8221; offset=&#8221;vc_col-lg-9 vc_col-md-12&#8243;][vc_row_inner][vc_column_inner el_class=&#8221;xb-portofolio-title mod-wedding&#8221;][vc_column_text]Le mariage de Salonee &#038; Adrien au Ch\u00e2teau de l&#8217;Hermitage[\/vc_column_text][\/vc_column_inner][\/vc_row_inner][vc_column_text el_class=&#8221;paragraph&#8221; css=&#8221;.vc_custom_1738501090999{padding-top: 20px !important;}&#8221;]Salonee et Adrien ont choisi le magnifique Ch\u00e2teau de l\u2019Hermitage, pr\u00e8s de Bordeaux, pour c\u00e9l\u00e9brer leur mariage. Apr\u00e8s une<a href=\"\/seance-engagement-dune-du-pilat-salonee-adrien\/\"> s\u00e9ance engagement<\/a> sous un ciel orageux \u00e0 la Dune du Pilat, cette journ\u00e9e s\u2019annon\u00e7ait pleine d\u2019\u00e9motions et de beaux moments.<\/p>\n<p>Malgr\u00e9 un temps incertain, l\u2019ambiance est rest\u00e9e joyeuse du d\u00e9but \u00e0 la fin. Entre les pr\u00e9paratifs remplis de complicit\u00e9, un <em>first look<\/em> plein d\u2019\u00e9motion, une c\u00e9r\u00e9monie la\u00efque en plein air et une s\u00e9ance couple au bord de la Dordogne sous une lumi\u00e8re parfaite, tout \u00e9tait r\u00e9uni pour une journ\u00e9e m\u00e9morable.<\/p>\n<p>Retour en images sur ce mariage authentique et chaleureux dans un cadre enchanteur ![\/vc_column_text][\/vc_column][\/vc_row][vc_row full_width=&#8221;stretch_row&#8221;][vc_column css=&#8221;.vc_custom_1736606296420{padding-top: 0px !important;}&#8221;][vc_single_image image=&#8221;16414&#8243; img_size=&#8221;full&#8221; alignment=&#8221;center&#8221;][\/vc_column][\/vc_row][vc_row full_width=&#8221;stretch_row&#8221; desctop_mt=&#8221;margin-lg-20t&#8221; desctop_mb=&#8221;margin-lg-35b&#8221; desctop_md_mt=&#8221;margin-md-20t&#8221; desctop_md_mb=&#8221;margin-md-35b&#8221; tablets_mt=&#8221;margin-sm-20t&#8221; tablets_mb=&#8221;margin-sm-20b&#8221; mobile_mt=&#8221;margin-xs-40t&#8221; mobile_mb=&#8221;margin-xs-10b&#8221; el_class=&#8221;xb&#8221;][vc_column css=&#8221;.vc_custom_1737471490457{padding-top: 0px !important;}&#8221;][vc_column_text el_class=&#8221;xb-paragraph-header&#8221;]Les pr\u00e9paratifs[\/vc_column_text][vc_column_text]Apr\u00e8s une s\u00e9ance engagement sous un ciel orageux au pied de la Dune du Pilat, Salonee et Adrien ont choisi de se dire oui au Ch\u00e2teau de l\u2019Hermitage, \u00e0 Izon, pr\u00e8s de Bordeaux et en bordure de la Dordogne. Malgr\u00e9 un d\u00e9but de journ\u00e9e sous un ciel mena\u00e7ant, leur bonne humeur est rest\u00e9e intacte !<\/p>\n<p>Accompagn\u00e9 de mon ami vid\u00e9aste Thomas, j\u2019ai d\u00e9couvert ce lieu magnifique aux grandes pi\u00e8ces lumineuses et aux vastes ext\u00e9rieurs offrant une vue imprenable sur la Dordogne.<\/p>\n<p>Adrien a commenc\u00e9 ses pr\u00e9paratifs dans une \u00e9l\u00e9gante chambre du ch\u00e2teau, optant pour un costume bleu, un n\u0153ud papillon rose saumon et des chaussures marron, un choix raffin\u00e9 qui lui allait \u00e0 merveille. Pendant ce temps, Salonee, entour\u00e9e de sa s\u0153ur et de sa maman, profitait de pr\u00e9cieux instants de complicit\u00e9 avant de se pr\u00e9parer.[\/vc_column_text][\/vc_column][\/vc_row][vc_row full_width=&#8221;stretch_row&#8221;][vc_column css=&#8221;.vc_custom_1736606296420{padding-top: 0px !important;}&#8221;][vc_masonry_media_grid style=&#8221;lazy&#8221; items_per_page=&#8221;15&#8243; element_width=&#8221;6&#8243; gap=&#8221;15&#8243; initial_loading_animation=&#8221;fadeIn&#8221; grid_id=&#8221;vc_gid:1738919174298-87f86838-1d2d-2&#8243; include=&#8221;16381,16382,16383,16384,16385,16386,16387,16388,16389,16390,16391,16392,16393,16394,16395,16396,16397,16398,16399,16400,16401,16402,16403,16404,16405,16406,16407,16408,16409,16410,16411,16412,16413,16414,16415,16416,16417,16418,16419,16420,16421,16422,16423,16424,16425,16426,16427,16428,16429,16430,16431,16432,16433,16434,16435&#8243;][\/vc_column][\/vc_row][vc_row full_width=&#8221;stretch_row&#8221; desctop_mt=&#8221;margin-lg-20t&#8221; desctop_mb=&#8221;margin-lg-35b&#8221; desctop_md_mt=&#8221;margin-md-20t&#8221; desctop_md_mb=&#8221;margin-md-35b&#8221; tablets_mt=&#8221;margin-sm-20t&#8221; tablets_mb=&#8221;margin-sm-20b&#8221; mobile_mt=&#8221;margin-xs-40t&#8221; mobile_mb=&#8221;margin-xs-10b&#8221; el_class=&#8221;xb&#8221;][vc_column css=&#8221;.vc_custom_1737471490457{padding-top: 0px !important;}&#8221;][vc_column_text el_class=&#8221;xb-paragraph-header&#8221;]First look[\/vc_column_text][vc_column_text]L\u2019un des moments les plus attendus de la journ\u00e9e : le <em>first look<\/em>. Dans l\u2019un des salons du ch\u00e2teau, Salonee attendait Adrien pour ce moment intime et rempli d\u2019\u00e9motion. \u00c0 leur rencontre, les regards \u00e9chang\u00e9s en disaient long, et quelques larmes de joie ont coul\u00e9.<\/p>\n<p>Un toast au champagne et quelques photos de couple plus tard, il \u00e9tait temps de rejoindre les invit\u00e9s pour la c\u00e9r\u00e9monie.[\/vc_column_text][\/vc_column][\/vc_row][vc_row full_width=&#8221;stretch_row&#8221;][vc_column css=&#8221;.vc_custom_1736606296420{padding-top: 0px !important;}&#8221;][vc_masonry_media_grid style=&#8221;lazy&#8221; items_per_page=&#8221;15&#8243; element_width=&#8221;6&#8243; gap=&#8221;15&#8243; initial_loading_animation=&#8221;fadeIn&#8221; grid_id=&#8221;vc_gid:1738919174299-f87e0775-58b3-10&#8243; include=&#8221;16436,16437,16438,16439,16440,16441,16442,16443,16444,16445,16446,16447,16448,16449,16450,16451,16452,16453,16454&#8243;][\/vc_column][\/vc_row][vc_row full_width=&#8221;stretch_row&#8221; desctop_mt=&#8221;margin-lg-20t&#8221; desctop_mb=&#8221;margin-lg-35b&#8221; desctop_md_mt=&#8221;margin-md-20t&#8221; desctop_md_mb=&#8221;margin-md-35b&#8221; tablets_mt=&#8221;margin-sm-20t&#8221; tablets_mb=&#8221;margin-sm-20b&#8221; mobile_mt=&#8221;margin-xs-40t&#8221; mobile_mb=&#8221;margin-xs-10b&#8221; el_class=&#8221;xb&#8221;][vc_column css=&#8221;.vc_custom_1737471490457{padding-top: 0px !important;}&#8221;][vc_column_text el_class=&#8221;xb-paragraph-header&#8221;]C\u00e9r\u00e9monie la\u00efque[\/vc_column_text][vc_column_text]Malgr\u00e9 quelques nuages, Salonee et Adrien ont d\u00e9cid\u00e9 de maintenir leur c\u00e9r\u00e9monie et leur repas en ext\u00e9rieur. Et ils ont eu raison ! La pluie n\u2019a finalement pas g\u00e2ch\u00e9 ce moment unique.<\/p>\n<p>Leurs proches ont partag\u00e9 souvenirs et anecdotes, rendant cette c\u00e9r\u00e9monie encore plus personnelle et touchante. L\u2019\u00e9change des alliances, suivi d\u2019une pluie de confettis, a marqu\u00e9 le d\u00e9but des festivit\u00e9s dans une ambiance joyeuse et chaleureuse.[\/vc_column_text][\/vc_column][\/vc_row][vc_row full_width=&#8221;stretch_row&#8221;][vc_column css=&#8221;.vc_custom_1736606296420{padding-top: 0px !important;}&#8221;][vc_masonry_media_grid style=&#8221;lazy&#8221; items_per_page=&#8221;15&#8243; element_width=&#8221;6&#8243; gap=&#8221;15&#8243; initial_loading_animation=&#8221;fadeIn&#8221; grid_id=&#8221;vc_gid:1738919174299-0702769e-5a39-4&#8243; include=&#8221;16455,16456,16457,16458,16459,16460,16461,16462,16463,16464,16465,16466,16467,16468,16469,16470,16471,16472,16473,16474,16475,16476,16477,16478,16479,16480,16481,16482,16483,16484,16485,16486,16487,16488,16489,16490,16491,16492,16493,16494,16495,16496,16497,16498,16499,16500,16501,16502,16503,16504,16505,16506,16507,16508,16509&#8243;][\/vc_column][\/vc_row][vc_row full_width=&#8221;stretch_row&#8221; desctop_mt=&#8221;margin-lg-20t&#8221; desctop_mb=&#8221;margin-lg-35b&#8221; desctop_md_mt=&#8221;margin-md-20t&#8221; desctop_md_mb=&#8221;margin-md-35b&#8221; tablets_mt=&#8221;margin-sm-20t&#8221; tablets_mb=&#8221;margin-sm-20b&#8221; mobile_mt=&#8221;margin-xs-40t&#8221; mobile_mb=&#8221;margin-xs-10b&#8221; el_class=&#8221;xb&#8221;][vc_column css=&#8221;.vc_custom_1737471490457{padding-top: 0px !important;}&#8221;][vc_column_text el_class=&#8221;xb-paragraph-header&#8221;]S\u00e9ance couple[\/vc_column_text][vc_column_text]Apr\u00e8s les photos de groupe, place au cocktail ! Les invit\u00e9s ont pu profiter de d\u00e9licieux amuse-bouches dans le cadre enchanteur du ch\u00e2teau.<\/p>\n<p>Pendant ce temps, j\u2019ai emmen\u00e9 les mari\u00e9s pour une s\u00e9ance photo romantique au bord de la Dordogne. Le soleil a fini par percer les nuages, offrant une lumi\u00e8re douce et dor\u00e9e. Nous avons commenc\u00e9 sur un ponton surplombant la rivi\u00e8re, alternant entre photos et vid\u00e9os pour immortaliser ce moment.<\/p>\n<p>La s\u00e9ance s\u2019est termin\u00e9e dans un champ, parmi les ballots de paille, avec une belle lumi\u00e8re de <em>golden hour<\/em> pour cl\u00f4turer cette magnifique journ\u00e9e en images.<\/p>\n<p>Envie de suivre mes projets de\u00a0<strong>photographe de mariage<\/strong>\u00a0dans la r\u00e9gion de\u00a0<strong>Bordeaux<\/strong>\u00a0? Abonnez-vous vite \u00e0 mon compte\u00a0<strong>Instagram\u00a0<a href=\"https:\/\/www.instagram.com\/xavier.b.photography\" target=\"_new\" rel=\"noopener\">@xavier.b.photography<\/a><\/strong>\u00a0pour d\u00e9couvrir d\u2019autres\u00a0<strong>histoires de mariages uniques<\/strong>\u00a0![\/vc_column_text][\/vc_column][\/vc_row][vc_row full_width=&#8221;stretch_row&#8221;][vc_column css=&#8221;.vc_custom_1736606296420{padding-top: 0px !important;}&#8221;][vc_masonry_media_grid style=&#8221;lazy&#8221; items_per_page=&#8221;15&#8243; element_width=&#8221;6&#8243; gap=&#8221;15&#8243; initial_loading_animation=&#8221;fadeIn&#8221; grid_id=&#8221;vc_gid:1738919174300-12144de2-340c-6&#8243; include=&#8221;16510,16511,16512,16513,16514,16515,16516,16517,16518,16519,16520,16521,16522,16523,16524,16525,16526,16527,16528,16529,16530,16531,16532,16533,16534,16535,16536,16537,16538,16539,16540,16541,16542,16543,16544,16545,16546,16547,16548,16549,16550,16551,16552,16553,16554,16555,16556,16557,16558,16559,16560,16561,16562,16563,16564,16565,16566,16567,16568,16569,16570,16571,16572,16573&#8243;][\/vc_column][\/vc_row][vc_row full_width=&#8221;stretch_row&#8221; desctop_mt=&#8221;margin-lg-20t&#8221; desctop_md_mt=&#8221;margin-md-20t&#8221; tablets_mt=&#8221;margin-sm-20t&#8221; mobile_mt=&#8221;margin-xs-20t&#8221; css=&#8221;.vc_custom_1736937257690{background-image: url(\/wp-content\/uploads\/2025\/01\/Mariage-6.jpg?id=) !important;background-position: center !important;background-repeat: no-repeat !important;background-size: cover !important;}&#8221;][vc_column][wiso_testimonial color=&#8221;#ffffff&#8221;][wiso_testimonial_items author=&#8221;Salonee &#038; Adrien&#8221; position=&#8221;Wedding at Ch\u00e2teau de l&#8217;Hermitage&#8221;]Xavier a \u00e9t\u00e9 super. Ils nous a mis tr\u00e8s \u00e0 l&#8217;aise d\u00e8s la s\u00e9ance d&#8217;engagement et a su capturer toutes les \u00e9motions et les beaux moments de notre mariage![\/wiso_testimonial_items][\/wiso_testimonial][\/vc_column][\/vc_row][vc_row desctop_mt=&#8221;margin-lg-60t&#8221; desctop_mb=&#8221;margin-lg-35b&#8221; desctop_md_mt=&#8221;margin-md-60t&#8221; desctop_md_mb=&#8221;margin-md-35b&#8221; tablets_mt=&#8221;margin-sm-40t&#8221; tablets_mb=&#8221;margin-sm-20b&#8221; mobile_mt=&#8221;margin-xs-20t&#8221; mobile_mb=&#8221;margin-xs-10b&#8221; el_class=&#8221;xb-header&#8221;][vc_column css=&#8221;.vc_custom_1736943833000{padding-top: 0px !important;}&#8221;][wiso_headings style=&#8221;text_center&#8221; title=&#8221;Contactez-moi&#8221;][vc_column_text el_class=&#8221;.me&#8221;]<\/p>\n<p style=\"text-align: center;\">Vous aimez mon travail et vous pensez que je peux \u00eatre votre <strong>photographe<\/strong> ? Besoin de plus d&#8217;informations ou d&#8217;un devis personnalis\u00e9 ? Contactez-moi via ce formulaire, je vous r\u00e9pondrai rapidement !<\/p>\n<p>[\/vc_column_text][\/vc_column][\/vc_row][vc_row desctop_mb=&#8221;margin-lg-30b&#8221; desctop_md_mb=&#8221;margin-md-30b&#8221; tablets_mb=&#8221;margin-sm-20b&#8221; mobile_mb=&#8221;margin-xs-20b&#8221;][vc_column el_class=&#8221;contact-form-mariage&#8221;]<div role=\"form\" class=\"wpcf7\" id=\"wpcf7-f5982-o1\" lang=\"en\" dir=\"ltr\">\n<div class=\"screen-reader-response\"><p role=\"status\" aria-live=\"polite\" aria-atomic=\"true\"><\/p> <ul><\/ul><\/div>\n<form action=\"\/en\/wp-json\/wp\/v2\/pages\/16379#wpcf7-f5982-o1\" method=\"post\" class=\"wpcf7-form init\" novalidate=\"novalidate\" data-status=\"init\">\n<div style=\"display: none;\">\n<input type=\"hidden\" name=\"_wpcf7\" value=\"5982\" \/>\n<input type=\"hidden\" name=\"_wpcf7_version\" value=\"5.4.1\" \/>\n<input type=\"hidden\" name=\"_wpcf7_locale\" value=\"en\" \/>\n<input type=\"hidden\" name=\"_wpcf7_unit_tag\" value=\"wpcf7-f5982-o1\" \/>\n<input type=\"hidden\" name=\"_wpcf7_container_post\" value=\"0\" \/>\n<input type=\"hidden\" name=\"_wpcf7_posted_data_hash\" value=\"\" \/>\n<input type=\"hidden\" name=\"lang\" value=\"en\" \/>\n<\/div>\n<p><label> Lastname *<br \/>\n    <span class=\"wpcf7-form-control-wrap your-name\"><input type=\"text\" name=\"your-name\" value=\"\" size=\"40\" class=\"wpcf7-form-control wpcf7-text wpcf7-validates-as-required\" aria-required=\"true\" aria-invalid=\"false\" \/><\/span> <\/label><\/p>\n<p><label> Firstname *<br \/>\n    <span class=\"wpcf7-form-control-wrap your-firstname\"><input type=\"text\" name=\"your-firstname\" value=\"\" size=\"40\" class=\"wpcf7-form-control wpcf7-text wpcf7-validates-as-required\" aria-required=\"true\" aria-invalid=\"false\" \/><\/span> <\/label><\/p>\n<p><label> Email *<br \/>\n    <span class=\"wpcf7-form-control-wrap your-email\"><input type=\"email\" name=\"your-email\" value=\"\" size=\"40\" class=\"wpcf7-form-control wpcf7-text wpcf7-email wpcf7-validates-as-required wpcf7-validates-as-email\" aria-required=\"true\" aria-invalid=\"false\" \/><\/span> <\/label><\/p>\n<p><label> Phone number *<br \/>\n    <span class=\"wpcf7-form-control-wrap your-phone\"><input type=\"tel\" name=\"your-phone\" value=\"\" size=\"40\" class=\"wpcf7-form-control wpcf7-text wpcf7-tel wpcf7-validates-as-required wpcf7-validates-as-tel\" aria-required=\"true\" aria-invalid=\"false\" \/><\/span> <\/label><\/p>\n<p><label> Your message *<br \/>\n    <span class=\"wpcf7-form-control-wrap your-message\"><textarea name=\"your-message\" cols=\"40\" rows=\"10\" class=\"wpcf7-form-control wpcf7-textarea wpcf7-validates-as-required\" aria-required=\"true\" aria-invalid=\"false\"><\/textarea><\/span> <\/label><br \/>\n<div id=\"cf7sr-69f2b51a08008\" class=\"cf7sr-g-recaptcha\" data-theme=\"light\" data-type=\"image\" data-size=\"normal\" data-sitekey=\"6Lf0ZtYhAAAAAFckl5Aq4AEBi8EoLfMY-zzDwRwB\"><\/div><span class=\"wpcf7-form-control-wrap cf7sr-recaptcha\" data-name=\"cf7sr-recaptcha\"><input type=\"hidden\" name=\"cf7sr-recaptcha\" value=\"\" class=\"wpcf7-form-control\"><\/span><br \/>\n<input type=\"submit\" value=\"Send\" class=\"wpcf7-form-control wpcf7-submit\" \/><\/p>\n<p style=\"display: none !important;\" class=\"akismet-fields-container\" data-prefix=\"_wpcf7_ak_\"><label>&#916;<textarea name=\"_wpcf7_ak_hp_textarea\" cols=\"45\" rows=\"8\" maxlength=\"100\"><\/textarea><\/label><input type=\"hidden\" id=\"ak_js_1\" name=\"_wpcf7_ak_js\" value=\"69\"\/><script>document.getElementById( \"ak_js_1\" ).setAttribute( \"value\", ( new Date() ).getTime() );<\/script><\/p><div class=\"wpcf7-response-output\" aria-hidden=\"true\"><\/div><\/form><\/div>[\/vc_column][\/vc_row]<\/p>\n","protected":false},"excerpt":{"rendered":"<p>[vc_row full_width=&#8221;stretch_row_content_no_spaces&#8221;][vc_column][wiso_banner style_banner=&#8221;simple&#8221; height=&#8221;full&#8221; style=&#8221;center_content&#8221; overlay=&#8221;yes&#8221; title=&#8221;Salonee &#038; Adrien&#8221; subtitle=&#8221;Mariage&#8221; image=&#8221;16380&#8243;][\/vc_column][\/vc_row][vc_row full_width=&#8221;stretch_row&#8221; desctop_mt=&#8221;margin-lg-50t&#8221; desctop_md_mt=&#8221;margin-md-50t&#8221; tablets_mt=&#8221;margin-sm-40t&#8221; mobile_mt=&#8221;margin-xs-25t&#8221; desctop_lg_pb=&#8221;padding-lg-30b&#8221; desctop_pb=&#8221;padding-md-30b&#8221; tablets_pb=&#8221;padding-sm-30b&#8221; mobile_pb=&#8221;padding-xs-20b&#8221; el_class=&#8221;xb mod-left mod-no-margin mod-portfolio-reversed&#8221;][vc_column offset=&#8221;vc_col-lg-3 vc_col-md-12&#8243;][vc_row_inner css=&#8221;.vc_custom_1737471190732{padding-top: 20px !important;padding-left: 2px !important;}&#8221;][vc_column_inner][vc_column_text]Date 15 Juillet 2023 Clients Salonee &#038; Adrien[\/vc_column_text][\/vc_column_inner][\/vc_row_inner][vc_row_inner css=&#8221;.vc_custom_1737393329303{padding-top: 20px !important;}&#8221;][vc_column_inner][vc_raw_html]JTNDdWwlMjBjbGFzcyUzRCUyMnhiLXRhZ3MlMjBtb2QteWVsbG93JTIyJTNFJTBBJTNDbGklM0VNYXJpYWdlJTNDJTJGbGklM0UlMEElM0NsaSUzRUNoJUMzJUEydGVhdSUyMGRlJTIwbCUyN2hlcm1pdGFnZSUzQyUyRmxpJTNFJTBBJTNDbGklM0VQaG90b2dyYXBoZSUyMG1hcmlhZ2UlM0MlMkZsaSUzRSUwQSUzQ2xpJTNFQyVDMyVBOXIlQzMlQTltb25pZSUyMGxhJUMzJUFGcXVlJTNDJTJGbGklM0UlMEElM0NsaSUzRUl6b24lM0MlMkZsaSUzRSUwQSUzQ2xpJTNFUyVDMyVBOWFuY2UlMjBjb3VwbGUlM0MlMkZsaSUzRSUwQSUzQ2xpJTNFRG9yZG9nbmUlM0MlMkZsaSUzRSUwQSUzQyUyRnVsJTNF[\/vc_raw_html][\/vc_column_inner][\/vc_row_inner][\/vc_column][vc_column desctop_mb=&#8221;margin-lg-20b&#8221; desctop_md_mb=&#8221;margin-md-20b&#8221; tablets_mb=&#8221;margin-sm-20b&#8221; mobile_mb=&#8221;margin-xs-20b&#8221; offset=&#8221;vc_col-lg-9 vc_col-md-12&#8243;][vc_row_inner][vc_column_inner el_class=&#8221;xb-portofolio-title mod-wedding&#8221;][vc_column_text]Le mariage de Salonee &#038; Adrien au &#8230;<\/p>\n","protected":false},"author":1,"featured_media":16547,"parent":0,"menu_order":0,"comment_status":"closed","ping_status":"closed","template":"","meta":{"footnotes":""},"_links":{"self":[{"href":"https:\/\/www.xavierbellenger.com\/en\/wp-json\/wp\/v2\/pages\/16379"}],"collection":[{"href":"https:\/\/www.xavierbellenger.com\/en\/wp-json\/wp\/v2\/pages"}],"about":[{"href":"https:\/\/www.xavierbellenger.com\/en\/wp-json\/wp\/v2\/types\/page"}],"author":[{"embeddable":true,"href":"https:\/\/www.xavierbellenger.com\/en\/wp-json\/wp\/v2\/users\/1"}],"replies":[{"embeddable":true,"href":"https:\/\/www.xavierbellenger.com\/en\/wp-json\/wp\/v2\/comments?post=16379"}],"version-history":[{"count":6,"href":"https:\/\/www.xavierbellenger.com\/en\/wp-json\/wp\/v2\/pages\/16379\/revisions"}],"predecessor-version":[{"id":18359,"href":"https:\/\/www.xavierbellenger.com\/en\/wp-json\/wp\/v2\/pages\/16379\/revisions\/18359"}],"wp:featuredmedia":[{"embeddable":true,"href":"https:\/\/www.xavierbellenger.com\/en\/wp-json\/wp\/v2\/media\/16547"}],"wp:attachment":[{"href":"https:\/\/www.xavierbellenger.com\/en\/wp-json\/wp\/v2\/media?parent=16379"}],"curies":[{"name":"wp","href":"https:\/\/api.w.org\/{rel}","templated":true}]}}