{"id":16974,"date":"2023-01-06T10:00:17","date_gmt":"2023-01-06T09:00:17","guid":{"rendered":"https:\/\/www.xavierbellenger.com\/?page_id=16974"},"modified":"2025-02-04T15:02:44","modified_gmt":"2025-02-04T14:02:44","slug":"mariage-talence-peixotto-marion-francois","status":"publish","type":"page","link":"https:\/\/www.xavierbellenger.com\/en\/mariage-talence-peixotto-marion-francois\/","title":{"rendered":"Wedding in Talence &#8211; Marion &#038; Fran\u00e7ois"},"content":{"rendered":"<p>[vc_row full_width=&#8221;stretch_row_content_no_spaces&#8221;][vc_column][wiso_banner style_banner=&#8221;simple&#8221; height=&#8221;full&#8221; style=&#8221;center_content&#8221; overlay=&#8221;yes&#8221; title=&#8221;Marion &#038; Fran\u00e7ois&#8221; subtitle=&#8221;Mariage&#8221; image=&#8221;16975&#8243;][\/vc_column][\/vc_row][vc_row full_width=&#8221;stretch_row&#8221; desctop_mt=&#8221;margin-lg-50t&#8221; desctop_md_mt=&#8221;margin-md-50t&#8221; tablets_mt=&#8221;margin-sm-40t&#8221; mobile_mt=&#8221;margin-xs-25t&#8221; desctop_lg_pb=&#8221;padding-lg-30b&#8221; desctop_pb=&#8221;padding-md-30b&#8221; tablets_pb=&#8221;padding-sm-30b&#8221; mobile_pb=&#8221;padding-xs-20b&#8221; el_class=&#8221;xb mod-left mod-no-margin mod-portfolio-reversed&#8221;][vc_column offset=&#8221;vc_col-lg-3 vc_col-md-12&#8243;][vc_row_inner css=&#8221;.vc_custom_1737471190732{padding-top: 20px !important;padding-left: 2px !important;}&#8221;][vc_column_inner][vc_column_text]<strong>Date<\/strong><br \/>\n6 Janvier 2023<\/p>\n<p><strong>Clients<\/strong><br \/>\nMarion &#038; Fran\u00e7ois[\/vc_column_text][\/vc_column_inner][\/vc_row_inner][vc_row_inner css=&#8221;.vc_custom_1737393329303{padding-top: 20px !important;}&#8221;][vc_column_inner][vc_raw_html]JTNDdWwlMjBjbGFzcyUzRCUyMnhiLXRhZ3MlMjBtb2QteWVsbG93JTIyJTNFJTBBJTNDbGklM0VNYXJpYWdlJTNDJTJGbGklM0UlMEElM0NsaSUzRVRhbGVuY2UlM0MlMkZsaSUzRSUwQSUzQ2xpJTNFUGhvdG9ncmFwaGUlMjBtYXJpYWdlJTNDJTJGbGklM0UlMEElM0NsaSUzRUMlQzMlQTlyJUMzJUE5bW9uaWUlMjBjaXZpbGUlM0MlMkZsaSUzRSUwQSUzQ2xpJTNFUGFyYyUyMHBlaXhvdHRvJTNDJTJGbGklM0UlMEElM0NsaSUzRVMlQzMlQTlhbmNlJTIwY291cGxlJTNDJTJGbGklM0UlMEElM0MlMkZ1bCUzRQ==[\/vc_raw_html][\/vc_column_inner][\/vc_row_inner][\/vc_column][vc_column desctop_mb=&#8221;margin-lg-20b&#8221; desctop_md_mb=&#8221;margin-md-20b&#8221; tablets_mb=&#8221;margin-sm-20b&#8221; mobile_mb=&#8221;margin-xs-20b&#8221; offset=&#8221;vc_col-lg-9 vc_col-md-12&#8243;][vc_row_inner][vc_column_inner el_class=&#8221;xb-portofolio-title mod-wedding&#8221;][vc_column_text]Le mariage de Marion &#038; Fran\u00e7ois au Parc Peixotto de Talence[\/vc_column_text][\/vc_column_inner][\/vc_row_inner][vc_column_text el_class=&#8221;paragraph&#8221; css=&#8221;.vc_custom_1738676696482{padding-top: 20px !important;}&#8221;]Marion et Fran\u00e7ois ont choisi de c\u00e9l\u00e9brer leur mariage civil \u00e0 la mairie de Talence, entour\u00e9s de leurs proches. Par une belle journ\u00e9e d\u2019hiver ensoleill\u00e9e, l\u2019\u00e9motion \u00e9tait au rendez-vous, depuis l\u2019arriv\u00e9e de Marion au bras de son p\u00e8re jusqu\u2019\u00e0 l\u2019\u00e9change des v\u0153ux et du baiser final.<\/p>\n<p>Apr\u00e8s cette belle c\u00e9r\u00e9monie, nous avons profit\u00e9 du cadre charmant du parc Peixotto pour une s\u00e9ance photo en amoureux. La lumi\u00e8re douce de janvier offrait une atmosph\u00e8re parfaite pour capturer des instants de complicit\u00e9 et de tendresse.<\/p>\n<p>Un mariage simple, \u00e9l\u00e9gant et rempli d\u2019\u00e9motion, qui restera grav\u00e9 dans leurs souvenirs. Retour en images sur cette magnifique journ\u00e9e ![\/vc_column_text][\/vc_column][\/vc_row][vc_row full_width=&#8221;stretch_row&#8221;][vc_column css=&#8221;.vc_custom_1736606296420{padding-top: 0px !important;}&#8221;][vc_single_image image=&#8221;16976&#8243; img_size=&#8221;full&#8221; alignment=&#8221;center&#8221;][\/vc_column][\/vc_row][vc_row full_width=&#8221;stretch_row&#8221; desctop_mt=&#8221;margin-lg-20t&#8221; desctop_mb=&#8221;margin-lg-35b&#8221; desctop_md_mt=&#8221;margin-md-20t&#8221; desctop_md_mb=&#8221;margin-md-35b&#8221; tablets_mt=&#8221;margin-sm-20t&#8221; tablets_mb=&#8221;margin-sm-20b&#8221; mobile_mt=&#8221;margin-xs-40t&#8221; mobile_mb=&#8221;margin-xs-10b&#8221; el_class=&#8221;xb&#8221;][vc_column css=&#8221;.vc_custom_1737471490457{padding-top: 0px !important;}&#8221;][vc_column_text el_class=&#8221;xb-paragraph-header&#8221;]Union civile[\/vc_column_text][vc_column_text]Marion recherchait un photographe pour capturer son mariage civil \u00e0 la mairie de Talence. C\u2019est ainsi qu\u2019en ce beau jour d\u2019hiver ensoleill\u00e9 de janvier, je les ai retrouv\u00e9s au parc Peixotto.<\/p>\n<p>Fran\u00e7ois est d\u00e9j\u00e0 sur place, entour\u00e9 de ses t\u00e9moins, amis et famille, attendant sereinement l\u2019arriv\u00e9e de sa future femme. J\u2019en profite pour capturer quelques portraits de lui, des invit\u00e9s et des enfants pr\u00e9sents.<\/p>\n<p>Marion arrive alors au bras de son p\u00e8re, avan\u00e7ant vers la mairie. L\u2019\u00e9motion est palpable lorsque Fran\u00e7ois la d\u00e9couvre dans sa magnifique robe. Les invit\u00e9s prennent place dans la salle de mariage, o\u00f9 un moment inattendu se produit : Fran\u00e7ois met un genou \u00e0 terre et offre une bague \u00e0 Marion. \u00c9mue aux larmes, elle accepte avec joie.<\/p>\n<p>La c\u00e9r\u00e9monie se poursuit avec l\u2019\u00e9change des v\u0153ux et un baiser digne d\u2019un film romantique. \u00c0 leur sortie, une haie d\u2019honneur form\u00e9e par leurs proches les attend sur les marches de la mairie, ajoutant une belle touche de convivialit\u00e9 \u00e0 ce moment.[\/vc_column_text][\/vc_column][\/vc_row][vc_row full_width=&#8221;stretch_row&#8221;][vc_column css=&#8221;.vc_custom_1736606296420{padding-top: 0px !important;}&#8221;][vc_masonry_media_grid style=&#8221;lazy&#8221; items_per_page=&#8221;15&#8243; element_width=&#8221;6&#8243; gap=&#8221;15&#8243; initial_loading_animation=&#8221;fadeIn&#8221; grid_id=&#8221;vc_gid:1738676638805-2bbf693c-9c17-7&#8243; include=&#8221;16977,16978,16979,16980,16981,16982,16983,16984,16985,16986,16987,16988,16989,16990,16991,16992,16993,16994,16995,16996,16997,16998,16999,17000,17001,17002,17003,17004,17005,17006,17007,17008,17009,17010,17011,17012,17013,17014,17015,17016,17017,17018,17019,17020,17021,17022,17023,17024,17025,17026,17027,17028,17029,17030,17031&#8243;][\/vc_column][\/vc_row][vc_row full_width=&#8221;stretch_row&#8221; desctop_mt=&#8221;margin-lg-20t&#8221; desctop_mb=&#8221;margin-lg-35b&#8221; desctop_md_mt=&#8221;margin-md-20t&#8221; desctop_md_mb=&#8221;margin-md-35b&#8221; tablets_mt=&#8221;margin-sm-20t&#8221; tablets_mb=&#8221;margin-sm-20b&#8221; mobile_mt=&#8221;margin-xs-40t&#8221; mobile_mb=&#8221;margin-xs-10b&#8221; el_class=&#8221;xb&#8221;][vc_column css=&#8221;.vc_custom_1737471490457{padding-top: 0px !important;}&#8221;][vc_column_text el_class=&#8221;xb-paragraph-header&#8221;]S\u00e9ance couple[\/vc_column_text][vc_column_text]Avant de rejoindre la r\u00e9ception, nous profitons du magnifique cadre du parc Peixotto pour une s\u00e9ance photo en amoureux. La lumi\u00e8re hivernale offre une ambiance douce et chaleureuse, parfaite pour capturer leur complicit\u00e9.<\/p>\n<p>Nous nous promenons dans le parc, r\u00e9alisant des portraits naturels et spontan\u00e9s. La s\u00e9ance se termine sur le petit pont pittoresque au fond du parc, un d\u00e9cor id\u00e9al pour immortaliser ce moment privil\u00e9gi\u00e9.<\/p>\n<p>Il est alors temps pour Marion et Fran\u00e7ois de retrouver leurs invit\u00e9s et de poursuivre cette belle journ\u00e9e de c\u00e9l\u00e9bration !<\/p>\n<p>Suivez-moi sur Instagram <a href=\"https:\/\/www.instagram.com\/xavier.b.photography\" target=\"_blank\" rel=\"noopener\">@xavier.b.photography<\/a> pour d\u00e9couvrir d\u2019autres mariages et moments uniques ![\/vc_column_text][\/vc_column][\/vc_row][vc_row full_width=&#8221;stretch_row&#8221;][vc_column css=&#8221;.vc_custom_1736606296420{padding-top: 0px !important;}&#8221;][vc_masonry_media_grid style=&#8221;lazy&#8221; items_per_page=&#8221;15&#8243; element_width=&#8221;6&#8243; gap=&#8221;15&#8243; initial_loading_animation=&#8221;fadeIn&#8221; grid_id=&#8221;vc_gid:1738676638805-56a52d59-1dcb-6&#8243; include=&#8221;17032,17033,17034,17035,17036,17037,17038,17039,17040,17041,17042,17043,17044,17045,17046,17047,17048,17049,17050,17051,17052,17053,17054,17055,17056&#8243;][\/vc_column][\/vc_row][vc_row full_width=&#8221;stretch_row&#8221; desctop_mt=&#8221;margin-lg-20t&#8221; desctop_md_mt=&#8221;margin-md-20t&#8221; tablets_mt=&#8221;margin-sm-20t&#8221; mobile_mt=&#8221;margin-xs-20t&#8221; css=&#8221;.vc_custom_1736937257690{background-image: url(\/wp-content\/uploads\/2025\/01\/Mariage-6.jpg?id=) !important;background-position: center !important;background-repeat: no-repeat !important;background-size: cover !important;}&#8221;][vc_column][wiso_testimonial loop=&#8221;true&#8221; color=&#8221;#ffffff&#8221;][wiso_testimonial_items author=&#8221;Mathilde &#038; Romain&#8221; position=&#8221;Mariage au Ch\u00e2teau de Garde&#8221;]&#8221;Nous avons fait appel \u00e0 Xavier pour nous accompagner le temps de notre mariage civil et d&#8217;une s\u00e9ance photo en couple dans le parc de la ville apr\u00e8s la c\u00e9r\u00e9monie. Nous avons pass\u00e9 un super moment et Xavier a tout de suite su nous mettre \u00e0 l&#8217;aise ! Le d\u00e9lai de r\u00e9ception des photos a \u00e9t\u00e9 plus que rapide et le r\u00e9sultat magnifique. Les photos sont d&#8217;une tr\u00e8s grande qualit\u00e9 et Xavier a su capturer ce moment si important pour nous. Merci encore !&#8221;[\/wiso_testimonial_items][\/wiso_testimonial][\/vc_column][\/vc_row][vc_row desctop_mt=&#8221;margin-lg-60t&#8221; desctop_mb=&#8221;margin-lg-35b&#8221; desctop_md_mt=&#8221;margin-md-60t&#8221; desctop_md_mb=&#8221;margin-md-35b&#8221; tablets_mt=&#8221;margin-sm-40t&#8221; tablets_mb=&#8221;margin-sm-20b&#8221; mobile_mt=&#8221;margin-xs-20t&#8221; mobile_mb=&#8221;margin-xs-10b&#8221; el_class=&#8221;xb-header&#8221;][vc_column css=&#8221;.vc_custom_1736943833000{padding-top: 0px !important;}&#8221;][wiso_headings style=&#8221;text_center&#8221; title=&#8221;Contactez-moi&#8221;][vc_column_text el_class=&#8221;.me&#8221;]<\/p>\n<p style=\"text-align: center;\">Vous aimez mon travail et vous pensez que je peux \u00eatre votre <strong>photographe<\/strong> ? Besoin de plus d&#8217;informations ou d&#8217;un devis personnalis\u00e9 ? Contactez-moi via ce formulaire, je vous r\u00e9pondrai rapidement !<\/p>\n<p>[\/vc_column_text][\/vc_column][\/vc_row][vc_row desctop_mb=&#8221;margin-lg-30b&#8221; desctop_md_mb=&#8221;margin-md-30b&#8221; tablets_mb=&#8221;margin-sm-20b&#8221; mobile_mb=&#8221;margin-xs-20b&#8221;][vc_column el_class=&#8221;contact-form-mariage&#8221;]<div role=\"form\" class=\"wpcf7\" id=\"wpcf7-f5982-o1\" lang=\"en\" dir=\"ltr\">\n<div class=\"screen-reader-response\"><p role=\"status\" aria-live=\"polite\" aria-atomic=\"true\"><\/p> <ul><\/ul><\/div>\n<form action=\"\/en\/wp-json\/wp\/v2\/pages\/16974#wpcf7-f5982-o1\" method=\"post\" class=\"wpcf7-form init\" novalidate=\"novalidate\" data-status=\"init\">\n<div style=\"display: none;\">\n<input type=\"hidden\" name=\"_wpcf7\" value=\"5982\" \/>\n<input type=\"hidden\" name=\"_wpcf7_version\" value=\"5.4.1\" \/>\n<input type=\"hidden\" name=\"_wpcf7_locale\" value=\"en\" \/>\n<input type=\"hidden\" name=\"_wpcf7_unit_tag\" value=\"wpcf7-f5982-o1\" \/>\n<input type=\"hidden\" name=\"_wpcf7_container_post\" value=\"0\" \/>\n<input type=\"hidden\" name=\"_wpcf7_posted_data_hash\" value=\"\" \/>\n<input type=\"hidden\" name=\"lang\" value=\"en\" \/>\n<\/div>\n<p><label> Lastname *<br \/>\n    <span class=\"wpcf7-form-control-wrap your-name\"><input type=\"text\" name=\"your-name\" value=\"\" size=\"40\" class=\"wpcf7-form-control wpcf7-text wpcf7-validates-as-required\" aria-required=\"true\" aria-invalid=\"false\" \/><\/span> <\/label><\/p>\n<p><label> Firstname *<br \/>\n    <span class=\"wpcf7-form-control-wrap your-firstname\"><input type=\"text\" name=\"your-firstname\" value=\"\" size=\"40\" class=\"wpcf7-form-control wpcf7-text wpcf7-validates-as-required\" aria-required=\"true\" aria-invalid=\"false\" \/><\/span> <\/label><\/p>\n<p><label> Email *<br \/>\n    <span class=\"wpcf7-form-control-wrap your-email\"><input type=\"email\" name=\"your-email\" value=\"\" size=\"40\" class=\"wpcf7-form-control wpcf7-text wpcf7-email wpcf7-validates-as-required wpcf7-validates-as-email\" aria-required=\"true\" aria-invalid=\"false\" \/><\/span> <\/label><\/p>\n<p><label> Phone number *<br \/>\n    <span class=\"wpcf7-form-control-wrap your-phone\"><input type=\"tel\" name=\"your-phone\" value=\"\" size=\"40\" class=\"wpcf7-form-control wpcf7-text wpcf7-tel wpcf7-validates-as-required wpcf7-validates-as-tel\" aria-required=\"true\" aria-invalid=\"false\" \/><\/span> <\/label><\/p>\n<p><label> Your message *<br \/>\n    <span class=\"wpcf7-form-control-wrap your-message\"><textarea name=\"your-message\" cols=\"40\" rows=\"10\" class=\"wpcf7-form-control wpcf7-textarea wpcf7-validates-as-required\" aria-required=\"true\" aria-invalid=\"false\"><\/textarea><\/span> <\/label><br \/>\n<div id=\"cf7sr-69f2ba3dea81b\" class=\"cf7sr-g-recaptcha\" data-theme=\"light\" data-type=\"image\" data-size=\"normal\" data-sitekey=\"6Lf0ZtYhAAAAAFckl5Aq4AEBi8EoLfMY-zzDwRwB\"><\/div><span class=\"wpcf7-form-control-wrap cf7sr-recaptcha\" data-name=\"cf7sr-recaptcha\"><input type=\"hidden\" name=\"cf7sr-recaptcha\" value=\"\" class=\"wpcf7-form-control\"><\/span><br \/>\n<input type=\"submit\" value=\"Send\" class=\"wpcf7-form-control wpcf7-submit\" \/><\/p>\n<p style=\"display: none !important;\" class=\"akismet-fields-container\" data-prefix=\"_wpcf7_ak_\"><label>&#916;<textarea name=\"_wpcf7_ak_hp_textarea\" cols=\"45\" rows=\"8\" maxlength=\"100\"><\/textarea><\/label><input type=\"hidden\" id=\"ak_js_1\" name=\"_wpcf7_ak_js\" value=\"99\"\/><script>document.getElementById( \"ak_js_1\" ).setAttribute( \"value\", ( new Date() ).getTime() );<\/script><\/p><div class=\"wpcf7-response-output\" aria-hidden=\"true\"><\/div><\/form><\/div>[\/vc_column][\/vc_row]<\/p>\n","protected":false},"excerpt":{"rendered":"<p>[vc_row full_width=&#8221;stretch_row_content_no_spaces&#8221;][vc_column][wiso_banner style_banner=&#8221;simple&#8221; height=&#8221;full&#8221; style=&#8221;center_content&#8221; overlay=&#8221;yes&#8221; title=&#8221;Marion &#038; Fran\u00e7ois&#8221; subtitle=&#8221;Mariage&#8221; image=&#8221;16975&#8243;][\/vc_column][\/vc_row][vc_row full_width=&#8221;stretch_row&#8221; desctop_mt=&#8221;margin-lg-50t&#8221; desctop_md_mt=&#8221;margin-md-50t&#8221; tablets_mt=&#8221;margin-sm-40t&#8221; mobile_mt=&#8221;margin-xs-25t&#8221; desctop_lg_pb=&#8221;padding-lg-30b&#8221; desctop_pb=&#8221;padding-md-30b&#8221; tablets_pb=&#8221;padding-sm-30b&#8221; mobile_pb=&#8221;padding-xs-20b&#8221; el_class=&#8221;xb mod-left mod-no-margin mod-portfolio-reversed&#8221;][vc_column offset=&#8221;vc_col-lg-3 vc_col-md-12&#8243;][vc_row_inner css=&#8221;.vc_custom_1737471190732{padding-top: 20px !important;padding-left: 2px !important;}&#8221;][vc_column_inner][vc_column_text]Date 6 Janvier 2023 Clients Marion &#038; Fran\u00e7ois[\/vc_column_text][\/vc_column_inner][\/vc_row_inner][vc_row_inner css=&#8221;.vc_custom_1737393329303{padding-top: 20px !important;}&#8221;][vc_column_inner][vc_raw_html]JTNDdWwlMjBjbGFzcyUzRCUyMnhiLXRhZ3MlMjBtb2QteWVsbG93JTIyJTNFJTBBJTNDbGklM0VNYXJpYWdlJTNDJTJGbGklM0UlMEElM0NsaSUzRVRhbGVuY2UlM0MlMkZsaSUzRSUwQSUzQ2xpJTNFUGhvdG9ncmFwaGUlMjBtYXJpYWdlJTNDJTJGbGklM0UlMEElM0NsaSUzRUMlQzMlQTlyJUMzJUE5bW9uaWUlMjBjaXZpbGUlM0MlMkZsaSUzRSUwQSUzQ2xpJTNFUGFyYyUyMHBlaXhvdHRvJTNDJTJGbGklM0UlMEElM0NsaSUzRVMlQzMlQTlhbmNlJTIwY291cGxlJTNDJTJGbGklM0UlMEElM0MlMkZ1bCUzRQ==[\/vc_raw_html][\/vc_column_inner][\/vc_row_inner][\/vc_column][vc_column desctop_mb=&#8221;margin-lg-20b&#8221; desctop_md_mb=&#8221;margin-md-20b&#8221; tablets_mb=&#8221;margin-sm-20b&#8221; mobile_mb=&#8221;margin-xs-20b&#8221; offset=&#8221;vc_col-lg-9 vc_col-md-12&#8243;][vc_row_inner][vc_column_inner el_class=&#8221;xb-portofolio-title mod-wedding&#8221;][vc_column_text]Le mariage de Marion &#038; Fran\u00e7ois au &#8230;<\/p>\n","protected":false},"author":1,"featured_media":16975,"parent":0,"menu_order":0,"comment_status":"closed","ping_status":"closed","template":"","meta":{"footnotes":""},"_links":{"self":[{"href":"https:\/\/www.xavierbellenger.com\/en\/wp-json\/wp\/v2\/pages\/16974"}],"collection":[{"href":"https:\/\/www.xavierbellenger.com\/en\/wp-json\/wp\/v2\/pages"}],"about":[{"href":"https:\/\/www.xavierbellenger.com\/en\/wp-json\/wp\/v2\/types\/page"}],"author":[{"embeddable":true,"href":"https:\/\/www.xavierbellenger.com\/en\/wp-json\/wp\/v2\/users\/1"}],"replies":[{"embeddable":true,"href":"https:\/\/www.xavierbellenger.com\/en\/wp-json\/wp\/v2\/comments?post=16974"}],"version-history":[{"count":2,"href":"https:\/\/www.xavierbellenger.com\/en\/wp-json\/wp\/v2\/pages\/16974\/revisions"}],"predecessor-version":[{"id":17058,"href":"https:\/\/www.xavierbellenger.com\/en\/wp-json\/wp\/v2\/pages\/16974\/revisions\/17058"}],"wp:featuredmedia":[{"embeddable":true,"href":"https:\/\/www.xavierbellenger.com\/en\/wp-json\/wp\/v2\/media\/16975"}],"wp:attachment":[{"href":"https:\/\/www.xavierbellenger.com\/en\/wp-json\/wp\/v2\/media?parent=16974"}],"curies":[{"name":"wp","href":"https:\/\/api.w.org\/{rel}","templated":true}]}}