{"id":9548,"date":"2025-01-19T20:08:50","date_gmt":"2025-01-19T19:08:50","guid":{"rendered":"https:\/\/new.xavierbellenger.com\/?page_id=9548"},"modified":"2025-02-07T14:34:30","modified_gmt":"2025-02-07T13:34:30","slug":"domaine-de-guillemin","status":"publish","type":"page","link":"https:\/\/www.xavierbellenger.com\/en\/domaine-de-guillemin\/","title":{"rendered":"Domaine de Guillemin"},"content":{"rendered":"<p>[vc_row full_width=&#8221;stretch_row_content_no_spaces&#8221;][vc_column][wiso_banner style_banner=&#8221;simple&#8221; height=&#8221;full&#8221; style=&#8221;center_content&#8221; overlay=&#8221;yes&#8221; title=&#8221;Domaine de Guillemin&#8221; image=&#8221;9130&#8243; subtitle=&#8221;Votre mariage au&#8221;][\/vc_column][\/vc_row][vc_row full_width=&#8221;stretch_row&#8221; el_class=&#8221;xb-header&#8221; css=&#8221;.vc_custom_1737213692236{background-color: #fdf9f6 !important;}&#8221;][vc_column][wiso_headings style=&#8221;text_center&#8221; title=&#8221;Lieu unique&#8221; subtitle=&#8221;Les atouts de ce&#8221;][\/vc_column][\/vc_row][vc_row full_width=&#8221;stretch_row&#8221; gap=&#8221;35&#8243; equal_height=&#8221;yes&#8221; content_placement=&#8221;top&#8221; el_class=&#8221;xb mod-number mod-left&#8221; css=&#8221;.vc_custom_1736865173473{background-color: #fdf9f6 !important;}&#8221;][vc_column width=&#8221;1\/2&#8243; css=&#8221;.vc_custom_1736691497929{padding-top: 20px !important;}&#8221;][vc_column_text el_class=&#8221;underlined-header&#8221;]Le lieu[\/vc_column_text][vc_single_image image=&#8221;9134&#8243; img_size=&#8221;full&#8221;][vc_separator align=&#8221;align_left&#8221; el_width=&#8221;30&#8243; css=&#8221;.vc_custom_1736594237003{padding-top: 40px !important;padding-bottom: 30px !important;}&#8221;][vc_column_text css=&#8221;.vc_custom_1737314017703{margin-bottom: 20px !important;}&#8221;]Le <strong>Domaine de Guillemin<\/strong>, situ\u00e9 \u00e0 <strong>Saint-Louis-de-Montferrand<\/strong>, est un v\u00e9ritable \u00e9crin de charme nich\u00e9 au c\u0153ur des vignobles bordelais. \u00c0 seulement <strong>quelques kilom\u00e8tres de Bordeaux<\/strong>, ce lieu d&#8217;exception offre un cadre naturel et romantique, id\u00e9al pour c\u00e9l\u00e9brer votre mariage dans une <strong>ambiance paisible et raffin\u00e9e<\/strong>. Entour\u00e9 de paysages pittoresques et d\u2019une architecture \u00e9l\u00e9gante, le domaine est une invitation \u00e0 vivre des moments de pure magie avec vos proches.[\/vc_column_text][\/vc_column][vc_column width=&#8221;1\/2&#8243; css=&#8221;.vc_custom_1736865710160{padding-top: 20px !important;}&#8221;][vc_column_text el_class=&#8221;underlined-header&#8221;]La salle de r\u00e9ception[\/vc_column_text][vc_single_image image=&#8221;9146&#8243; img_size=&#8221;full&#8221;][vc_separator align=&#8221;align_left&#8221; el_width=&#8221;30&#8243; css=&#8221;.vc_custom_1736594237003{padding-top: 40px !important;padding-bottom: 30px !important;}&#8221;][vc_column_text css=&#8221;.vc_custom_1737314055943{margin-bottom: 20px !important;}&#8221;]Avec sa <strong>salle de r\u00e9ception de 135 m\u00b2<\/strong> pouvant accueillir confortablement <strong>entre 90 et 120 invit\u00e9s<\/strong>, le Domaine de Guillemin vous garantit un espace \u00e0 la fois spacieux et chaleureux.<strong> Une mezzanine de 40 m\u00b2<\/strong> compl\u00e8te cet espace pour des moments plus intimes, tandis qu\u2019une <strong>terrasse couverte de 80 m\u00b2<\/strong> permet d\u2019organiser un vin d\u2019honneur ou une c\u00e9r\u00e9monie en plein air. Le v<strong>aste parc de 3000 m\u00b2<\/strong> offre \u00e9galement un cadre idyllique pour personnaliser chaque instant de votre journ\u00e9e, que ce soit pour des s\u00e9ances photo ou des cocktails en ext\u00e9rieur.[\/vc_column_text][\/vc_column][\/vc_row][vc_row full_width=&#8221;stretch_row&#8221; gap=&#8221;35&#8243; equal_height=&#8221;yes&#8221; content_placement=&#8221;top&#8221; el_class=&#8221;xb mod-number mod-left&#8221; css=&#8221;.vc_custom_1736865173473{background-color: #fdf9f6 !important;}&#8221;][vc_column width=&#8221;1\/2&#8243; css=&#8221;.vc_custom_1736691497929{padding-top: 20px !important;}&#8221;][vc_column_text el_class=&#8221;underlined-header&#8221;]Votre c\u00e9r\u00e9monie[\/vc_column_text][vc_single_image image=&#8221;9143&#8243; img_size=&#8221;full&#8221;][vc_separator align=&#8221;align_left&#8221; el_width=&#8221;30&#8243; css=&#8221;.vc_custom_1736594237003{padding-top: 40px !important;padding-bottom: 30px !important;}&#8221;][vc_column_text css=&#8221;.vc_custom_1737314095803{margin-bottom: 20px !important;}&#8221;]Imaginez <strong>\u00e9changer vos v\u0153ux<\/strong> dans un cadre enchanteur, entour\u00e9 par les <strong>vignobles<\/strong> et la nature verdoyante. La<strong> terrasse couverte<\/strong> ou le <strong>parc du domaine<\/strong> sont des lieux parfaits pour organiser une <strong>c\u00e9r\u00e9monie la\u00efque<\/strong> ou un cocktail, offrant \u00e0 vos invit\u00e9s une ambiance \u00e9l\u00e9gante et sereine. Ces espaces modulables vous permettent de cr\u00e9er une c\u00e9l\u00e9bration qui refl\u00e8te pleinement votre personnalit\u00e9 et vos envies.[\/vc_column_text][\/vc_column][vc_column width=&#8221;1\/2&#8243; css=&#8221;.vc_custom_1736865710160{padding-top: 20px !important;}&#8221;][vc_column_text el_class=&#8221;underlined-header&#8221;]Les h\u00e9bergements[\/vc_column_text][vc_single_image image=&#8221;9128&#8243; img_size=&#8221;full&#8221;][vc_separator align=&#8221;align_left&#8221; el_width=&#8221;30&#8243; css=&#8221;.vc_custom_1736594237003{padding-top: 40px !important;padding-bottom: 30px !important;}&#8221;][vc_column_text css=&#8221;.vc_custom_1737314138439{margin-bottom: 20px !important;}&#8221;]Pour prolonger les festivit\u00e9s en toute s\u00e9r\u00e9nit\u00e9, le Domaine de Guillemin propose des <strong>h\u00e9bergements<\/strong> confortables et \u00e9l\u00e9gants sur place. <strong>Le G\u00eete Paradise et le G\u00eete Passion<\/strong> peuvent accueillir respectivement <strong>jusqu\u2019\u00e0 16 et 8 personnes<\/strong>, tandis qu\u2019un <strong>dortoir spacieux<\/strong> offre une capacit\u00e9 suppl\u00e9mentaire pour <strong>20 invit\u00e9s<\/strong>. Ces options d\u2019h\u00e9bergement permettent \u00e0 vos proches de profiter pleinement de la soir\u00e9e sans se soucier du transport, tout en se reposant dans un cadre luxueux et convivial.[\/vc_column_text][\/vc_column][\/vc_row][vc_row desctop_mt=&#8221;margin-lg-60t&#8221; desctop_mb=&#8221;margin-lg-20b&#8221; desctop_md_mt=&#8221;margin-md-60t&#8221; desctop_md_mb=&#8221;margin-md-20b&#8221; tablets_mt=&#8221;margin-sm-40t&#8221; tablets_mb=&#8221;margin-sm-5b&#8221; mobile_mt=&#8221;margin-xs-30t&#8221; el_class=&#8221;xb-header&#8221;][vc_column css=&#8221;.vc_custom_1736863644773{padding-top: 0px !important;}&#8221;][wiso_headings style=&#8221;text_center&#8221; title=&#8221;Images&#8221; subtitle=&#8221;D\u00e9couvrez en plus gr\u00e2ce \u00e0 ces quelques&#8221;][\/vc_column][\/vc_row][vc_row full_width=&#8221;stretch_row_content_no_spaces&#8221; gap=&#8221;30&#8243; desctop_mb=&#8221;margin-lg-0b&#8221; desctop_md_mb=&#8221;margin-md-0b&#8221; tablets_mb=&#8221;margin-sm-0b&#8221; mobile_mb=&#8221;margin-xs-0b&#8221; css=&#8221;.vc_custom_1737099575300{background-color: #101820 !important;}&#8221;][vc_column css=&#8221;.vc_custom_1736606296420{padding-top: 0px !important;}&#8221;][vc_row_inner][vc_column_inner css=&#8221;.vc_custom_1736685574917{margin-bottom: 20px !important;}&#8221;][vc_masonry_media_grid element_width=&#8221;3&#8243; gap=&#8221;15&#8243; initial_loading_animation=&#8221;fadeIn&#8221; grid_id=&#8221;vc_gid:1737902267199-9151b19a-e3c1-6&#8243; include=&#8221;9130,9150,9127,9145,9137,9149,9133,9148,9147,9146,9144,9136,9142,9143,9141,9140,9139,9138,9135,9134,9132,9131,9129&#8243;][\/vc_column_inner][\/vc_row_inner][\/vc_column][\/vc_row][vc_row desctop_mt=&#8221;margin-lg-60t&#8221; desctop_mb=&#8221;margin-lg-35b&#8221; desctop_md_mt=&#8221;margin-md-60t&#8221; desctop_md_mb=&#8221;margin-md-35b&#8221; tablets_mt=&#8221;margin-sm-40t&#8221; tablets_mb=&#8221;margin-sm-20b&#8221; mobile_mt=&#8221;margin-xs-30t&#8221; mobile_mb=&#8221;margin-xs-10b&#8221; el_class=&#8221;xb-header&#8221;][vc_column css=&#8221;.vc_custom_1736863644773{padding-top: 0px !important;}&#8221;][wiso_headings style=&#8221;text_center&#8221; title=&#8221;Domaine de Guillemin&#8221; subtitle=&#8221;Un reportage photos au&#8221;][\/vc_column][\/vc_row][vc_row full_width=&#8221;stretch_row_content_no_spaces&#8221;][vc_column][banner_slider type_slider=&#8221;myro&#8221;][banner_slider_items option_style=&#8221;myro&#8221; subtitle=&#8221;Domaine de Guillemin&#8221; title=&#8221;Loriane &#038; Yohan&#8221; btn_style=&#8221;a-btn-4&#8243; image=&#8221;14130&#8243; button=&#8221;url:%2Fmariage-domaine-guillemin-loriane-yohan%2F|title:D%C3%A9couvrir&#8221;][\/banner_slider][\/vc_column][\/vc_row][vc_row desctop_mt=&#8221;margin-lg-50t&#8221; desctop_mb=&#8221;margin-lg-40b&#8221; desctop_md_mt=&#8221;margin-md-50t&#8221; desctop_md_mb=&#8221;margin-md-40b&#8221; tablets_mt=&#8221;margin-sm-50t&#8221; tablets_mb=&#8221;margin-sm-30b&#8221; mobile_mt=&#8221;margin-xs-40t&#8221; mobile_mb=&#8221;margin-xs-30b&#8221; el_class=&#8221;xb-header&#8221;][vc_column][wiso_headings style=&#8221;text_center&#8221; title=&#8221;Contactez-moi&#8221;][vc_column_text el_class=&#8221;.me&#8221;]<\/p>\n<p style=\"text-align: center;\">Vous aimez mon travail et vous pensez que je peux \u00eatre votre <strong>photographe<\/strong> ? Besoin de plus d&#8217;informations ou d&#8217;un devis personnalis\u00e9 ? Contactez-moi via ce formulaire, je vous r\u00e9pondrai rapidement !<\/p>\n<p>[\/vc_column_text][\/vc_column][\/vc_row][vc_row desctop_mb=&#8221;margin-lg-30b&#8221; desctop_md_mb=&#8221;margin-md-30b&#8221; tablets_mb=&#8221;margin-sm-20b&#8221; mobile_mb=&#8221;margin-xs-20b&#8221;][vc_column el_class=&#8221;contact-form-mariage&#8221;]<div role=\"form\" class=\"wpcf7\" id=\"wpcf7-f5982-o1\" lang=\"en\" dir=\"ltr\">\n<div class=\"screen-reader-response\"><p role=\"status\" aria-live=\"polite\" aria-atomic=\"true\"><\/p> <ul><\/ul><\/div>\n<form action=\"\/en\/wp-json\/wp\/v2\/pages\/9548#wpcf7-f5982-o1\" method=\"post\" class=\"wpcf7-form init\" novalidate=\"novalidate\" data-status=\"init\">\n<div style=\"display: none;\">\n<input type=\"hidden\" name=\"_wpcf7\" value=\"5982\" \/>\n<input type=\"hidden\" name=\"_wpcf7_version\" value=\"5.4.1\" \/>\n<input type=\"hidden\" name=\"_wpcf7_locale\" value=\"en\" \/>\n<input type=\"hidden\" name=\"_wpcf7_unit_tag\" value=\"wpcf7-f5982-o1\" \/>\n<input type=\"hidden\" name=\"_wpcf7_container_post\" value=\"0\" \/>\n<input type=\"hidden\" name=\"_wpcf7_posted_data_hash\" value=\"\" \/>\n<input type=\"hidden\" name=\"lang\" value=\"en\" \/>\n<\/div>\n<p><label> Lastname *<br \/>\n    <span class=\"wpcf7-form-control-wrap your-name\"><input type=\"text\" name=\"your-name\" value=\"\" size=\"40\" class=\"wpcf7-form-control wpcf7-text wpcf7-validates-as-required\" aria-required=\"true\" aria-invalid=\"false\" \/><\/span> <\/label><\/p>\n<p><label> Firstname *<br \/>\n    <span class=\"wpcf7-form-control-wrap your-firstname\"><input type=\"text\" name=\"your-firstname\" value=\"\" size=\"40\" class=\"wpcf7-form-control wpcf7-text wpcf7-validates-as-required\" aria-required=\"true\" aria-invalid=\"false\" \/><\/span> <\/label><\/p>\n<p><label> Email *<br \/>\n    <span class=\"wpcf7-form-control-wrap your-email\"><input type=\"email\" name=\"your-email\" value=\"\" size=\"40\" class=\"wpcf7-form-control wpcf7-text wpcf7-email wpcf7-validates-as-required wpcf7-validates-as-email\" aria-required=\"true\" aria-invalid=\"false\" \/><\/span> <\/label><\/p>\n<p><label> Phone number *<br \/>\n    <span class=\"wpcf7-form-control-wrap your-phone\"><input type=\"tel\" name=\"your-phone\" value=\"\" size=\"40\" class=\"wpcf7-form-control wpcf7-text wpcf7-tel wpcf7-validates-as-required wpcf7-validates-as-tel\" aria-required=\"true\" aria-invalid=\"false\" \/><\/span> <\/label><\/p>\n<p><label> Your message *<br \/>\n    <span class=\"wpcf7-form-control-wrap your-message\"><textarea name=\"your-message\" cols=\"40\" rows=\"10\" class=\"wpcf7-form-control wpcf7-textarea wpcf7-validates-as-required\" aria-required=\"true\" aria-invalid=\"false\"><\/textarea><\/span> <\/label><br \/>\n<div id=\"cf7sr-69f2be149b101\" class=\"cf7sr-g-recaptcha\" data-theme=\"light\" data-type=\"image\" data-size=\"normal\" data-sitekey=\"6Lf0ZtYhAAAAAFckl5Aq4AEBi8EoLfMY-zzDwRwB\"><\/div><span class=\"wpcf7-form-control-wrap cf7sr-recaptcha\" data-name=\"cf7sr-recaptcha\"><input type=\"hidden\" name=\"cf7sr-recaptcha\" value=\"\" class=\"wpcf7-form-control\"><\/span><br \/>\n<input type=\"submit\" value=\"Send\" class=\"wpcf7-form-control wpcf7-submit\" \/><\/p>\n<p style=\"display: none !important;\" class=\"akismet-fields-container\" data-prefix=\"_wpcf7_ak_\"><label>&#916;<textarea name=\"_wpcf7_ak_hp_textarea\" cols=\"45\" rows=\"8\" maxlength=\"100\"><\/textarea><\/label><input type=\"hidden\" id=\"ak_js_1\" name=\"_wpcf7_ak_js\" value=\"245\"\/><script>document.getElementById( \"ak_js_1\" ).setAttribute( \"value\", ( new Date() ).getTime() );<\/script><\/p><div class=\"wpcf7-response-output\" aria-hidden=\"true\"><\/div><\/form><\/div>[\/vc_column][\/vc_row][vc_row full_width=&#8221;stretch_row&#8221; desctop_mt=&#8221;margin-lg-20t&#8221; desctop_md_mt=&#8221;margin-md-20t&#8221; tablets_mt=&#8221;margin-sm-20t&#8221; mobile_mt=&#8221;margin-xs-20t&#8221; css=&#8221;.vc_custom_1736937257690{background-image: url(\/wp-content\/uploads\/2025\/01\/Mariage-6.jpg?id=) !important;background-position: center !important;background-repeat: no-repeat !important;background-size: cover !important;}&#8221;][vc_column][wiso_testimonial autoplay=&#8221;5&#8243; loop=&#8221;true&#8221; color=&#8221;#ffffff&#8221;][wiso_testimonial_items author=&#8221;Olivia &#038; Corentin&#8221; position=&#8221;Mariage au Domaine de Valmont&#8221;]&#8221;Xavier a \u00e9t\u00e9 parfait ! Il nous a mit \u00e0 l\u2019aise, il nous a guid\u00e9 mais sans faire des poses fig\u00e9es, il a prit des moments de vie et \u00e7a c\u2019est vraiment pr\u00e9cieux. Nous sommes plus que combl\u00e9s des photos de notre mariage, on les regarde en boucle et elles nous font vraiment revivre ce moment. Tous nos invit\u00e9s aussi ont \u00e9t\u00e9 ravis des photos ! Merci encore mille fois Xavier !&#8221;[\/wiso_testimonial_items][wiso_testimonial_items author=&#8221;Jazmine &#038; Lambert&#8221; position=&#8221;Mariage au Ch\u00e2teau de Garde&#8221;]&#8221;Xavier was our photographer for our wedding in France at Chateau De garde. He\u2019s truly an amazing person to work with. Xavier\u2019s eye for certain shots was amazing. We loved our photos. For the wedding he came for both our events and took fabulous shots ! Talk about amazing ! I would highly recommend Xavier to anyone looking for a skilled photographer in the area. Merciiiii Xavier !!&#8221;[\/wiso_testimonial_items][wiso_testimonial_items author=&#8221;Sol\u00e8ne &#038; Marc&#8221; position=&#8221;Mariage \u00e0 la Maison Welcome&#8221;]&#8221;Nous sommes plus que ravis d\u2019avoir choisi Xavier pour notre mariage. Il a su capturer ces moments si pr\u00e9cieux de la meilleure des fa\u00e7ons. Communication fluide, toujours \u00e0 l\u2019\u00e9coute, il a contribu\u00e9 \u00e0 la r\u00e9ussite de cette journ\u00e9e.<br \/>\nMille merci !&#8221;[\/wiso_testimonial_items][wiso_testimonial_items author=&#8221;Charlotte &#038; Mathieu&#8221; position=&#8221;Mariage au Ch\u00e2teau Mader&#8221;]&#8221;Tr\u00e8s professionnel et sympathique, Xavier r\u00e9alise un travail de qualit\u00e9. Il sait mettre \u00e0 l&#8217;aise durant les s\u00e9ances, il est toujours \u00e0 la recherche du meilleur plan et il s&#8217;adapte aux envies de chacun. Nous avons fait appel \u00e0 lui pour notre mariage et nous sommes enti\u00e8rement satisfaits du rendu final des photos. Nous le recommandons et nous avons h\u00e2te de le retrouver pour immortaliser d&#8217;autres moments.&#8221;[\/wiso_testimonial_items][\/wiso_testimonial][\/vc_column][\/vc_row]<\/p>\n","protected":false},"excerpt":{"rendered":"<p>[vc_row full_width=&#8221;stretch_row_content_no_spaces&#8221;][vc_column][wiso_banner style_banner=&#8221;simple&#8221; height=&#8221;full&#8221; style=&#8221;center_content&#8221; overlay=&#8221;yes&#8221; title=&#8221;Domaine de Guillemin&#8221; image=&#8221;9130&#8243; subtitle=&#8221;Votre mariage au&#8221;][\/vc_column][\/vc_row][vc_row full_width=&#8221;stretch_row&#8221; el_class=&#8221;xb-header&#8221; css=&#8221;.vc_custom_1737213692236{background-color: #fdf9f6 !important;}&#8221;][vc_column][wiso_headings style=&#8221;text_center&#8221; title=&#8221;Lieu unique&#8221; subtitle=&#8221;Les atouts de ce&#8221;][\/vc_column][\/vc_row][vc_row full_width=&#8221;stretch_row&#8221; gap=&#8221;35&#8243; equal_height=&#8221;yes&#8221; content_placement=&#8221;top&#8221; el_class=&#8221;xb mod-number mod-left&#8221; css=&#8221;.vc_custom_1736865173473{background-color: #fdf9f6 !important;}&#8221;][vc_column width=&#8221;1\/2&#8243; css=&#8221;.vc_custom_1736691497929{padding-top: 20px !important;}&#8221;][vc_column_text el_class=&#8221;underlined-header&#8221;]Le lieu[\/vc_column_text][vc_single_image image=&#8221;9134&#8243; img_size=&#8221;full&#8221;][vc_separator align=&#8221;align_left&#8221; el_width=&#8221;30&#8243; css=&#8221;.vc_custom_1736594237003{padding-top: 40px !important;padding-bottom: 30px !important;}&#8221;][vc_column_text css=&#8221;.vc_custom_1737314017703{margin-bottom: 20px !important;}&#8221;]Le Domaine de &#8230;<\/p>\n","protected":false},"author":1,"featured_media":0,"parent":0,"menu_order":0,"comment_status":"closed","ping_status":"closed","template":"","meta":{"footnotes":""},"_links":{"self":[{"href":"https:\/\/www.xavierbellenger.com\/en\/wp-json\/wp\/v2\/pages\/9548"}],"collection":[{"href":"https:\/\/www.xavierbellenger.com\/en\/wp-json\/wp\/v2\/pages"}],"about":[{"href":"https:\/\/www.xavierbellenger.com\/en\/wp-json\/wp\/v2\/types\/page"}],"author":[{"embeddable":true,"href":"https:\/\/www.xavierbellenger.com\/en\/wp-json\/wp\/v2\/users\/1"}],"replies":[{"embeddable":true,"href":"https:\/\/www.xavierbellenger.com\/en\/wp-json\/wp\/v2\/comments?post=9548"}],"version-history":[{"count":8,"href":"https:\/\/www.xavierbellenger.com\/en\/wp-json\/wp\/v2\/pages\/9548\/revisions"}],"predecessor-version":[{"id":17883,"href":"https:\/\/www.xavierbellenger.com\/en\/wp-json\/wp\/v2\/pages\/9548\/revisions\/17883"}],"wp:attachment":[{"href":"https:\/\/www.xavierbellenger.com\/en\/wp-json\/wp\/v2\/media?parent=9548"}],"curies":[{"name":"wp","href":"https:\/\/api.w.org\/{rel}","templated":true}]}}